{"id":12326,"date":"2012-05-24T12:59:24","date_gmt":"2012-05-24T10:59:24","guid":{"rendered":"https:\/\/test.guerini.it\/?product=la-solidarieta-organizzativa"},"modified":"2024-06-12T14:38:09","modified_gmt":"2024-06-12T12:38:09","slug":"la-solidarieta-organizzativa","status":"publish","type":"product","link":"https:\/\/www.guerini.it\/index.php\/prodotto\/la-solidarieta-organizzativa\/","title":{"rendered":"La solidariet\u00e0 organizzativa"},"content":{"rendered":"<p style=\"text-align: justify;\">In un mondo globalizzato, sempre pi\u00f9 complesso e interconnesso, le organizzazioni odierne devono affrontare molte sfide, alcune delineatesi gradualmente nel corso degli anni, altre totalmente impreviste. Il libero mercato, l\u2019inasprirsi della concorrenza e, non da ultimo, l\u2019esplosione improvvisa della pandemia hanno contribuito a scoperchiare stati di fragilit\u00e0, ansie diffuse, nuovi bisogni all\u2019interno delle strutture di gestione che rischiano di rimanere inascoltati. Ma come conciliare in modo armonico gli obiettivi delle organizzazioni, a cui sono richiesti sforzi sempre maggior per rimanere performative, e quelli personali dei singoli collaboratori? La solidariet\u00e0 organizzativa si fonda sull\u2019ipotesi di una sostenibilit\u00e0 degli obiettivi e di un territorio di incontro e convivenza degli attori organizzativi, in cui non siamo condannati al moltiplicarsi confuso di punti di vista divergenti, ma invitati a ricercare la coesione dell\u2019esperienza in una nuova intersoggettivit\u00e0.<br \/>\nUscito per la prima volta nel 1993, <em>La solidariet\u00e0 organizzativa<\/em> \u00e8 un riferimento rilevante nella costruzione della cultura manageriale del nostro Paese. Questa nuova edizione \u2013 aggiornata con una prefazione scritta per l\u2019occasione \u2013 ripropone, a beneficio di tutti ma in particolare delle nuove generazioni, i temi della convivenza sociale e solidale nell\u2019ambito dei sistemi umani complessi, che la pandemia ha avuto il ruolo, per una volta positivo, di richiamare dai loro percorsi carsici.<\/p>\n<hr \/>\n<p style=\"text-align: justify;\"><strong>Giuseppe Varchetta<\/strong>, psicologo dell\u2019organizzazione di formazione psico-socioanalitica, socio fondatore e past president di Ariele, dopo una lunga esperienza aziendale nelle aree della Gestione e sviluppo delle risorse umane, \u00e8 stato professore a contratto presso l\u2019Universit\u00e0 Statale Bicocca di Milano, dove ora collabora come cultore della materia. Con Guerini e Associati, ha pubblicato tra l\u2019altro: <a href=\"https:\/\/www.guerini.it\/index.php\/prodotto\/ascoltando-primo-levi\/\"><em>Ascoltando Primo Levi<\/em><\/a> (1987, 1997, 2011), <a href=\"https:\/\/www.guerini.it\/index.php\/prodotto\/emergenze-organizzative\/\"><em>Emergenze organizzative<\/em><\/a> (1997), <a href=\"https:\/\/www.guerini.it\/index.php\/prodotto\/la-solidarieta-organizzativa\/\"><em>Il management dell\u2019unicit\u00e0<\/em><\/a> (con Telmo Pievani, 1999), <a href=\"https:\/\/www.guerini.it\/index.php\/prodotto\/liste\/\"><em>Liste. Storie dall\u2019organizzazione<\/em><\/a> (2005), <a href=\"https:\/\/www.guerini.it\/index.php\/prodotto\/l-ambiguita-organizzativa\/\"><em>L\u2019ambiguit\u00e0 organizzativa<\/em><\/a> (2009), <a href=\"https:\/\/www.guerini.it\/index.php\/prodotto\/trame-di-bellezza\/\"><em>Trame di bellezza<\/em><\/a> (2011), <a href=\"https:\/\/www.guerini.it\/index.php\/prodotto\/la-formazione-tra-realta-e-possibilita\/\"><em>La formazione tra realt\u00e0 e possibilit\u00e0<\/em><\/a> (con Gianluca Cepollaro, 2014) e, con Dario Forti e Franco Natili, <a href=\"https:\/\/www.guerini.it\/index.php\/prodotto\/il-soggetto-incompiuto\/\"><em>Il soggetto incompiuto<\/em><\/a> (2018).<\/p>\n","protected":false},"excerpt":{"rendered":"<p>Una nuova vivibilit\u00e0 degli obiettivi all\u2019interno delle organizzazioni \u00e8 possibile. Possibile \u00e8 configurare un territorio nuovo, in cui non si \u00e8 condannati a un ineluttabile e confuso moltiplicarsi di punti di vista. L\u2019invito \u00e8 a ricercare la coesione dell\u2019esperienza generando una nuova intersoggettivit\u00e0 degli attori organizzativi.<\/p>\n<p>FUORI CATALOGO<\/p>\n","protected":false},"featured_media":23638,"template":"","meta":{"_editorskit_title_hidden":false,"_editorskit_reading_time":0,"_editorskit_is_block_options_detached":false,"_editorskit_block_options_position":"{}","_monsterinsights_skip_tracking":false,"_monsterinsights_sitenote_active":false,"_monsterinsights_sitenote_note":"","_monsterinsights_sitenote_category":0},"product_brand":[],"product_cat":[6805,6601,6529],"product_tag":[],"class_list":{"0":"post-12326","1":"product","2":"type-product","3":"status-publish","4":"has-post-thumbnail","6":"product_cat-guerini-next","7":"product_cat-la","8":"product_cat-economia-e-management","9":"pa_guerini_amazon_link-https-www-amazon-it-solidariet-organizzativa-giuseppe-varchetta-dp-8868963523","10":"pa_guerini_feltrinelli_link-https-www-lafeltrinelli-it-solidarieta-organizzativa-nuova-ediz-libro-giuseppe-varchetta-e-9788868963521","11":"pa_guerini_ibs_link-https-tidd-ly-3ea45t3","12":"pa_guerini_libruniver_link-https-www-libreriauniversitaria-it-solidarieta-organizzativa-nuova-ediz-varchetta-libro-9788868963521","13":"pa_guerini_mondadori_link-https-www-mondadoristore-it-solidarieta-organizzativa-giuseppe-varchetta-eai978886896352","15":"first","16":"instock","17":"sale","18":"shipping-taxable","19":"purchasable","20":"product-type-simple"},"yoast_head":"<!-- This site is optimized with the Yoast SEO plugin v25.4 - https:\/\/yoast.com\/wordpress\/plugins\/seo\/ -->\n<title>La solidariet\u00e0 organizzativa - Guerini e Associati<\/title>\n<meta name=\"robots\" content=\"index, follow, max-snippet:-1, max-image-preview:large, max-video-preview:-1\" \/>\n<link rel=\"canonical\" href=\"https:\/\/www.guerini.it\/index.php\/prodotto\/la-solidarieta-organizzativa\/\" \/>\n<meta property=\"og:locale\" content=\"it_IT\" \/>\n<meta property=\"og:type\" content=\"article\" \/>\n<meta property=\"og:title\" content=\"La solidariet\u00e0 organizzativa - Guerini e Associati\" \/>\n<meta property=\"og:description\" content=\"Una nuova vivibilit\u00e0 degli obiettivi all\u2019interno delle organizzazioni \u00e8 possibile. Possibile \u00e8 configurare un territorio nuovo, in cui non si \u00e8 condannati a un ineluttabile e confuso moltiplicarsi di punti di vista. L\u2019invito \u00e8 a ricercare la coesione dell\u2019esperienza generando una nuova intersoggettivit\u00e0 degli attori organizzativi.  FUORI CATALOGO\" \/>\n<meta property=\"og:url\" content=\"https:\/\/www.guerini.it\/index.php\/prodotto\/la-solidarieta-organizzativa\/\" \/>\n<meta property=\"og:site_name\" content=\"Guerini e Associati\" \/>\n<meta property=\"article:modified_time\" content=\"2024-06-12T12:38:09+00:00\" \/>\n<meta property=\"og:image\" content=\"https:\/\/www.guerini.it\/wp-content\/uploads\/2012\/05\/La-solidarieta-organizzativa.webp\" \/>\n\t<meta property=\"og:image:width\" content=\"643\" \/>\n\t<meta property=\"og:image:height\" content=\"1000\" \/>\n\t<meta property=\"og:image:type\" content=\"image\/webp\" \/>\n<meta name=\"twitter:card\" content=\"summary_large_image\" \/>\n<meta name=\"twitter:label1\" content=\"Tempo di lettura stimato\" \/>\n\t<meta name=\"twitter:data1\" content=\"2 minuti\" \/>\n<!-- \/ Yoast SEO plugin. -->","yoast_head_json":{"title":"La solidariet\u00e0 organizzativa - Guerini e Associati","robots":{"index":"index","follow":"follow","max-snippet":"max-snippet:-1","max-image-preview":"max-image-preview:large","max-video-preview":"max-video-preview:-1"},"canonical":"https:\/\/www.guerini.it\/index.php\/prodotto\/la-solidarieta-organizzativa\/","og_locale":"it_IT","og_type":"article","og_title":"La solidariet\u00e0 organizzativa - Guerini e Associati","og_description":"Una nuova vivibilit\u00e0 degli obiettivi all\u2019interno delle organizzazioni \u00e8 possibile. Possibile \u00e8 configurare un territorio nuovo, in cui non si \u00e8 condannati a un ineluttabile e confuso moltiplicarsi di punti di vista. L\u2019invito \u00e8 a ricercare la coesione dell\u2019esperienza generando una nuova intersoggettivit\u00e0 degli attori organizzativi.  FUORI CATALOGO","og_url":"https:\/\/www.guerini.it\/index.php\/prodotto\/la-solidarieta-organizzativa\/","og_site_name":"Guerini e Associati","article_modified_time":"2024-06-12T12:38:09+00:00","og_image":[{"width":643,"height":1000,"url":"https:\/\/www.guerini.it\/wp-content\/uploads\/2012\/05\/La-solidarieta-organizzativa.webp","type":"image\/webp"}],"twitter_card":"summary_large_image","twitter_misc":{"Tempo di lettura stimato":"2 minuti"},"schema":{"@context":"https:\/\/schema.org","@graph":[{"@type":"WebPage","@id":"https:\/\/www.guerini.it\/index.php\/prodotto\/la-solidarieta-organizzativa\/","url":"https:\/\/www.guerini.it\/index.php\/prodotto\/la-solidarieta-organizzativa\/","name":"La solidariet\u00e0 organizzativa - Guerini e Associati","isPartOf":{"@id":"https:\/\/www.guerini.it\/#website"},"primaryImageOfPage":{"@id":"https:\/\/www.guerini.it\/index.php\/prodotto\/la-solidarieta-organizzativa\/#primaryimage"},"image":{"@id":"https:\/\/www.guerini.it\/index.php\/prodotto\/la-solidarieta-organizzativa\/#primaryimage"},"thumbnailUrl":"https:\/\/www.guerini.it\/wp-content\/uploads\/2012\/05\/La-solidarieta-organizzativa.webp","datePublished":"2012-05-24T10:59:24+00:00","dateModified":"2024-06-12T12:38:09+00:00","breadcrumb":{"@id":"https:\/\/www.guerini.it\/index.php\/prodotto\/la-solidarieta-organizzativa\/#breadcrumb"},"inLanguage":"it-IT","potentialAction":[{"@type":"ReadAction","target":["https:\/\/www.guerini.it\/index.php\/prodotto\/la-solidarieta-organizzativa\/"]}]},{"@type":"ImageObject","inLanguage":"it-IT","@id":"https:\/\/www.guerini.it\/index.php\/prodotto\/la-solidarieta-organizzativa\/#primaryimage","url":"https:\/\/www.guerini.it\/wp-content\/uploads\/2012\/05\/La-solidarieta-organizzativa.webp","contentUrl":"https:\/\/www.guerini.it\/wp-content\/uploads\/2012\/05\/La-solidarieta-organizzativa.webp","width":643,"height":1000,"caption":"Copertina del volume La solidariet\u00e0 organizzativa, Guerini Next, 2021"},{"@type":"BreadcrumbList","@id":"https:\/\/www.guerini.it\/index.php\/prodotto\/la-solidarieta-organizzativa\/#breadcrumb","itemListElement":[{"@type":"ListItem","position":1,"name":"Home","item":"https:\/\/www.guerini.it\/"},{"@type":"ListItem","position":2,"name":"Catalogo","item":"https:\/\/www.guerini.it\/index.php\/negozio\/"},{"@type":"ListItem","position":3,"name":"La solidariet\u00e0 organizzativa"}]},{"@type":"WebSite","@id":"https:\/\/www.guerini.it\/#website","url":"https:\/\/www.guerini.it\/","name":"Guerini e Associati","description":"30 anni di libri, idee e libert\u00e0","publisher":{"@id":"https:\/\/www.guerini.it\/#organization"},"potentialAction":[{"@type":"SearchAction","target":{"@type":"EntryPoint","urlTemplate":"https:\/\/www.guerini.it\/?s={search_term_string}"},"query-input":{"@type":"PropertyValueSpecification","valueRequired":true,"valueName":"search_term_string"}}],"inLanguage":"it-IT"},{"@type":"Organization","@id":"https:\/\/www.guerini.it\/#organization","name":"Guerini e Associati","url":"https:\/\/www.guerini.it\/","logo":{"@type":"ImageObject","inLanguage":"it-IT","@id":"https:\/\/www.guerini.it\/#\/schema\/logo\/image\/","url":"https:\/\/www.guerini.it\/wp-content\/uploads\/2021\/03\/Logo-Guerini-OK_-e1615831292285.png","contentUrl":"https:\/\/www.guerini.it\/wp-content\/uploads\/2021\/03\/Logo-Guerini-OK_-e1615831292285.png","width":2805,"height":1870,"caption":"Guerini e Associati"},"image":{"@id":"https:\/\/www.guerini.it\/#\/schema\/logo\/image\/"}}]}},"_links":{"self":[{"href":"https:\/\/www.guerini.it\/index.php\/wp-json\/wp\/v2\/product\/12326","targetHints":{"allow":["GET"]}}],"collection":[{"href":"https:\/\/www.guerini.it\/index.php\/wp-json\/wp\/v2\/product"}],"about":[{"href":"https:\/\/www.guerini.it\/index.php\/wp-json\/wp\/v2\/types\/product"}],"wp:featuredmedia":[{"embeddable":true,"href":"https:\/\/www.guerini.it\/index.php\/wp-json\/wp\/v2\/media\/23638"}],"wp:attachment":[{"href":"https:\/\/www.guerini.it\/index.php\/wp-json\/wp\/v2\/media?parent=12326"}],"wp:term":[{"taxonomy":"product_brand","embeddable":true,"href":"https:\/\/www.guerini.it\/index.php\/wp-json\/wp\/v2\/product_brand?post=12326"},{"taxonomy":"product_cat","embeddable":true,"href":"https:\/\/www.guerini.it\/index.php\/wp-json\/wp\/v2\/product_cat?post=12326"},{"taxonomy":"product_tag","embeddable":true,"href":"https:\/\/www.guerini.it\/index.php\/wp-json\/wp\/v2\/product_tag?post=12326"}],"curies":[{"name":"wp","href":"https:\/\/api.w.org\/{rel}","templated":true}]}}