{"id":13010,"date":"2012-05-24T12:59:45","date_gmt":"2012-05-24T10:59:45","guid":{"rendered":"https:\/\/test.guerini.it\/?product=storia-degli-armeni"},"modified":"2025-10-06T12:56:43","modified_gmt":"2025-10-06T10:56:43","slug":"storia-degli-armeni","status":"publish","type":"product","link":"https:\/\/www.guerini.it\/index.php\/prodotto\/storia-degli-armeni\/","title":{"rendered":"Storia degli armeni"},"content":{"rendered":"<p style=\"text-align: justify;\">\u00abUn antico paese dal cuore nuovo\u00bb era l\u2019Armenia per Pablo Neruda, \u00abTerra delle pietre urlanti\u00bb per Osip Mandel&#8217;stam, \u00abponte lanciato tra l&#8217;Oriente e l&#8217;Occidente\u00bb per Giancarlo Bolognesi. Gli Armeni rappresentano, nella loro polimorfa storia, uno dei casi pi\u00f9 straordinari per la pluralit\u00e0 di esperienze attraversate. Conosciuti per la loro diffusione a livello di ecumene, fin dai tempi pi\u00f9 antichi, in innumerevoli colonie e diaspore, svilupparono regni e principati di notevole durata, arrivando a costruire un sia pur effimero impero e, fenomeno molto raro, un fiorente regno in terra di emigrazione, la Cilicia. Popolo fortemente aggrappato alle lettere, gli Armeni non persero mai il senso viscerale dell&#8217;oralit\u00e0 e degli elementi pi\u00f9 arcaici e ctonici nel modulare la propria cultura; dotati di un innato senso della mercanzia e del pragma, diedero prova di un&#8217;adesione granitica agli ideali di vita che considerarono inalienabili e irrinunciabili; travolti dalla voragine della catastrofe genocidaria, si ricomposero in forme di vita nuove senza rompere con le proprie radici. Un&#8217;esperienza di storia cosi multiforme pu\u00f2 senza dubbio offrire anche spunti di riflessione e modelli di meditazione per tanti altri popoli. La stesura dei singoli capitoli \u00e8 stata affidata ai pi\u00f9 insigni storici mondiali, esperti dell&#8217;argomento.<\/p>\n","protected":false},"excerpt":{"rendered":"<p>\u00abUn antico paese dal cuore nuovo\u00bb era l\u2019Armenia per Pablo Neruda, \u00abTerra delle pietre urlanti\u00bb veniva chiamata da Mandelstam. Avvolta da un fascino misterioso, l\u2019Armenia ha una storia culturale cos\u00ec multiforme, unica e travagliata da poter offrire spunti<\/p>\n<p>&nbsp;<\/p>\n<p>&nbsp;<\/p>\n","protected":false},"featured_media":22061,"template":"","meta":{"_editorskit_title_hidden":false,"_editorskit_reading_time":0,"_editorskit_is_block_options_detached":false,"_editorskit_block_options_position":"{}","_monsterinsights_skip_tracking":false,"_monsterinsights_sitenote_active":false,"_monsterinsights_sitenote_note":"","_monsterinsights_sitenote_category":0},"product_brand":[],"product_cat":[6561,6539],"product_tag":[8502,8077,7050],"class_list":{"0":"post-13010","1":"product","2":"type-product","3":"status-publish","4":"has-post-thumbnail","6":"product_cat-ca","7":"product_cat-storia-e-geografia","8":"product_tag-armenia","9":"product_tag-genocidio-armeno","10":"product_tag-storia","11":"pa_fulfillment-default","12":"pa_guerini_amazon_link-https-www-amazon-it-storia-degli-armeni-g-ddyan-dp-8883352815","13":"pa_guerini_feltrinelli_link-https-www-lafeltrinelli-it-storia-degli-armeni-libro-vari-e-9788883352812","14":"pa_guerini_ibs_link-https-www-ibs-it-storia-degli-armeni-libro-vari-e-9788883352812","15":"pa_guerini_libruniver_link-https-www-libreriauniversitaria-it-storia-armeni-guerini-associati-libro-9788883352812","16":"pa_guerini_mondadori_link-https-www-mondadoristore-it-storia-degli-armeni-na-eai978888335281","18":"first","19":"instock","20":"sale","21":"shipping-taxable","22":"purchasable","23":"product-type-simple"},"yoast_head":"<!-- This site is optimized with the Yoast SEO plugin v25.4 - https:\/\/yoast.com\/wordpress\/plugins\/seo\/ -->\n<title>Storia degli armeni - Guerini e Associati<\/title>\n<meta name=\"robots\" content=\"index, follow, max-snippet:-1, max-image-preview:large, max-video-preview:-1\" \/>\n<link rel=\"canonical\" href=\"https:\/\/www.guerini.it\/index.php\/prodotto\/storia-degli-armeni\/\" \/>\n<meta property=\"og:locale\" content=\"it_IT\" \/>\n<meta property=\"og:type\" content=\"article\" \/>\n<meta property=\"og:title\" content=\"Storia degli armeni - Guerini e Associati\" \/>\n<meta property=\"og:description\" content=\"\u00abUn antico paese dal cuore nuovo\u00bb era l\u2019Armenia per Pablo Neruda, \u00abTerra delle pietre urlanti\u00bb veniva chiamata da Mandelstam. Avvolta da un fascino misterioso, l\u2019Armenia ha una storia culturale cos\u00ec multiforme, unica e travagliata da poter offrire spunti  &nbsp;  &nbsp;\" \/>\n<meta property=\"og:url\" content=\"https:\/\/www.guerini.it\/index.php\/prodotto\/storia-degli-armeni\/\" \/>\n<meta property=\"og:site_name\" content=\"Guerini e Associati\" \/>\n<meta property=\"article:modified_time\" content=\"2025-10-06T10:56:43+00:00\" \/>\n<meta property=\"og:image\" content=\"https:\/\/www.guerini.it\/wp-content\/uploads\/2012\/05\/Storia-degli-Armeni-e1627656868928.jpg\" \/>\n\t<meta property=\"og:image:width\" content=\"250\" \/>\n\t<meta property=\"og:image:height\" content=\"350\" \/>\n\t<meta property=\"og:image:type\" content=\"image\/jpeg\" \/>\n<meta name=\"twitter:card\" content=\"summary_large_image\" \/>\n<meta name=\"twitter:label1\" content=\"Tempo di lettura stimato\" \/>\n\t<meta name=\"twitter:data1\" content=\"2 minuti\" \/>\n<!-- \/ Yoast SEO plugin. -->","yoast_head_json":{"title":"Storia degli armeni - Guerini e Associati","robots":{"index":"index","follow":"follow","max-snippet":"max-snippet:-1","max-image-preview":"max-image-preview:large","max-video-preview":"max-video-preview:-1"},"canonical":"https:\/\/www.guerini.it\/index.php\/prodotto\/storia-degli-armeni\/","og_locale":"it_IT","og_type":"article","og_title":"Storia degli armeni - Guerini e Associati","og_description":"\u00abUn antico paese dal cuore nuovo\u00bb era l\u2019Armenia per Pablo Neruda, \u00abTerra delle pietre urlanti\u00bb veniva chiamata da Mandelstam. Avvolta da un fascino misterioso, l\u2019Armenia ha una storia culturale cos\u00ec multiforme, unica e travagliata da poter offrire spunti  &nbsp;  &nbsp;","og_url":"https:\/\/www.guerini.it\/index.php\/prodotto\/storia-degli-armeni\/","og_site_name":"Guerini e Associati","article_modified_time":"2025-10-06T10:56:43+00:00","og_image":[{"width":250,"height":350,"url":"https:\/\/www.guerini.it\/wp-content\/uploads\/2012\/05\/Storia-degli-Armeni-e1627656868928.jpg","type":"image\/jpeg"}],"twitter_card":"summary_large_image","twitter_misc":{"Tempo di lettura stimato":"2 minuti"},"schema":{"@context":"https:\/\/schema.org","@graph":[{"@type":"WebPage","@id":"https:\/\/www.guerini.it\/index.php\/prodotto\/storia-degli-armeni\/","url":"https:\/\/www.guerini.it\/index.php\/prodotto\/storia-degli-armeni\/","name":"Storia degli armeni - Guerini e Associati","isPartOf":{"@id":"https:\/\/www.guerini.it\/#website"},"primaryImageOfPage":{"@id":"https:\/\/www.guerini.it\/index.php\/prodotto\/storia-degli-armeni\/#primaryimage"},"image":{"@id":"https:\/\/www.guerini.it\/index.php\/prodotto\/storia-degli-armeni\/#primaryimage"},"thumbnailUrl":"https:\/\/www.guerini.it\/wp-content\/uploads\/2012\/05\/Storia-degli-Armeni-e1627656868928.jpg","datePublished":"2012-05-24T10:59:45+00:00","dateModified":"2025-10-06T10:56:43+00:00","breadcrumb":{"@id":"https:\/\/www.guerini.it\/index.php\/prodotto\/storia-degli-armeni\/#breadcrumb"},"inLanguage":"it-IT","potentialAction":[{"@type":"ReadAction","target":["https:\/\/www.guerini.it\/index.php\/prodotto\/storia-degli-armeni\/"]}]},{"@type":"ImageObject","inLanguage":"it-IT","@id":"https:\/\/www.guerini.it\/index.php\/prodotto\/storia-degli-armeni\/#primaryimage","url":"https:\/\/www.guerini.it\/wp-content\/uploads\/2012\/05\/Storia-degli-Armeni-e1627656868928.jpg","contentUrl":"https:\/\/www.guerini.it\/wp-content\/uploads\/2012\/05\/Storia-degli-Armeni-e1627656868928.jpg","width":250,"height":350,"caption":"Copertina del libro Storia degli Armeni"},{"@type":"BreadcrumbList","@id":"https:\/\/www.guerini.it\/index.php\/prodotto\/storia-degli-armeni\/#breadcrumb","itemListElement":[{"@type":"ListItem","position":1,"name":"Home","item":"https:\/\/www.guerini.it\/"},{"@type":"ListItem","position":2,"name":"Catalogo","item":"https:\/\/www.guerini.it\/index.php\/negozio\/"},{"@type":"ListItem","position":3,"name":"Storia degli armeni"}]},{"@type":"WebSite","@id":"https:\/\/www.guerini.it\/#website","url":"https:\/\/www.guerini.it\/","name":"Guerini e Associati","description":"30 anni di libri, idee e libert\u00e0","publisher":{"@id":"https:\/\/www.guerini.it\/#organization"},"potentialAction":[{"@type":"SearchAction","target":{"@type":"EntryPoint","urlTemplate":"https:\/\/www.guerini.it\/?s={search_term_string}"},"query-input":{"@type":"PropertyValueSpecification","valueRequired":true,"valueName":"search_term_string"}}],"inLanguage":"it-IT"},{"@type":"Organization","@id":"https:\/\/www.guerini.it\/#organization","name":"Guerini e Associati","url":"https:\/\/www.guerini.it\/","logo":{"@type":"ImageObject","inLanguage":"it-IT","@id":"https:\/\/www.guerini.it\/#\/schema\/logo\/image\/","url":"https:\/\/www.guerini.it\/wp-content\/uploads\/2021\/03\/Logo-Guerini-OK_-e1615831292285.png","contentUrl":"https:\/\/www.guerini.it\/wp-content\/uploads\/2021\/03\/Logo-Guerini-OK_-e1615831292285.png","width":2805,"height":1870,"caption":"Guerini e Associati"},"image":{"@id":"https:\/\/www.guerini.it\/#\/schema\/logo\/image\/"}}]}},"_links":{"self":[{"href":"https:\/\/www.guerini.it\/index.php\/wp-json\/wp\/v2\/product\/13010","targetHints":{"allow":["GET"]}}],"collection":[{"href":"https:\/\/www.guerini.it\/index.php\/wp-json\/wp\/v2\/product"}],"about":[{"href":"https:\/\/www.guerini.it\/index.php\/wp-json\/wp\/v2\/types\/product"}],"wp:featuredmedia":[{"embeddable":true,"href":"https:\/\/www.guerini.it\/index.php\/wp-json\/wp\/v2\/media\/22061"}],"wp:attachment":[{"href":"https:\/\/www.guerini.it\/index.php\/wp-json\/wp\/v2\/media?parent=13010"}],"wp:term":[{"taxonomy":"product_brand","embeddable":true,"href":"https:\/\/www.guerini.it\/index.php\/wp-json\/wp\/v2\/product_brand?post=13010"},{"taxonomy":"product_cat","embeddable":true,"href":"https:\/\/www.guerini.it\/index.php\/wp-json\/wp\/v2\/product_cat?post=13010"},{"taxonomy":"product_tag","embeddable":true,"href":"https:\/\/www.guerini.it\/index.php\/wp-json\/wp\/v2\/product_tag?post=13010"}],"curies":[{"name":"wp","href":"https:\/\/api.w.org\/{rel}","templated":true}]}}