{"id":14034,"date":"2012-05-24T13:00:22","date_gmt":"2012-05-24T11:00:22","guid":{"rendered":"https:\/\/test.guerini.it\/?product=la-liberta-economica-nel-mondo-in-europa-in-italia"},"modified":"2024-06-12T14:34:49","modified_gmt":"2024-06-12T12:34:49","slug":"la-liberta-economica-nel-mondo-in-europa-in-italia","status":"publish","type":"product","link":"https:\/\/www.guerini.it\/index.php\/prodotto\/la-liberta-economica-nel-mondo-in-europa-in-italia\/","title":{"rendered":"La libert\u00e0 economica nel mondo, in Europa, in Italia"},"content":{"rendered":"<p>La libert\u00e0 non \u00e8 un dogma, ma un principio che deve essere costantemente reinterpretato, cos\u00ec come deve essere reinterpretata la libert\u00e0 \u00abeconomica\u00bb nei suoi rapporti con pi\u00f9 generali concetti di libert\u00e0, come la libert\u00e0 politica e i diritti umani.<\/p>\n","protected":false},"excerpt":{"rendered":"<p>La libert\u00e0 non \u00e8 un dogma, ma un principio che deve essere costantemente reinterpretato, cos\u00ec come deve essere reinterpretata la libert\u00e0 \u00abeconomica\u00bb nei suoi rapporti con pi\u00f9 generali concetti di libert\u00e0, come la libert\u00e0 politica e i diritti umani.<\/p>\n","protected":false},"featured_media":14033,"template":"","meta":{"_editorskit_title_hidden":false,"_editorskit_reading_time":0,"_editorskit_is_block_options_detached":false,"_editorskit_block_options_position":"{}","_monsterinsights_skip_tracking":false,"_monsterinsights_sitenote_active":false,"_monsterinsights_sitenote_note":"","_monsterinsights_sitenote_category":0},"product_brand":[],"product_cat":[6529,6680],"product_tag":[],"class_list":{"0":"post-14034","1":"product","2":"type-product","3":"status-publish","4":"has-post-thumbnail","6":"product_cat-economia-e-management","7":"product_cat-ce","8":"pa_country_of_manufacture-it","9":"pa_guerini_strillo-44-libertaeconomicaelibertapo","11":"first","12":"instock","13":"sale","14":"shipping-taxable","15":"purchasable","16":"product-type-simple"},"yoast_head":"<!-- This site is optimized with the Yoast SEO plugin v25.4 - https:\/\/yoast.com\/wordpress\/plugins\/seo\/ -->\n<title>La libert\u00e0 economica nel mondo, in Europa, in Italia - Guerini e Associati<\/title>\n<meta name=\"robots\" content=\"index, follow, max-snippet:-1, max-image-preview:large, max-video-preview:-1\" \/>\n<link rel=\"canonical\" href=\"https:\/\/www.guerini.it\/index.php\/prodotto\/la-liberta-economica-nel-mondo-in-europa-in-italia\/\" \/>\n<meta property=\"og:locale\" content=\"it_IT\" \/>\n<meta property=\"og:type\" content=\"article\" \/>\n<meta property=\"og:title\" content=\"La libert\u00e0 economica nel mondo, in Europa, in Italia - Guerini e Associati\" \/>\n<meta property=\"og:description\" content=\"La libert\u00e0 non \u00e8 un dogma, ma un principio che deve essere costantemente reinterpretato, cos\u00ec come deve essere reinterpretata la libert\u00e0 \u00abeconomica\u00bb nei suoi rapporti con pi\u00f9 generali concetti di libert\u00e0, come la libert\u00e0 politica e i diritti umani.\" \/>\n<meta property=\"og:url\" content=\"https:\/\/www.guerini.it\/index.php\/prodotto\/la-liberta-economica-nel-mondo-in-europa-in-italia\/\" \/>\n<meta property=\"og:site_name\" content=\"Guerini e Associati\" \/>\n<meta property=\"article:modified_time\" content=\"2024-06-12T12:34:49+00:00\" \/>\n<meta property=\"og:image\" content=\"https:\/\/www.guerini.it\/wp-content\/uploads\/2012\/05\/978-88-8335-881-4.jpg\" \/>\n\t<meta property=\"og:image:width\" content=\"120\" \/>\n\t<meta property=\"og:image:height\" content=\"184\" \/>\n\t<meta property=\"og:image:type\" content=\"image\/jpeg\" \/>\n<meta name=\"twitter:card\" content=\"summary_large_image\" \/>\n<!-- \/ Yoast SEO plugin. -->","yoast_head_json":{"title":"La libert\u00e0 economica nel mondo, in Europa, in Italia - Guerini e Associati","robots":{"index":"index","follow":"follow","max-snippet":"max-snippet:-1","max-image-preview":"max-image-preview:large","max-video-preview":"max-video-preview:-1"},"canonical":"https:\/\/www.guerini.it\/index.php\/prodotto\/la-liberta-economica-nel-mondo-in-europa-in-italia\/","og_locale":"it_IT","og_type":"article","og_title":"La libert\u00e0 economica nel mondo, in Europa, in Italia - Guerini e Associati","og_description":"La libert\u00e0 non \u00e8 un dogma, ma un principio che deve essere costantemente reinterpretato, cos\u00ec come deve essere reinterpretata la libert\u00e0 \u00abeconomica\u00bb nei suoi rapporti con pi\u00f9 generali concetti di libert\u00e0, come la libert\u00e0 politica e i diritti umani.","og_url":"https:\/\/www.guerini.it\/index.php\/prodotto\/la-liberta-economica-nel-mondo-in-europa-in-italia\/","og_site_name":"Guerini e Associati","article_modified_time":"2024-06-12T12:34:49+00:00","og_image":[{"width":120,"height":184,"url":"https:\/\/www.guerini.it\/wp-content\/uploads\/2012\/05\/978-88-8335-881-4.jpg","type":"image\/jpeg"}],"twitter_card":"summary_large_image","schema":{"@context":"https:\/\/schema.org","@graph":[{"@type":"WebPage","@id":"https:\/\/www.guerini.it\/index.php\/prodotto\/la-liberta-economica-nel-mondo-in-europa-in-italia\/","url":"https:\/\/www.guerini.it\/index.php\/prodotto\/la-liberta-economica-nel-mondo-in-europa-in-italia\/","name":"La libert\u00e0 economica nel mondo, in Europa, in Italia - Guerini e Associati","isPartOf":{"@id":"https:\/\/www.guerini.it\/#website"},"primaryImageOfPage":{"@id":"https:\/\/www.guerini.it\/index.php\/prodotto\/la-liberta-economica-nel-mondo-in-europa-in-italia\/#primaryimage"},"image":{"@id":"https:\/\/www.guerini.it\/index.php\/prodotto\/la-liberta-economica-nel-mondo-in-europa-in-italia\/#primaryimage"},"thumbnailUrl":"https:\/\/www.guerini.it\/wp-content\/uploads\/2012\/05\/978-88-8335-881-4.jpg","datePublished":"2012-05-24T11:00:22+00:00","dateModified":"2024-06-12T12:34:49+00:00","breadcrumb":{"@id":"https:\/\/www.guerini.it\/index.php\/prodotto\/la-liberta-economica-nel-mondo-in-europa-in-italia\/#breadcrumb"},"inLanguage":"it-IT","potentialAction":[{"@type":"ReadAction","target":["https:\/\/www.guerini.it\/index.php\/prodotto\/la-liberta-economica-nel-mondo-in-europa-in-italia\/"]}]},{"@type":"ImageObject","inLanguage":"it-IT","@id":"https:\/\/www.guerini.it\/index.php\/prodotto\/la-liberta-economica-nel-mondo-in-europa-in-italia\/#primaryimage","url":"https:\/\/www.guerini.it\/wp-content\/uploads\/2012\/05\/978-88-8335-881-4.jpg","contentUrl":"https:\/\/www.guerini.it\/wp-content\/uploads\/2012\/05\/978-88-8335-881-4.jpg","width":120,"height":184,"caption":"La libert\u00e0 economica nel mondo, in Europa, in Italia"},{"@type":"BreadcrumbList","@id":"https:\/\/www.guerini.it\/index.php\/prodotto\/la-liberta-economica-nel-mondo-in-europa-in-italia\/#breadcrumb","itemListElement":[{"@type":"ListItem","position":1,"name":"Home","item":"https:\/\/www.guerini.it\/"},{"@type":"ListItem","position":2,"name":"Catalogo","item":"https:\/\/www.guerini.it\/index.php\/negozio\/"},{"@type":"ListItem","position":3,"name":"La libert\u00e0 economica nel mondo, in Europa, in Italia"}]},{"@type":"WebSite","@id":"https:\/\/www.guerini.it\/#website","url":"https:\/\/www.guerini.it\/","name":"Guerini e Associati","description":"30 anni di libri, idee e libert\u00e0","publisher":{"@id":"https:\/\/www.guerini.it\/#organization"},"potentialAction":[{"@type":"SearchAction","target":{"@type":"EntryPoint","urlTemplate":"https:\/\/www.guerini.it\/?s={search_term_string}"},"query-input":{"@type":"PropertyValueSpecification","valueRequired":true,"valueName":"search_term_string"}}],"inLanguage":"it-IT"},{"@type":"Organization","@id":"https:\/\/www.guerini.it\/#organization","name":"Guerini e Associati","url":"https:\/\/www.guerini.it\/","logo":{"@type":"ImageObject","inLanguage":"it-IT","@id":"https:\/\/www.guerini.it\/#\/schema\/logo\/image\/","url":"https:\/\/www.guerini.it\/wp-content\/uploads\/2021\/03\/Logo-Guerini-OK_-e1615831292285.png","contentUrl":"https:\/\/www.guerini.it\/wp-content\/uploads\/2021\/03\/Logo-Guerini-OK_-e1615831292285.png","width":2805,"height":1870,"caption":"Guerini e Associati"},"image":{"@id":"https:\/\/www.guerini.it\/#\/schema\/logo\/image\/"}}]}},"_links":{"self":[{"href":"https:\/\/www.guerini.it\/index.php\/wp-json\/wp\/v2\/product\/14034","targetHints":{"allow":["GET"]}}],"collection":[{"href":"https:\/\/www.guerini.it\/index.php\/wp-json\/wp\/v2\/product"}],"about":[{"href":"https:\/\/www.guerini.it\/index.php\/wp-json\/wp\/v2\/types\/product"}],"wp:featuredmedia":[{"embeddable":true,"href":"https:\/\/www.guerini.it\/index.php\/wp-json\/wp\/v2\/media\/14033"}],"wp:attachment":[{"href":"https:\/\/www.guerini.it\/index.php\/wp-json\/wp\/v2\/media?parent=14034"}],"wp:term":[{"taxonomy":"product_brand","embeddable":true,"href":"https:\/\/www.guerini.it\/index.php\/wp-json\/wp\/v2\/product_brand?post=14034"},{"taxonomy":"product_cat","embeddable":true,"href":"https:\/\/www.guerini.it\/index.php\/wp-json\/wp\/v2\/product_cat?post=14034"},{"taxonomy":"product_tag","embeddable":true,"href":"https:\/\/www.guerini.it\/index.php\/wp-json\/wp\/v2\/product_tag?post=14034"}],"curies":[{"name":"wp","href":"https:\/\/api.w.org\/{rel}","templated":true}]}}