{"id":15431,"date":"2014-10-27T12:16:21","date_gmt":"2014-10-27T11:16:21","guid":{"rendered":"https:\/\/test.guerini.it\/?product=la-formazione-tra-realta-e-possibilita"},"modified":"2024-06-12T14:39:44","modified_gmt":"2024-06-12T12:39:44","slug":"la-formazione-tra-realta-e-possibilita","status":"publish","type":"product","link":"https:\/\/www.guerini.it\/index.php\/prodotto\/la-formazione-tra-realta-e-possibilita\/","title":{"rendered":"La formazione tra realt\u00e0 e possibilit\u00e0"},"content":{"rendered":"<p>Nella formazione sembrano ormai maturi i tempi per un transito da un pensiero \u00aboggettivante\u00bb a uno centrato sulle relazioni, dove il possibile e il progetto si propongono come poli attorno ai quali pensare l\u2019esperienza delle donne e degli uomini. Il possibile si contrappone al prevedibile, al gi\u00e0 dato, a ci\u00f2 che \u00e8 determinato. Torna alla mente l\u2019imperativo etico di Heinz von Foerster: \u00abagisci sempre in modo di accrescere il numero totale delle possibilit\u00e0 di scelta\u00bb. Seguendo questa traccia, la formazione pu\u00f2 orientarsi verso una strategia di continua creazione di possibilit\u00e0 percorrendo i territori della cura, dell\u2019attenzione, della riflessivit\u00e0, della narrazione, della creativit\u00e0 e della responsabilit\u00e0. Sono questi i \u00abterritori della betweenness\u00bb, dell\u2019intermediet\u00e0, in cui considerare la persona-che-cambia al di l\u00e0 di ogni tentativo di controllo ed affermare l\u2019idea che alla base di ogni apprendimento, ed anche dell\u2019apprendere ad apprendere, vi sia la relazione.<\/p>\n","protected":false},"excerpt":{"rendered":"<p>Nella formazione sembrano ormai maturi i tempi per un transito da un pensiero \u00aboggettivante\u00bb a uno centrato sulle relazioni, dove il possibile e il progetto si propongono come poli attorno ai quali pensare l\u2019esperienza delle donne e degli uomini. Il possibile si contrappone al prevedibile, al gi\u00e0 dato, a ci\u00f2 che \u00e8 determinato. Torna alla mente l\u2019imperativo etico di Heinz von Foerster: \u00abagisci sempre in modo di accrescere il numero totale delle possibilit\u00e0 di scelta\u00bb. Seguendo questa traccia, la formazione pu\u00f2 orientarsi verso una strategia di continua creazione di possibilit\u00e0 percorrendo i territori della cura, dell\u2019attenzione, della riflessivit\u00e0, della narrazione, della creativit\u00e0 e della responsabilit\u00e0. Sono questi i \u00abterritori della betweenness\u00bb, dell\u2019intermediet\u00e0, in cui considerare la persona-che-cambia al di l\u00e0 di ogni tentativo di controllo ed affermare l\u2019idea che alla base di ogni apprendimento, ed anche dell\u2019apprendere ad apprendere, vi sia la relazione.<\/p>\n","protected":false},"featured_media":15430,"template":"","meta":{"_editorskit_title_hidden":false,"_editorskit_reading_time":0,"_editorskit_is_block_options_detached":false,"_editorskit_block_options_position":"{}","_monsterinsights_skip_tracking":false,"_monsterinsights_sitenote_active":false,"_monsterinsights_sitenote_note":"","_monsterinsights_sitenote_category":0},"product_brand":[],"product_cat":[6529],"product_tag":[],"class_list":{"0":"post-15431","1":"product","2":"type-product","3":"status-publish","4":"has-post-thumbnail","6":"product_cat-economia-e-management","8":"first","9":"instock","10":"sale","11":"shipping-taxable","12":"purchasable","13":"product-type-simple"},"yoast_head":"<!-- This site is optimized with the Yoast SEO plugin v25.4 - https:\/\/yoast.com\/wordpress\/plugins\/seo\/ -->\n<title>La formazione tra realt\u00e0 e possibilit\u00e0 - Guerini e Associati<\/title>\n<meta name=\"robots\" content=\"index, follow, max-snippet:-1, max-image-preview:large, max-video-preview:-1\" \/>\n<link rel=\"canonical\" href=\"https:\/\/www.guerini.it\/index.php\/prodotto\/la-formazione-tra-realta-e-possibilita\/\" \/>\n<meta property=\"og:locale\" content=\"it_IT\" \/>\n<meta property=\"og:type\" content=\"article\" \/>\n<meta property=\"og:title\" content=\"La formazione tra realt\u00e0 e possibilit\u00e0 - Guerini e Associati\" \/>\n<meta property=\"og:description\" content=\"Nella formazione sembrano ormai maturi i tempi per un transito da un pensiero \u00aboggettivante\u00bb a uno centrato sulle relazioni, dove il possibile e il progetto si propongono come poli attorno ai quali pensare l\u2019esperienza delle donne e degli uomini. Il possibile si contrappone al prevedibile, al gi\u00e0 dato, a ci\u00f2 che \u00e8 determinato. Torna alla mente l\u2019imperativo etico di Heinz von Foerster: \u00abagisci sempre in modo di accrescere il numero totale delle possibilit\u00e0 di scelta\u00bb. Seguendo questa traccia, la formazione pu\u00f2 orientarsi verso una strategia di continua creazione di possibilit\u00e0 percorrendo i territori della cura, dell\u2019attenzione, della riflessivit\u00e0, della narrazione, della creativit\u00e0 e della responsabilit\u00e0. Sono questi i \u00abterritori della betweenness\u00bb, dell\u2019intermediet\u00e0, in cui considerare la persona-che-cambia al di l\u00e0 di ogni tentativo di controllo ed affermare l\u2019idea che alla base di ogni apprendimento, ed anche dell\u2019apprendere ad apprendere, vi sia la relazione.\" \/>\n<meta property=\"og:url\" content=\"https:\/\/www.guerini.it\/index.php\/prodotto\/la-formazione-tra-realta-e-possibilita\/\" \/>\n<meta property=\"og:site_name\" content=\"Guerini e Associati\" \/>\n<meta property=\"article:modified_time\" content=\"2024-06-12T12:39:44+00:00\" \/>\n<meta property=\"og:image\" content=\"https:\/\/www.guerini.it\/wp-content\/uploads\/2014\/10\/la_formazione_tra_realta_e_possibilita_sito_gea.jpg\" \/>\n\t<meta property=\"og:image:width\" content=\"224\" \/>\n\t<meta property=\"og:image:height\" content=\"353\" \/>\n\t<meta property=\"og:image:type\" content=\"image\/jpeg\" \/>\n<meta name=\"twitter:card\" content=\"summary_large_image\" \/>\n<meta name=\"twitter:label1\" content=\"Tempo di lettura stimato\" \/>\n\t<meta name=\"twitter:data1\" content=\"1 minuto\" \/>\n<!-- \/ Yoast SEO plugin. -->","yoast_head_json":{"title":"La formazione tra realt\u00e0 e possibilit\u00e0 - Guerini e Associati","robots":{"index":"index","follow":"follow","max-snippet":"max-snippet:-1","max-image-preview":"max-image-preview:large","max-video-preview":"max-video-preview:-1"},"canonical":"https:\/\/www.guerini.it\/index.php\/prodotto\/la-formazione-tra-realta-e-possibilita\/","og_locale":"it_IT","og_type":"article","og_title":"La formazione tra realt\u00e0 e possibilit\u00e0 - Guerini e Associati","og_description":"Nella formazione sembrano ormai maturi i tempi per un transito da un pensiero \u00aboggettivante\u00bb a uno centrato sulle relazioni, dove il possibile e il progetto si propongono come poli attorno ai quali pensare l\u2019esperienza delle donne e degli uomini. Il possibile si contrappone al prevedibile, al gi\u00e0 dato, a ci\u00f2 che \u00e8 determinato. Torna alla mente l\u2019imperativo etico di Heinz von Foerster: \u00abagisci sempre in modo di accrescere il numero totale delle possibilit\u00e0 di scelta\u00bb. Seguendo questa traccia, la formazione pu\u00f2 orientarsi verso una strategia di continua creazione di possibilit\u00e0 percorrendo i territori della cura, dell\u2019attenzione, della riflessivit\u00e0, della narrazione, della creativit\u00e0 e della responsabilit\u00e0. Sono questi i \u00abterritori della betweenness\u00bb, dell\u2019intermediet\u00e0, in cui considerare la persona-che-cambia al di l\u00e0 di ogni tentativo di controllo ed affermare l\u2019idea che alla base di ogni apprendimento, ed anche dell\u2019apprendere ad apprendere, vi sia la relazione.","og_url":"https:\/\/www.guerini.it\/index.php\/prodotto\/la-formazione-tra-realta-e-possibilita\/","og_site_name":"Guerini e Associati","article_modified_time":"2024-06-12T12:39:44+00:00","og_image":[{"width":224,"height":353,"url":"https:\/\/www.guerini.it\/wp-content\/uploads\/2014\/10\/la_formazione_tra_realta_e_possibilita_sito_gea.jpg","type":"image\/jpeg"}],"twitter_card":"summary_large_image","twitter_misc":{"Tempo di lettura stimato":"1 minuto"},"schema":{"@context":"https:\/\/schema.org","@graph":[{"@type":"WebPage","@id":"https:\/\/www.guerini.it\/index.php\/prodotto\/la-formazione-tra-realta-e-possibilita\/","url":"https:\/\/www.guerini.it\/index.php\/prodotto\/la-formazione-tra-realta-e-possibilita\/","name":"La formazione tra realt\u00e0 e possibilit\u00e0 - Guerini e Associati","isPartOf":{"@id":"https:\/\/www.guerini.it\/#website"},"primaryImageOfPage":{"@id":"https:\/\/www.guerini.it\/index.php\/prodotto\/la-formazione-tra-realta-e-possibilita\/#primaryimage"},"image":{"@id":"https:\/\/www.guerini.it\/index.php\/prodotto\/la-formazione-tra-realta-e-possibilita\/#primaryimage"},"thumbnailUrl":"https:\/\/www.guerini.it\/wp-content\/uploads\/2014\/10\/la_formazione_tra_realta_e_possibilita_sito_gea.jpg","datePublished":"2014-10-27T11:16:21+00:00","dateModified":"2024-06-12T12:39:44+00:00","breadcrumb":{"@id":"https:\/\/www.guerini.it\/index.php\/prodotto\/la-formazione-tra-realta-e-possibilita\/#breadcrumb"},"inLanguage":"it-IT","potentialAction":[{"@type":"ReadAction","target":["https:\/\/www.guerini.it\/index.php\/prodotto\/la-formazione-tra-realta-e-possibilita\/"]}]},{"@type":"ImageObject","inLanguage":"it-IT","@id":"https:\/\/www.guerini.it\/index.php\/prodotto\/la-formazione-tra-realta-e-possibilita\/#primaryimage","url":"https:\/\/www.guerini.it\/wp-content\/uploads\/2014\/10\/la_formazione_tra_realta_e_possibilita_sito_gea.jpg","contentUrl":"https:\/\/www.guerini.it\/wp-content\/uploads\/2014\/10\/la_formazione_tra_realta_e_possibilita_sito_gea.jpg","width":224,"height":353,"caption":"La formazione tra realt\u00e0 e possibilit\u00e0"},{"@type":"BreadcrumbList","@id":"https:\/\/www.guerini.it\/index.php\/prodotto\/la-formazione-tra-realta-e-possibilita\/#breadcrumb","itemListElement":[{"@type":"ListItem","position":1,"name":"Home","item":"https:\/\/www.guerini.it\/"},{"@type":"ListItem","position":2,"name":"Catalogo","item":"https:\/\/www.guerini.it\/index.php\/negozio\/"},{"@type":"ListItem","position":3,"name":"La formazione tra realt\u00e0 e possibilit\u00e0"}]},{"@type":"WebSite","@id":"https:\/\/www.guerini.it\/#website","url":"https:\/\/www.guerini.it\/","name":"Guerini e Associati","description":"30 anni di libri, idee e libert\u00e0","publisher":{"@id":"https:\/\/www.guerini.it\/#organization"},"potentialAction":[{"@type":"SearchAction","target":{"@type":"EntryPoint","urlTemplate":"https:\/\/www.guerini.it\/?s={search_term_string}"},"query-input":{"@type":"PropertyValueSpecification","valueRequired":true,"valueName":"search_term_string"}}],"inLanguage":"it-IT"},{"@type":"Organization","@id":"https:\/\/www.guerini.it\/#organization","name":"Guerini e Associati","url":"https:\/\/www.guerini.it\/","logo":{"@type":"ImageObject","inLanguage":"it-IT","@id":"https:\/\/www.guerini.it\/#\/schema\/logo\/image\/","url":"https:\/\/www.guerini.it\/wp-content\/uploads\/2021\/03\/Logo-Guerini-OK_-e1615831292285.png","contentUrl":"https:\/\/www.guerini.it\/wp-content\/uploads\/2021\/03\/Logo-Guerini-OK_-e1615831292285.png","width":2805,"height":1870,"caption":"Guerini e Associati"},"image":{"@id":"https:\/\/www.guerini.it\/#\/schema\/logo\/image\/"}}]}},"_links":{"self":[{"href":"https:\/\/www.guerini.it\/index.php\/wp-json\/wp\/v2\/product\/15431","targetHints":{"allow":["GET"]}}],"collection":[{"href":"https:\/\/www.guerini.it\/index.php\/wp-json\/wp\/v2\/product"}],"about":[{"href":"https:\/\/www.guerini.it\/index.php\/wp-json\/wp\/v2\/types\/product"}],"wp:featuredmedia":[{"embeddable":true,"href":"https:\/\/www.guerini.it\/index.php\/wp-json\/wp\/v2\/media\/15430"}],"wp:attachment":[{"href":"https:\/\/www.guerini.it\/index.php\/wp-json\/wp\/v2\/media?parent=15431"}],"wp:term":[{"taxonomy":"product_brand","embeddable":true,"href":"https:\/\/www.guerini.it\/index.php\/wp-json\/wp\/v2\/product_brand?post=15431"},{"taxonomy":"product_cat","embeddable":true,"href":"https:\/\/www.guerini.it\/index.php\/wp-json\/wp\/v2\/product_cat?post=15431"},{"taxonomy":"product_tag","embeddable":true,"href":"https:\/\/www.guerini.it\/index.php\/wp-json\/wp\/v2\/product_tag?post=15431"}],"curies":[{"name":"wp","href":"https:\/\/api.w.org\/{rel}","templated":true}]}}