{"id":15666,"date":"2016-01-05T09:44:08","date_gmt":"2016-01-05T08:44:08","guid":{"rendered":"https:\/\/test.guerini.it\/?product=a-a-a-lavoro-offresi"},"modified":"2024-06-12T14:39:21","modified_gmt":"2024-06-12T12:39:21","slug":"a-a-a-lavoro-offresi","status":"publish","type":"product","link":"https:\/\/www.guerini.it\/index.php\/prodotto\/a-a-a-lavoro-offresi\/","title":{"rendered":"A.A.A. Lavoro Offresi"},"content":{"rendered":"<p>L&#8217;Europa al servizio dei giovani non \u00e8 un&#8217;utopia ma una realt\u00e0, che esprime le sue potenzialit\u00e0 tramite la Garanzia Giovani. Oggi il tasso di disoccupazione tra i giovani \u00e8 senza dubbio ancora elevato ma molti sono gli strumenti messi a disposizione dall&#8217;Unione Europea, che troppo spesso \u00e8 considerata una realt\u00e0 astratta, burocratica e lontana dalle reali esigenze dei cittadini.  Il sostegno all&#8217;inserimento lavorativo dei giovani, mediante politiche attive di istruzione e formazione, \u00e8 un&#8217;iniziativa europea volta a contrastare la disoccupazione. Ma come si evolve, nel quadro degli stati membri, l&#8217;applicazione della normativa? Quali sono i modelli virtuosi e trainanti? A che punto \u00e8 il nostro Paese?<br \/>\nIl rapporto, condotto dall&#8217;onorevole Lara Comi, con la collaborazione di Gi Group Academy e Assolombarda, costituisce uno sguardo approfondito su ci\u00f2 che \u00e8 stato fino a oggi il grande progetto Garanzia Giovani, con un&#8217;analisi di ci\u00f2 che ogni regione italiana ha messo in campo, ma anche con confronti significativi con le altre nazioni europee.<\/p>\n","protected":false},"excerpt":{"rendered":"<p>L&#8217;Europa al servizio dei giovani non \u00e8 un&#8217;utopia ma una realt\u00e0, che esprime le sue potenzialit\u00e0 tramite la Garanzia Giovani. Oggi il tasso di disoccupazione tra i giovani \u00e8 senza dubbio ancora elevato ma molti sono gli strumenti messi a disposizione dall&#8217;Unione Europea, che troppo spesso \u00e8 considerata una realt\u00e0 astratta, burocratica e lontana dalle reali esigenze dei cittadini.  Il sostegno all&#8217;inserimento lavorativo dei giovani, mediante politiche attive di istruzione e formazione, \u00e8 un&#8217;iniziativa europea volta a contrastare la disoccupazione. Ma come si evolve, nel quadro degli stati membri, l&#8217;applicazione della normativa? Quali sono i modelli virtuosi e trainanti? A che punto \u00e8 il nostro Paese?<br \/>\nIl rapporto, condotto dall&#8217;onorevole Lara Comi, con la collaborazione di Gi Group Academy e Assolombarda, costituisce uno sguardo approfondito su ci\u00f2 che \u00e8 stato fino a oggi il grande progetto Garanzia Giovani, con un&#8217;analisi di ci\u00f2 che ogni regione italiana ha messo in campo, ma anche con confronti significativi con le altre nazioni europee.<\/p>\n","protected":false},"featured_media":15665,"template":"","meta":{"_editorskit_title_hidden":false,"_editorskit_reading_time":0,"_editorskit_is_block_options_detached":false,"_editorskit_block_options_position":"{}","_monsterinsights_skip_tracking":false,"_monsterinsights_sitenote_active":false,"_monsterinsights_sitenote_note":"","_monsterinsights_sitenote_category":0},"product_brand":[],"product_cat":[6805,6597],"product_tag":[],"class_list":{"0":"post-15666","1":"product","2":"type-product","3":"status-publish","4":"has-post-thumbnail","6":"product_cat-guerini-next","7":"product_cat-flf","9":"first","10":"outofstock","11":"sale","12":"shipping-taxable","13":"purchasable","14":"product-type-simple"},"yoast_head":"<!-- This site is optimized with the Yoast SEO plugin v25.4 - https:\/\/yoast.com\/wordpress\/plugins\/seo\/ -->\n<title>A.A.A. Lavoro Offresi - Guerini e Associati<\/title>\n<meta name=\"robots\" content=\"index, follow, max-snippet:-1, max-image-preview:large, max-video-preview:-1\" \/>\n<link rel=\"canonical\" href=\"https:\/\/www.guerini.it\/index.php\/prodotto\/a-a-a-lavoro-offresi\/\" \/>\n<meta property=\"og:locale\" content=\"it_IT\" \/>\n<meta property=\"og:type\" content=\"article\" \/>\n<meta property=\"og:title\" content=\"A.A.A. Lavoro Offresi - Guerini e Associati\" \/>\n<meta property=\"og:description\" content=\"L&#039;Europa al servizio dei giovani non \u00e8 un&#039;utopia ma una realt\u00e0, che esprime le sue potenzialit\u00e0 tramite la Garanzia Giovani. Oggi il tasso di disoccupazione tra i giovani \u00e8 senza dubbio ancora elevato ma molti sono gli strumenti messi a disposizione dall&#039;Unione Europea, che troppo spesso \u00e8 considerata una realt\u00e0 astratta, burocratica e lontana dalle reali esigenze dei cittadini. Il sostegno all&#039;inserimento lavorativo dei giovani, mediante politiche attive di istruzione e formazione, \u00e8 un&#039;iniziativa europea volta a contrastare la disoccupazione. Ma come si evolve, nel quadro degli stati membri, l&#039;applicazione della normativa? Quali sono i modelli virtuosi e trainanti? A che punto \u00e8 il nostro Paese?  Il rapporto, condotto dall&#039;onorevole Lara Comi, con la collaborazione di Gi Group Academy e Assolombarda, costituisce uno sguardo approfondito su ci\u00f2 che \u00e8 stato fino a oggi il grande progetto Garanzia Giovani, con un&#039;analisi di ci\u00f2 che ogni regione italiana ha messo in campo, ma anche con confronti significativi con le altre nazioni europee.\" \/>\n<meta property=\"og:url\" content=\"https:\/\/www.guerini.it\/index.php\/prodotto\/a-a-a-lavoro-offresi\/\" \/>\n<meta property=\"og:site_name\" content=\"Guerini e Associati\" \/>\n<meta property=\"article:modified_time\" content=\"2024-06-12T12:39:21+00:00\" \/>\n<meta property=\"og:image\" content=\"https:\/\/www.guerini.it\/wp-content\/uploads\/2016\/01\/aaalavorooffresi_cover_sito.jpg\" \/>\n\t<meta property=\"og:image:width\" content=\"229\" \/>\n\t<meta property=\"og:image:height\" content=\"353\" \/>\n\t<meta property=\"og:image:type\" content=\"image\/jpeg\" \/>\n<meta name=\"twitter:card\" content=\"summary_large_image\" \/>\n<meta name=\"twitter:label1\" content=\"Tempo di lettura stimato\" \/>\n\t<meta name=\"twitter:data1\" content=\"1 minuto\" \/>\n<!-- \/ Yoast SEO plugin. -->","yoast_head_json":{"title":"A.A.A. Lavoro Offresi - Guerini e Associati","robots":{"index":"index","follow":"follow","max-snippet":"max-snippet:-1","max-image-preview":"max-image-preview:large","max-video-preview":"max-video-preview:-1"},"canonical":"https:\/\/www.guerini.it\/index.php\/prodotto\/a-a-a-lavoro-offresi\/","og_locale":"it_IT","og_type":"article","og_title":"A.A.A. Lavoro Offresi - Guerini e Associati","og_description":"L'Europa al servizio dei giovani non \u00e8 un'utopia ma una realt\u00e0, che esprime le sue potenzialit\u00e0 tramite la Garanzia Giovani. Oggi il tasso di disoccupazione tra i giovani \u00e8 senza dubbio ancora elevato ma molti sono gli strumenti messi a disposizione dall'Unione Europea, che troppo spesso \u00e8 considerata una realt\u00e0 astratta, burocratica e lontana dalle reali esigenze dei cittadini. Il sostegno all'inserimento lavorativo dei giovani, mediante politiche attive di istruzione e formazione, \u00e8 un'iniziativa europea volta a contrastare la disoccupazione. Ma come si evolve, nel quadro degli stati membri, l'applicazione della normativa? Quali sono i modelli virtuosi e trainanti? A che punto \u00e8 il nostro Paese?  Il rapporto, condotto dall'onorevole Lara Comi, con la collaborazione di Gi Group Academy e Assolombarda, costituisce uno sguardo approfondito su ci\u00f2 che \u00e8 stato fino a oggi il grande progetto Garanzia Giovani, con un'analisi di ci\u00f2 che ogni regione italiana ha messo in campo, ma anche con confronti significativi con le altre nazioni europee.","og_url":"https:\/\/www.guerini.it\/index.php\/prodotto\/a-a-a-lavoro-offresi\/","og_site_name":"Guerini e Associati","article_modified_time":"2024-06-12T12:39:21+00:00","og_image":[{"width":229,"height":353,"url":"https:\/\/www.guerini.it\/wp-content\/uploads\/2016\/01\/aaalavorooffresi_cover_sito.jpg","type":"image\/jpeg"}],"twitter_card":"summary_large_image","twitter_misc":{"Tempo di lettura stimato":"1 minuto"},"schema":{"@context":"https:\/\/schema.org","@graph":[{"@type":"WebPage","@id":"https:\/\/www.guerini.it\/index.php\/prodotto\/a-a-a-lavoro-offresi\/","url":"https:\/\/www.guerini.it\/index.php\/prodotto\/a-a-a-lavoro-offresi\/","name":"A.A.A. Lavoro Offresi - Guerini e Associati","isPartOf":{"@id":"https:\/\/www.guerini.it\/#website"},"primaryImageOfPage":{"@id":"https:\/\/www.guerini.it\/index.php\/prodotto\/a-a-a-lavoro-offresi\/#primaryimage"},"image":{"@id":"https:\/\/www.guerini.it\/index.php\/prodotto\/a-a-a-lavoro-offresi\/#primaryimage"},"thumbnailUrl":"https:\/\/www.guerini.it\/wp-content\/uploads\/2016\/01\/aaalavorooffresi_cover_sito.jpg","datePublished":"2016-01-05T08:44:08+00:00","dateModified":"2024-06-12T12:39:21+00:00","breadcrumb":{"@id":"https:\/\/www.guerini.it\/index.php\/prodotto\/a-a-a-lavoro-offresi\/#breadcrumb"},"inLanguage":"it-IT","potentialAction":[{"@type":"ReadAction","target":["https:\/\/www.guerini.it\/index.php\/prodotto\/a-a-a-lavoro-offresi\/"]}]},{"@type":"ImageObject","inLanguage":"it-IT","@id":"https:\/\/www.guerini.it\/index.php\/prodotto\/a-a-a-lavoro-offresi\/#primaryimage","url":"https:\/\/www.guerini.it\/wp-content\/uploads\/2016\/01\/aaalavorooffresi_cover_sito.jpg","contentUrl":"https:\/\/www.guerini.it\/wp-content\/uploads\/2016\/01\/aaalavorooffresi_cover_sito.jpg","width":229,"height":353,"caption":"A.A.A. Lavoro Offresi"},{"@type":"BreadcrumbList","@id":"https:\/\/www.guerini.it\/index.php\/prodotto\/a-a-a-lavoro-offresi\/#breadcrumb","itemListElement":[{"@type":"ListItem","position":1,"name":"Home","item":"https:\/\/www.guerini.it\/"},{"@type":"ListItem","position":2,"name":"Catalogo","item":"https:\/\/www.guerini.it\/index.php\/negozio\/"},{"@type":"ListItem","position":3,"name":"A.A.A. Lavoro Offresi"}]},{"@type":"WebSite","@id":"https:\/\/www.guerini.it\/#website","url":"https:\/\/www.guerini.it\/","name":"Guerini e Associati","description":"30 anni di libri, idee e libert\u00e0","publisher":{"@id":"https:\/\/www.guerini.it\/#organization"},"potentialAction":[{"@type":"SearchAction","target":{"@type":"EntryPoint","urlTemplate":"https:\/\/www.guerini.it\/?s={search_term_string}"},"query-input":{"@type":"PropertyValueSpecification","valueRequired":true,"valueName":"search_term_string"}}],"inLanguage":"it-IT"},{"@type":"Organization","@id":"https:\/\/www.guerini.it\/#organization","name":"Guerini e Associati","url":"https:\/\/www.guerini.it\/","logo":{"@type":"ImageObject","inLanguage":"it-IT","@id":"https:\/\/www.guerini.it\/#\/schema\/logo\/image\/","url":"https:\/\/www.guerini.it\/wp-content\/uploads\/2021\/03\/Logo-Guerini-OK_-e1615831292285.png","contentUrl":"https:\/\/www.guerini.it\/wp-content\/uploads\/2021\/03\/Logo-Guerini-OK_-e1615831292285.png","width":2805,"height":1870,"caption":"Guerini e Associati"},"image":{"@id":"https:\/\/www.guerini.it\/#\/schema\/logo\/image\/"}}]}},"_links":{"self":[{"href":"https:\/\/www.guerini.it\/index.php\/wp-json\/wp\/v2\/product\/15666","targetHints":{"allow":["GET"]}}],"collection":[{"href":"https:\/\/www.guerini.it\/index.php\/wp-json\/wp\/v2\/product"}],"about":[{"href":"https:\/\/www.guerini.it\/index.php\/wp-json\/wp\/v2\/types\/product"}],"wp:featuredmedia":[{"embeddable":true,"href":"https:\/\/www.guerini.it\/index.php\/wp-json\/wp\/v2\/media\/15665"}],"wp:attachment":[{"href":"https:\/\/www.guerini.it\/index.php\/wp-json\/wp\/v2\/media?parent=15666"}],"wp:term":[{"taxonomy":"product_brand","embeddable":true,"href":"https:\/\/www.guerini.it\/index.php\/wp-json\/wp\/v2\/product_brand?post=15666"},{"taxonomy":"product_cat","embeddable":true,"href":"https:\/\/www.guerini.it\/index.php\/wp-json\/wp\/v2\/product_cat?post=15666"},{"taxonomy":"product_tag","embeddable":true,"href":"https:\/\/www.guerini.it\/index.php\/wp-json\/wp\/v2\/product_tag?post=15666"}],"curies":[{"name":"wp","href":"https:\/\/api.w.org\/{rel}","templated":true}]}}