{"id":16029,"date":"2017-11-07T12:58:31","date_gmt":"2017-11-07T11:58:31","guid":{"rendered":"https:\/\/test.guerini.it\/?product=i-gruppi-di-imprese"},"modified":"2024-06-09T20:23:01","modified_gmt":"2024-06-09T18:23:01","slug":"i-gruppi-di-imprese","status":"publish","type":"product","link":"https:\/\/www.guerini.it\/index.php\/prodotto\/i-gruppi-di-imprese\/","title":{"rendered":"I gruppi di imprese"},"content":{"rendered":"<blockquote>\n<p style=\"text-align: justify;\">Il presente lavoro, dal titolo <em>\u201cI gruppi di imprese: un\u2019analisi interdisciplinare\u201d<\/em>, promosso da ELSA Castellanza, \u00e8 stato compilato da studenti e neolaureati della Facolt\u00e0 di Giurisprudenza di diverse Universit\u00e0 italiane, seguendo una direttrice di ricerca non comune nella gi\u00e0 ostica materia dei gruppi di imprese: esaminare i profili di rilevanza giuridica dell\u2019\u201cimpresa di gruppo\u201d, di grande rilevanza nel mondo economico, in tutti o quasi i settori del diritto positivo in cui viene studiata, cercando di cogliere gli elementi di collegamento fra gli approcci interpretativi della dottrina e della giurisprudenza dei settori in questione, e evidenziando le differenze, non sempre giustificate.<br \/>\nLo sforzo profuso \u00e8 stato notevole, specie se rapportato alla normale inesperienza degli autori nella ricerca del materiale bibliografico e nella redazione di testi giuridici. Il coordinamento tra i vari contributi, inoltre, non \u00e8 stato sempre agevole. E naturalmente, non manca qualche difetto formale. Il risultato sostanziale pu\u00f2 tuttavia ritenersi soddisfacente e tale da offrire al lettore molteplici spunti di riflessione sugli argomenti affrontati.<\/p>\n<\/blockquote>\n<p style=\"text-align: left;\"><strong>Dall\u2019Introduzione<\/strong><br \/>\nProf. Nicola Rondinone,<br \/>\nOrdinario di Diritto Commerciale<br \/>\npresso l\u2019<a href=\"https:\/\/www.liuc.it\/\">Universit\u00e0 Cattaneo &#8211; LIUC<\/a><\/p>\n","protected":false},"excerpt":{"rendered":"<p>descrizione non disponibile<\/p>\n","protected":false},"featured_media":23947,"template":"","meta":{"_editorskit_title_hidden":false,"_editorskit_reading_time":0,"_editorskit_is_block_options_detached":false,"_editorskit_block_options_position":"{}","_monsterinsights_skip_tracking":false,"_monsterinsights_sitenote_active":false,"_monsterinsights_sitenote_note":"","_monsterinsights_sitenote_category":0},"product_brand":[],"product_cat":[6805,6529,6700],"product_tag":[8563,10842,10843],"class_list":{"0":"post-16029","1":"product","2":"type-product","3":"status-publish","4":"has-post-thumbnail","6":"product_cat-guerini-next","7":"product_cat-economia-e-management","8":"product_cat-universita-cattaneo-libri","9":"product_tag-diritto","10":"product_tag-giurisprudenza","11":"product_tag-legal-education","12":"pa_fulfillment-esaurito","14":"first","15":"outofstock","16":"sale","17":"shipping-taxable","18":"purchasable","19":"product-type-simple"},"yoast_head":"<!-- This site is optimized with the Yoast SEO plugin v25.4 - https:\/\/yoast.com\/wordpress\/plugins\/seo\/ -->\n<title>I gruppi di imprese | Guerini Editore<\/title>\n<meta name=\"description\" content=\"L&#039;indagine promossa da ELSA Castellanza raccoglie contributi di studenti e neolaureati della Facolt\u00e0 di Giurisprudenza di diverse Universit\u00e0 italiane.\" \/>\n<meta name=\"robots\" content=\"index, follow, max-snippet:-1, max-image-preview:large, max-video-preview:-1\" \/>\n<link rel=\"canonical\" href=\"https:\/\/www.guerini.it\/index.php\/prodotto\/i-gruppi-di-imprese\/\" \/>\n<meta property=\"og:locale\" content=\"it_IT\" \/>\n<meta property=\"og:type\" content=\"article\" \/>\n<meta property=\"og:title\" content=\"I gruppi di imprese | Guerini Editore\" \/>\n<meta property=\"og:description\" content=\"L&#039;indagine promossa da ELSA Castellanza raccoglie contributi di studenti e neolaureati della Facolt\u00e0 di Giurisprudenza di diverse Universit\u00e0 italiane.\" \/>\n<meta property=\"og:url\" content=\"https:\/\/www.guerini.it\/index.php\/prodotto\/i-gruppi-di-imprese\/\" \/>\n<meta property=\"og:site_name\" content=\"Guerini e Associati\" \/>\n<meta property=\"article:modified_time\" content=\"2024-06-09T18:23:01+00:00\" \/>\n<meta property=\"og:image\" content=\"https:\/\/www.guerini.it\/wp-content\/uploads\/2017\/11\/FRONT-Cover-I-gruppi-di-imprese-scaled.webp\" \/>\n\t<meta property=\"og:image:width\" content=\"1656\" \/>\n\t<meta property=\"og:image:height\" content=\"2560\" \/>\n\t<meta property=\"og:image:type\" content=\"image\/webp\" \/>\n<meta name=\"twitter:card\" content=\"summary_large_image\" \/>\n<meta name=\"twitter:label1\" content=\"Tempo di lettura stimato\" \/>\n\t<meta name=\"twitter:data1\" content=\"1 minuto\" \/>\n<!-- \/ Yoast SEO plugin. -->","yoast_head_json":{"title":"I gruppi di imprese | Guerini Editore","description":"L'indagine promossa da ELSA Castellanza raccoglie contributi di studenti e neolaureati della Facolt\u00e0 di Giurisprudenza di diverse Universit\u00e0 italiane.","robots":{"index":"index","follow":"follow","max-snippet":"max-snippet:-1","max-image-preview":"max-image-preview:large","max-video-preview":"max-video-preview:-1"},"canonical":"https:\/\/www.guerini.it\/index.php\/prodotto\/i-gruppi-di-imprese\/","og_locale":"it_IT","og_type":"article","og_title":"I gruppi di imprese | Guerini Editore","og_description":"L'indagine promossa da ELSA Castellanza raccoglie contributi di studenti e neolaureati della Facolt\u00e0 di Giurisprudenza di diverse Universit\u00e0 italiane.","og_url":"https:\/\/www.guerini.it\/index.php\/prodotto\/i-gruppi-di-imprese\/","og_site_name":"Guerini e Associati","article_modified_time":"2024-06-09T18:23:01+00:00","og_image":[{"width":1656,"height":2560,"url":"https:\/\/www.guerini.it\/wp-content\/uploads\/2017\/11\/FRONT-Cover-I-gruppi-di-imprese-scaled.webp","type":"image\/webp"}],"twitter_card":"summary_large_image","twitter_misc":{"Tempo di lettura stimato":"1 minuto"},"schema":{"@context":"https:\/\/schema.org","@graph":[{"@type":"WebPage","@id":"https:\/\/www.guerini.it\/index.php\/prodotto\/i-gruppi-di-imprese\/","url":"https:\/\/www.guerini.it\/index.php\/prodotto\/i-gruppi-di-imprese\/","name":"I gruppi di imprese | Guerini Editore","isPartOf":{"@id":"https:\/\/www.guerini.it\/#website"},"primaryImageOfPage":{"@id":"https:\/\/www.guerini.it\/index.php\/prodotto\/i-gruppi-di-imprese\/#primaryimage"},"image":{"@id":"https:\/\/www.guerini.it\/index.php\/prodotto\/i-gruppi-di-imprese\/#primaryimage"},"thumbnailUrl":"https:\/\/www.guerini.it\/wp-content\/uploads\/2017\/11\/FRONT-Cover-I-gruppi-di-imprese-scaled.webp","datePublished":"2017-11-07T11:58:31+00:00","dateModified":"2024-06-09T18:23:01+00:00","description":"L'indagine promossa da ELSA Castellanza raccoglie contributi di studenti e neolaureati della Facolt\u00e0 di Giurisprudenza di diverse Universit\u00e0 italiane.","breadcrumb":{"@id":"https:\/\/www.guerini.it\/index.php\/prodotto\/i-gruppi-di-imprese\/#breadcrumb"},"inLanguage":"it-IT","potentialAction":[{"@type":"ReadAction","target":["https:\/\/www.guerini.it\/index.php\/prodotto\/i-gruppi-di-imprese\/"]}]},{"@type":"ImageObject","inLanguage":"it-IT","@id":"https:\/\/www.guerini.it\/index.php\/prodotto\/i-gruppi-di-imprese\/#primaryimage","url":"https:\/\/www.guerini.it\/wp-content\/uploads\/2017\/11\/FRONT-Cover-I-gruppi-di-imprese-scaled.webp","contentUrl":"https:\/\/www.guerini.it\/wp-content\/uploads\/2017\/11\/FRONT-Cover-I-gruppi-di-imprese-scaled.webp","width":1656,"height":2560,"caption":"Copertina del libro a cura di N. Rondinone, A. Poggi, L. Canella, G. Pariani, I gruppi di imprese. Un'indagine interdisciplinare, Guerini Next, 2017"},{"@type":"BreadcrumbList","@id":"https:\/\/www.guerini.it\/index.php\/prodotto\/i-gruppi-di-imprese\/#breadcrumb","itemListElement":[{"@type":"ListItem","position":1,"name":"Home","item":"https:\/\/www.guerini.it\/"},{"@type":"ListItem","position":2,"name":"Catalogo","item":"https:\/\/www.guerini.it\/index.php\/negozio\/"},{"@type":"ListItem","position":3,"name":"I gruppi di imprese"}]},{"@type":"WebSite","@id":"https:\/\/www.guerini.it\/#website","url":"https:\/\/www.guerini.it\/","name":"Guerini e Associati","description":"30 anni di libri, idee e libert\u00e0","publisher":{"@id":"https:\/\/www.guerini.it\/#organization"},"potentialAction":[{"@type":"SearchAction","target":{"@type":"EntryPoint","urlTemplate":"https:\/\/www.guerini.it\/?s={search_term_string}"},"query-input":{"@type":"PropertyValueSpecification","valueRequired":true,"valueName":"search_term_string"}}],"inLanguage":"it-IT"},{"@type":"Organization","@id":"https:\/\/www.guerini.it\/#organization","name":"Guerini e Associati","url":"https:\/\/www.guerini.it\/","logo":{"@type":"ImageObject","inLanguage":"it-IT","@id":"https:\/\/www.guerini.it\/#\/schema\/logo\/image\/","url":"https:\/\/www.guerini.it\/wp-content\/uploads\/2021\/03\/Logo-Guerini-OK_-e1615831292285.png","contentUrl":"https:\/\/www.guerini.it\/wp-content\/uploads\/2021\/03\/Logo-Guerini-OK_-e1615831292285.png","width":2805,"height":1870,"caption":"Guerini e Associati"},"image":{"@id":"https:\/\/www.guerini.it\/#\/schema\/logo\/image\/"}}]}},"_links":{"self":[{"href":"https:\/\/www.guerini.it\/index.php\/wp-json\/wp\/v2\/product\/16029","targetHints":{"allow":["GET"]}}],"collection":[{"href":"https:\/\/www.guerini.it\/index.php\/wp-json\/wp\/v2\/product"}],"about":[{"href":"https:\/\/www.guerini.it\/index.php\/wp-json\/wp\/v2\/types\/product"}],"wp:featuredmedia":[{"embeddable":true,"href":"https:\/\/www.guerini.it\/index.php\/wp-json\/wp\/v2\/media\/23947"}],"wp:attachment":[{"href":"https:\/\/www.guerini.it\/index.php\/wp-json\/wp\/v2\/media?parent=16029"}],"wp:term":[{"taxonomy":"product_brand","embeddable":true,"href":"https:\/\/www.guerini.it\/index.php\/wp-json\/wp\/v2\/product_brand?post=16029"},{"taxonomy":"product_cat","embeddable":true,"href":"https:\/\/www.guerini.it\/index.php\/wp-json\/wp\/v2\/product_cat?post=16029"},{"taxonomy":"product_tag","embeddable":true,"href":"https:\/\/www.guerini.it\/index.php\/wp-json\/wp\/v2\/product_tag?post=16029"}],"curies":[{"name":"wp","href":"https:\/\/api.w.org\/{rel}","templated":true}]}}