{"id":16271,"date":"2019-04-17T15:29:02","date_gmt":"2019-04-17T13:29:02","guid":{"rendered":"https:\/\/test.guerini.it\/?product=la-stagione-dell-indulgenza-e-i-suoi-frutti-avvelenati"},"modified":"2024-06-12T14:40:50","modified_gmt":"2024-06-12T12:40:50","slug":"la-stagione-dell-indulgenza-e-i-suoi-frutti-avvelenati","status":"publish","type":"product","link":"https:\/\/www.guerini.it\/index.php\/prodotto\/la-stagione-dell-indulgenza-e-i-suoi-frutti-avvelenati\/","title":{"rendered":"La stagione dell&#8217;indulgenza e i suoi frutti avvelenati"},"content":{"rendered":"<p style=\"text-align: justify;\">La stagione dell\u2019indulgenza \u00e8 quella del pressapochismo, dell\u2019incompetenza, dell\u2019indifferenza. I suoi frutti avvelenati: sfiducia, insicurezza, corruzione, illegalit\u00e0 diffusa. Dell\u2019una e degli altri sono state ugualmente responsabili (o irresponsabili) destra e sinistra, con l\u2019assecondare gli umori popolari per conquistare elettori, con la proliferazione di leggi dettate dalla cronaca, con l\u2019incapacit\u00e0 di riformare la Giustizia.<br \/>\nLe conseguenze sono uno Stato che si delegittima da s\u00e9, non assumendosi le sue responsabilit\u00e0 o contestandole, un crescente allarme sociale che va oltre i dati statistici della criminalit\u00e0, una paralisi difensiva che coinvolge chiunque svolga un lavoro pubblico (dal medico al funzionario).<br \/>\nScrive l\u2019autore: \u00abEssendo uscito \u2013 per limiti di et\u00e0 \u2013 dalla magistratura, sono pi\u00f9 libero di esprimere giudizi che un tempo sarebbero stati impropri. Non ho nessun vincolo se non i miei pregiudizi\u00bb.<br \/>\nFuori dal coro, pungente e sarcastico secondo il suo stile, Carlo Nordio tratteggia un quadro dei problemi vecchi e nuovi del Paese: dalle politiche sull\u2019immigrazione ai diritti del cittadino, dai temi sulla sicurezza a quelli legati a libert\u00e0 e giustizia. Ma soprattutto ci invita a ragionare con la testa e non con l\u2019emozione, senza cedere al pessimismo.<\/p>\n<p style=\"text-align: justify;\"><strong>Carlo Nordio<\/strong> (Treviso, 1947) \u00e8 stato magistrato dal 1977 al 2017. Negli anni Ottanta ha condotto le indagini sulle Brigate rosse venete e sui sequestri di persona, negli anni Novanta sui reati di Tangentopoli. \u00c8 stato consulente della commissione parlamentare per il terrorismo e presidente della commissione ministeriale per la riforma del codice penale. Procuratore aggiunto della Repubblica a Venezia, si \u00e8 occupato di reati economici e di corruzione. Ha collaborato con numerose riviste giuridiche e quotidiani, tra cui, ancora oggi, <em>Il Messaggero<\/em>, <em>Il Mattino<\/em> e <em>Il Gazzettino<\/em>. Sensibile alle riforme giudiziarie, ha scritto per Guerini e Associati <em>Giustizia<\/em> (1997), <em>Emergenza giustizia<\/em> (1999) e, con Giuliano Pisapia, <em>In attesa di giustizia<\/em> (2010). Nell\u2019ottobre 2022 \u00e8 stato nominato Ministro della Giustizia.<\/p>\n<p style=\"text-align: justify;\"><strong>Permalink:\u00a0<a href=\"http:\/\/digital.casalini.it\/9788881953363\">http:\/\/digital.casalini.it\/9788881953363<\/a><\/strong><\/p>\n","protected":false},"excerpt":{"rendered":"<p style=\"text-align: justify;\">La stagione dell\u2019indulgenza \u00e8 quella del pressapochismo, dell\u2019incompetenza, dell\u2019indifferenza. I suoi frutti avvelenati: sfiducia, insicurezza, corruzione, illegalit\u00e0 diffusa. Dell\u2019una e degli altri sono state ugualmente responsabili (o irresponsabili) destra e sinistra, con l\u2019assecondare gli umori popolari per conquistare elettori, con la proliferazione di leggi dettate dalla cronaca, con l\u2019incapacit\u00e0 di riformare la Giustizia.<br \/>\nLe conseguenze sono uno Stato che si delegittima da s\u00e9, non assumendosi le sue responsabilit\u00e0 o contestandole, un crescente allarme sociale che va oltre i dati statistici della criminalit\u00e0, una paralisi difensiva che coinvolge chiunque svolga un lavoro pubblico (dal medico al funzionario).<br \/>\nScrive l\u2019autore: \u00abEssendo uscito \u2013 per limiti di et\u00e0 \u2013 dalla magistratura, sono pi\u00f9 libero di esprimere giudizi che un tempo sarebbero stati impropri. Non ho nessun vincolo se non i miei pregiudizi\u00bb.<br \/>\nFuori dal coro, pungente e sarcastico secondo il suo stile, Carlo Nordio tratteggia un quadro dei problemi vecchi e nuovi del Paese: dalle politiche sull\u2019immigrazione ai diritti del cittadino, dai temi sulla sicurezza a quelli legati a libert\u00e0 e giustizia. Ma soprattutto ci invita a ragionare con la testa e non con l\u2019emozione, senza cedere al pessimismo.<\/p>\n<p style=\"text-align: justify;\">\n","protected":false},"featured_media":16270,"template":"","meta":{"_editorskit_title_hidden":false,"_editorskit_reading_time":0,"_editorskit_is_block_options_detached":false,"_editorskit_block_options_position":"{}","_monsterinsights_skip_tracking":false,"_monsterinsights_sitenote_active":false,"_monsterinsights_sitenote_note":"","_monsterinsights_sitenote_category":0},"product_brand":[],"product_cat":[6585,6527],"product_tag":[],"class_list":{"0":"post-16271","1":"product","2":"type-product","3":"status-publish","4":"has-post-thumbnail","6":"product_cat-sma","7":"product_cat-attualita","8":"pa_fulfillment-default","9":"pa_guerini_amazon_link-bf-httpswwwamazonitstagione_d","10":"pa_guerini_feltrinelli_link-c8-httpswwwlafeltrinelliitlib","11":"pa_guerini_ibs_link-2c-httpswwwibsitstagione_dell","12":"pa_guerini_libruniver_link-9c-httpswwwlibreriauniversita","13":"pa_guerini_link_amazon-38-httpswwwamazonitstagione_d","14":"pa_guerini_link_apple_ibook-64-httpsbooksapplecomitbookla","15":"pa_guerini_link_google_play-0f-httpsplaygooglecomstoreboo","16":"pa_guerini_link_kobo-5b-httpswwwkobocomititebookla","17":"pa_guerini_mondadori_link-12-httpswwwmondadoristoreitst","19":"first","20":"instock","21":"sale","22":"shipping-taxable","23":"purchasable","24":"product-type-simple"},"yoast_head":"<!-- This site is optimized with the Yoast SEO plugin v25.4 - https:\/\/yoast.com\/wordpress\/plugins\/seo\/ -->\n<title>La stagione dell&#039;indulgenza e i suoi frutti avvelenati - Guerini e Associati<\/title>\n<meta name=\"robots\" content=\"index, follow, max-snippet:-1, max-image-preview:large, max-video-preview:-1\" \/>\n<link rel=\"canonical\" href=\"https:\/\/www.guerini.it\/index.php\/prodotto\/la-stagione-dell-indulgenza-e-i-suoi-frutti-avvelenati\/\" \/>\n<meta property=\"og:locale\" content=\"it_IT\" \/>\n<meta property=\"og:type\" content=\"article\" \/>\n<meta property=\"og:title\" content=\"La stagione dell&#039;indulgenza e i suoi frutti avvelenati - Guerini e Associati\" \/>\n<meta property=\"og:description\" content=\"La stagione dell\u2019indulgenza \u00e8 quella del pressapochismo, dell\u2019incompetenza, dell\u2019indifferenza. I suoi frutti avvelenati: sfiducia, insicurezza, corruzione, illegalit\u00e0 diffusa. Dell\u2019una e degli altri sono state ugualmente responsabili (o irresponsabili) destra e sinistra, con l\u2019assecondare gli umori popolari per conquistare elettori, con la proliferazione di leggi dettate dalla cronaca, con l\u2019incapacit\u00e0 di riformare la Giustizia. Le conseguenze sono uno Stato che si delegittima da s\u00e9, non assumendosi le sue responsabilit\u00e0 o contestandole, un crescente allarme sociale che va oltre i dati statistici della criminalit\u00e0, una paralisi difensiva che coinvolge chiunque svolga un lavoro pubblico (dal medico al funzionario). Scrive l\u2019autore: \u00abEssendo uscito \u2013 per limiti di et\u00e0 \u2013 dalla magistratura, sono pi\u00f9 libero di esprimere giudizi che un tempo sarebbero stati impropri. Non ho nessun vincolo se non i miei pregiudizi\u00bb. Fuori dal coro, pungente e sarcastico secondo il suo stile, Carlo Nordio tratteggia un quadro dei problemi vecchi e nuovi del Paese: dalle politiche sull\u2019immigrazione ai diritti del cittadino, dai temi sulla sicurezza a quelli legati a libert\u00e0 e giustizia. Ma soprattutto ci invita a ragionare con la testa e non con l\u2019emozione, senza cedere al pessimismo.\" \/>\n<meta property=\"og:url\" content=\"https:\/\/www.guerini.it\/index.php\/prodotto\/la-stagione-dell-indulgenza-e-i-suoi-frutti-avvelenati\/\" \/>\n<meta property=\"og:site_name\" content=\"Guerini e Associati\" \/>\n<meta property=\"article:modified_time\" content=\"2024-06-12T12:40:50+00:00\" \/>\n<meta property=\"og:image\" content=\"https:\/\/www.guerini.it\/wp-content\/uploads\/2019\/04\/stagione_indulgenza_sito.jpg\" \/>\n\t<meta property=\"og:image:width\" content=\"236\" \/>\n\t<meta property=\"og:image:height\" content=\"353\" \/>\n\t<meta property=\"og:image:type\" content=\"image\/jpeg\" \/>\n<meta name=\"twitter:card\" content=\"summary_large_image\" \/>\n<meta name=\"twitter:label1\" content=\"Tempo di lettura stimato\" \/>\n\t<meta name=\"twitter:data1\" content=\"2 minuti\" \/>\n<!-- \/ Yoast SEO plugin. -->","yoast_head_json":{"title":"La stagione dell'indulgenza e i suoi frutti avvelenati - Guerini e Associati","robots":{"index":"index","follow":"follow","max-snippet":"max-snippet:-1","max-image-preview":"max-image-preview:large","max-video-preview":"max-video-preview:-1"},"canonical":"https:\/\/www.guerini.it\/index.php\/prodotto\/la-stagione-dell-indulgenza-e-i-suoi-frutti-avvelenati\/","og_locale":"it_IT","og_type":"article","og_title":"La stagione dell'indulgenza e i suoi frutti avvelenati - Guerini e Associati","og_description":"La stagione dell\u2019indulgenza \u00e8 quella del pressapochismo, dell\u2019incompetenza, dell\u2019indifferenza. I suoi frutti avvelenati: sfiducia, insicurezza, corruzione, illegalit\u00e0 diffusa. Dell\u2019una e degli altri sono state ugualmente responsabili (o irresponsabili) destra e sinistra, con l\u2019assecondare gli umori popolari per conquistare elettori, con la proliferazione di leggi dettate dalla cronaca, con l\u2019incapacit\u00e0 di riformare la Giustizia. Le conseguenze sono uno Stato che si delegittima da s\u00e9, non assumendosi le sue responsabilit\u00e0 o contestandole, un crescente allarme sociale che va oltre i dati statistici della criminalit\u00e0, una paralisi difensiva che coinvolge chiunque svolga un lavoro pubblico (dal medico al funzionario). Scrive l\u2019autore: \u00abEssendo uscito \u2013 per limiti di et\u00e0 \u2013 dalla magistratura, sono pi\u00f9 libero di esprimere giudizi che un tempo sarebbero stati impropri. Non ho nessun vincolo se non i miei pregiudizi\u00bb. Fuori dal coro, pungente e sarcastico secondo il suo stile, Carlo Nordio tratteggia un quadro dei problemi vecchi e nuovi del Paese: dalle politiche sull\u2019immigrazione ai diritti del cittadino, dai temi sulla sicurezza a quelli legati a libert\u00e0 e giustizia. Ma soprattutto ci invita a ragionare con la testa e non con l\u2019emozione, senza cedere al pessimismo.","og_url":"https:\/\/www.guerini.it\/index.php\/prodotto\/la-stagione-dell-indulgenza-e-i-suoi-frutti-avvelenati\/","og_site_name":"Guerini e Associati","article_modified_time":"2024-06-12T12:40:50+00:00","og_image":[{"width":236,"height":353,"url":"https:\/\/www.guerini.it\/wp-content\/uploads\/2019\/04\/stagione_indulgenza_sito.jpg","type":"image\/jpeg"}],"twitter_card":"summary_large_image","twitter_misc":{"Tempo di lettura stimato":"2 minuti"},"schema":{"@context":"https:\/\/schema.org","@graph":[{"@type":"WebPage","@id":"https:\/\/www.guerini.it\/index.php\/prodotto\/la-stagione-dell-indulgenza-e-i-suoi-frutti-avvelenati\/","url":"https:\/\/www.guerini.it\/index.php\/prodotto\/la-stagione-dell-indulgenza-e-i-suoi-frutti-avvelenati\/","name":"La stagione dell'indulgenza e i suoi frutti avvelenati - Guerini e Associati","isPartOf":{"@id":"https:\/\/www.guerini.it\/#website"},"primaryImageOfPage":{"@id":"https:\/\/www.guerini.it\/index.php\/prodotto\/la-stagione-dell-indulgenza-e-i-suoi-frutti-avvelenati\/#primaryimage"},"image":{"@id":"https:\/\/www.guerini.it\/index.php\/prodotto\/la-stagione-dell-indulgenza-e-i-suoi-frutti-avvelenati\/#primaryimage"},"thumbnailUrl":"https:\/\/www.guerini.it\/wp-content\/uploads\/2019\/04\/stagione_indulgenza_sito.jpg","datePublished":"2019-04-17T13:29:02+00:00","dateModified":"2024-06-12T12:40:50+00:00","breadcrumb":{"@id":"https:\/\/www.guerini.it\/index.php\/prodotto\/la-stagione-dell-indulgenza-e-i-suoi-frutti-avvelenati\/#breadcrumb"},"inLanguage":"it-IT","potentialAction":[{"@type":"ReadAction","target":["https:\/\/www.guerini.it\/index.php\/prodotto\/la-stagione-dell-indulgenza-e-i-suoi-frutti-avvelenati\/"]}]},{"@type":"ImageObject","inLanguage":"it-IT","@id":"https:\/\/www.guerini.it\/index.php\/prodotto\/la-stagione-dell-indulgenza-e-i-suoi-frutti-avvelenati\/#primaryimage","url":"https:\/\/www.guerini.it\/wp-content\/uploads\/2019\/04\/stagione_indulgenza_sito.jpg","contentUrl":"https:\/\/www.guerini.it\/wp-content\/uploads\/2019\/04\/stagione_indulgenza_sito.jpg","width":236,"height":353,"caption":"La stagione dell'indulgenza e i suoi frutti avvelenati"},{"@type":"BreadcrumbList","@id":"https:\/\/www.guerini.it\/index.php\/prodotto\/la-stagione-dell-indulgenza-e-i-suoi-frutti-avvelenati\/#breadcrumb","itemListElement":[{"@type":"ListItem","position":1,"name":"Home","item":"https:\/\/www.guerini.it\/"},{"@type":"ListItem","position":2,"name":"Catalogo","item":"https:\/\/www.guerini.it\/index.php\/negozio\/"},{"@type":"ListItem","position":3,"name":"La stagione dell&#8217;indulgenza e i suoi frutti avvelenati"}]},{"@type":"WebSite","@id":"https:\/\/www.guerini.it\/#website","url":"https:\/\/www.guerini.it\/","name":"Guerini e Associati","description":"30 anni di libri, idee e libert\u00e0","publisher":{"@id":"https:\/\/www.guerini.it\/#organization"},"potentialAction":[{"@type":"SearchAction","target":{"@type":"EntryPoint","urlTemplate":"https:\/\/www.guerini.it\/?s={search_term_string}"},"query-input":{"@type":"PropertyValueSpecification","valueRequired":true,"valueName":"search_term_string"}}],"inLanguage":"it-IT"},{"@type":"Organization","@id":"https:\/\/www.guerini.it\/#organization","name":"Guerini e Associati","url":"https:\/\/www.guerini.it\/","logo":{"@type":"ImageObject","inLanguage":"it-IT","@id":"https:\/\/www.guerini.it\/#\/schema\/logo\/image\/","url":"https:\/\/www.guerini.it\/wp-content\/uploads\/2021\/03\/Logo-Guerini-OK_-e1615831292285.png","contentUrl":"https:\/\/www.guerini.it\/wp-content\/uploads\/2021\/03\/Logo-Guerini-OK_-e1615831292285.png","width":2805,"height":1870,"caption":"Guerini e Associati"},"image":{"@id":"https:\/\/www.guerini.it\/#\/schema\/logo\/image\/"}}]}},"_links":{"self":[{"href":"https:\/\/www.guerini.it\/index.php\/wp-json\/wp\/v2\/product\/16271","targetHints":{"allow":["GET"]}}],"collection":[{"href":"https:\/\/www.guerini.it\/index.php\/wp-json\/wp\/v2\/product"}],"about":[{"href":"https:\/\/www.guerini.it\/index.php\/wp-json\/wp\/v2\/types\/product"}],"wp:featuredmedia":[{"embeddable":true,"href":"https:\/\/www.guerini.it\/index.php\/wp-json\/wp\/v2\/media\/16270"}],"wp:attachment":[{"href":"https:\/\/www.guerini.it\/index.php\/wp-json\/wp\/v2\/media?parent=16271"}],"wp:term":[{"taxonomy":"product_brand","embeddable":true,"href":"https:\/\/www.guerini.it\/index.php\/wp-json\/wp\/v2\/product_brand?post=16271"},{"taxonomy":"product_cat","embeddable":true,"href":"https:\/\/www.guerini.it\/index.php\/wp-json\/wp\/v2\/product_cat?post=16271"},{"taxonomy":"product_tag","embeddable":true,"href":"https:\/\/www.guerini.it\/index.php\/wp-json\/wp\/v2\/product_tag?post=16271"}],"curies":[{"name":"wp","href":"https:\/\/api.w.org\/{rel}","templated":true}]}}