{"id":16279,"date":"2019-04-19T11:25:25","date_gmt":"2019-04-19T09:25:25","guid":{"rendered":"https:\/\/test.guerini.it\/?product=metafisica-originaria-in-severino"},"modified":"2026-04-21T13:06:36","modified_gmt":"2026-04-21T11:06:36","slug":"metafisica-originaria-in-severino","status":"publish","type":"product","link":"https:\/\/www.guerini.it\/index.php\/prodotto\/metafisica-originaria-in-severino\/","title":{"rendered":"&#8220;Metafisica originaria&#8221; in Severino"},"content":{"rendered":"<p style=\"text-align: justify;\">Con questo lavoro si intende portare a compimento l\u2019indagine critica su<em> La struttura originaria<\/em>, iniziata con<em> Il concetto di \u00abrelazione\u00bb nell\u2019opera di Severino<\/em>.<em> A partire da \u00abLa struttura originaria\u00bb <\/em>(pubblicato presso le nostre edizioni, 2018). Il discorso svolto da Severino viene ripreso, cercando di individuarne il filo conduttore che possa rendere pienamente intelligibile il passaggio al tema della \u00abmetafisica originaria\u00bb, che conclude l\u2019Opera. Vengono presi in esame i concetti di \u00abimmediatezza\u00bb, \u00abdifferenza\u00bb e \u00abnegazione\u00bb, onde pervenire al concetto di \u00abmanifestazione\u00bb, che si esprime pi\u00f9 compiutamente nella forma della \u00abmanifestazione dell\u2019intero\u00bb. L\u2019essere, ossia l\u2019intero, viene posto da Severino come un \u00abinsieme\u00bb o anche come quell\u2019\u00aborizzonte\u00bb che \u00e8 in grado di contenere tutti gli enti: in entrambi i casi, \u00e8 la relazione che costituisce la sua intrinseca struttura. A tale concezione viene opposto un essere che valga come<em> assoluta unit\u00e0<\/em>, dunque come il superamento stesso della molteplicit\u00e0 e delle determinazioni. Un essere, quindi, che coincida con quello indicato da Parmenide e che non pu\u00f2 non valere quale <em>esclusione in atto del non-essere<\/em>, ossia comenegazione di un \u00abintero\u00bb che venga inteso come \u00abinsieme\u00bb di elementi ocome \u00abtotalit\u00e0\u00bb, assunta nella forma di un tutto-di-parti.<\/p>\n<p style=\"text-align: justify;\"><strong>Aldo Stella<\/strong> \u00e8 laureato in Medicina e in Filosofia (Universit\u00e0 di Perugia) e perfezionato in Filosofia (Universit\u00e0 di Padova). \u00c8 stato vicedirettore del Centro di ricerche teoretiche, diretto dal professor G.R. Bacchin (Universit\u00e0 di Padova). Ha insegnato presso l\u2019Universit\u00e0 \u00abCarlo Bo\u00bb di Urbino e attualmente insegna presso l\u2019Universit\u00e0 per Stranieri di Perugia e l\u2019Universit\u00e0 degli Studi di Perugia. Per le nostre edizioni, fra gli altri scritti, ha pubblicato:<em> Il concetto di \u00abrelazione\u00bb nella \u00abScienza della logica\u00bb di Hegel <\/em>(1994);<em> La relazione e il valore<\/em> (1995);<em> Cognizione e coscienza<\/em> (2004); <em>Questioni di psicologia del pensiero<\/em> (2008); <em>Realt\u00e0 naturale e atto di coscienza\u00a0<\/em>(2015); <em>Il concetto di \u00abrelazione\u00bb nell\u2019opera di Severino. A partire da \u00abLa struttura originaria\u00bb<\/em> (2018).<\/p>\n<p><iframe loading=\"lazy\" title=\"YouTube video player\" src=\"https:\/\/www.raicultura.it\/filosofia\/articoli\/2023\/01\/Aldo-Stella-La-struttura-originaria--673099e1-b82c-40e0-8133-8a3f5e776add.html\" width=\"100%\" height=\"500\" frameborder=\"0\" allowfullscreen=\"allowfullscreen\"><span data-mce-type=\"bookmark\" style=\"display: inline-block; width: 0px; overflow: hidden; line-height: 0;\" class=\"mce_SELRES_start\">\ufeff<\/span><span data-mce-type=\"bookmark\" style=\"display: inline-block; width: 0px; overflow: hidden; line-height: 0;\" class=\"mce_SELRES_start\">\ufeff<\/span><\/iframe><\/p>\n<p style=\"text-align: justify;\"><strong>Permalink:\u00a0<a href=\"http:\/\/digital.casalini.it\/9788881953233\">http:\/\/digital.casalini.it\/9788881953233<\/a><\/strong><\/p>\n","protected":false},"excerpt":{"rendered":"<p>Con questo lavoro si intende portare a compimento l\u2019indagine critica su La struttura originaria, iniziata con Il concetto di \u00abrelazione\u00bb nell\u2019opera di Severino. A partire da \u00abLa struttura originaria\u00bb (pubblicato [&hellip;]<\/p>\n","protected":false},"featured_media":16278,"template":"","meta":{"_editorskit_title_hidden":false,"_editorskit_reading_time":0,"_editorskit_is_block_options_detached":false,"_editorskit_block_options_position":"{}","_monsterinsights_skip_tracking":false,"_monsterinsights_sitenote_active":false,"_monsterinsights_sitenote_note":"","_monsterinsights_sitenote_category":0},"product_brand":[],"product_cat":[6530,6661],"product_tag":[],"class_list":{"0":"post-16279","1":"product","2":"type-product","3":"status-publish","4":"has-post-thumbnail","6":"product_cat-filosofia","7":"product_cat-op-ns","8":"pa_fulfillment-default","9":"pa_guerini_amazon_link-67-httpswwwamazonitc2abmetafi","10":"pa_guerini_feltrinelli_link-a4-httpswwwlafeltrinelliitlib","11":"pa_guerini_ibs_link-e0-httpswwwibsitmetafisica_or","12":"pa_guerini_mondadori_link-7b-httpswwwmondadoristoreitme","14":"first","15":"instock","16":"sale","17":"shipping-taxable","18":"purchasable","19":"product-type-simple"},"yoast_head":"<!-- This site is optimized with the Yoast SEO plugin v25.4 - https:\/\/yoast.com\/wordpress\/plugins\/seo\/ -->\n<title>&quot;Metafisica originaria&quot; in Severino - Guerini e Associati<\/title>\n<meta name=\"robots\" content=\"index, follow, max-snippet:-1, max-image-preview:large, max-video-preview:-1\" \/>\n<link rel=\"canonical\" href=\"https:\/\/www.guerini.it\/index.php\/prodotto\/metafisica-originaria-in-severino\/\" \/>\n<meta property=\"og:locale\" content=\"it_IT\" \/>\n<meta property=\"og:type\" content=\"article\" \/>\n<meta property=\"og:title\" content=\"&quot;Metafisica originaria&quot; in Severino - Guerini e Associati\" \/>\n<meta property=\"og:description\" content=\"Con questo lavoro si intende portare a compimento l\u2019indagine critica su La struttura originaria, iniziata con Il concetto di \u00abrelazione\u00bb nell\u2019opera di Severino. A partire da \u00abLa struttura originaria\u00bb (pubblicato [&hellip;]\" \/>\n<meta property=\"og:url\" content=\"https:\/\/www.guerini.it\/index.php\/prodotto\/metafisica-originaria-in-severino\/\" \/>\n<meta property=\"og:site_name\" content=\"Guerini e Associati\" \/>\n<meta property=\"article:modified_time\" content=\"2026-04-21T11:06:36+00:00\" \/>\n<meta property=\"og:image\" content=\"https:\/\/www.guerini.it\/wp-content\/uploads\/2019\/04\/metafisica_originale_in_seve_sito.jpg\" \/>\n\t<meta property=\"og:image:width\" content=\"229\" \/>\n\t<meta property=\"og:image:height\" content=\"353\" \/>\n\t<meta property=\"og:image:type\" content=\"image\/jpeg\" \/>\n<meta name=\"twitter:card\" content=\"summary_large_image\" \/>\n<meta name=\"twitter:label1\" content=\"Tempo di lettura stimato\" \/>\n\t<meta name=\"twitter:data1\" content=\"2 minuti\" \/>\n<!-- \/ Yoast SEO plugin. -->","yoast_head_json":{"title":"\"Metafisica originaria\" in Severino - Guerini e Associati","robots":{"index":"index","follow":"follow","max-snippet":"max-snippet:-1","max-image-preview":"max-image-preview:large","max-video-preview":"max-video-preview:-1"},"canonical":"https:\/\/www.guerini.it\/index.php\/prodotto\/metafisica-originaria-in-severino\/","og_locale":"it_IT","og_type":"article","og_title":"\"Metafisica originaria\" in Severino - Guerini e Associati","og_description":"Con questo lavoro si intende portare a compimento l\u2019indagine critica su La struttura originaria, iniziata con Il concetto di \u00abrelazione\u00bb nell\u2019opera di Severino. A partire da \u00abLa struttura originaria\u00bb (pubblicato [&hellip;]","og_url":"https:\/\/www.guerini.it\/index.php\/prodotto\/metafisica-originaria-in-severino\/","og_site_name":"Guerini e Associati","article_modified_time":"2026-04-21T11:06:36+00:00","og_image":[{"width":229,"height":353,"url":"https:\/\/www.guerini.it\/wp-content\/uploads\/2019\/04\/metafisica_originale_in_seve_sito.jpg","type":"image\/jpeg"}],"twitter_card":"summary_large_image","twitter_misc":{"Tempo di lettura stimato":"2 minuti"},"schema":{"@context":"https:\/\/schema.org","@graph":[{"@type":"WebPage","@id":"https:\/\/www.guerini.it\/index.php\/prodotto\/metafisica-originaria-in-severino\/","url":"https:\/\/www.guerini.it\/index.php\/prodotto\/metafisica-originaria-in-severino\/","name":"\"Metafisica originaria\" in Severino - Guerini e Associati","isPartOf":{"@id":"https:\/\/www.guerini.it\/#website"},"primaryImageOfPage":{"@id":"https:\/\/www.guerini.it\/index.php\/prodotto\/metafisica-originaria-in-severino\/#primaryimage"},"image":{"@id":"https:\/\/www.guerini.it\/index.php\/prodotto\/metafisica-originaria-in-severino\/#primaryimage"},"thumbnailUrl":"https:\/\/www.guerini.it\/wp-content\/uploads\/2019\/04\/metafisica_originale_in_seve_sito.jpg","datePublished":"2019-04-19T09:25:25+00:00","dateModified":"2026-04-21T11:06:36+00:00","breadcrumb":{"@id":"https:\/\/www.guerini.it\/index.php\/prodotto\/metafisica-originaria-in-severino\/#breadcrumb"},"inLanguage":"it-IT","potentialAction":[{"@type":"ReadAction","target":["https:\/\/www.guerini.it\/index.php\/prodotto\/metafisica-originaria-in-severino\/"]}]},{"@type":"ImageObject","inLanguage":"it-IT","@id":"https:\/\/www.guerini.it\/index.php\/prodotto\/metafisica-originaria-in-severino\/#primaryimage","url":"https:\/\/www.guerini.it\/wp-content\/uploads\/2019\/04\/metafisica_originale_in_seve_sito.jpg","contentUrl":"https:\/\/www.guerini.it\/wp-content\/uploads\/2019\/04\/metafisica_originale_in_seve_sito.jpg","width":229,"height":353,"caption":"Metafisica originaria in Severino"},{"@type":"BreadcrumbList","@id":"https:\/\/www.guerini.it\/index.php\/prodotto\/metafisica-originaria-in-severino\/#breadcrumb","itemListElement":[{"@type":"ListItem","position":1,"name":"Home","item":"https:\/\/www.guerini.it\/"},{"@type":"ListItem","position":2,"name":"Catalogo","item":"https:\/\/www.guerini.it\/index.php\/negozio\/"},{"@type":"ListItem","position":3,"name":"&#8220;Metafisica originaria&#8221; in Severino"}]},{"@type":"WebSite","@id":"https:\/\/www.guerini.it\/#website","url":"https:\/\/www.guerini.it\/","name":"Guerini e Associati","description":"30 anni di libri, idee e libert\u00e0","publisher":{"@id":"https:\/\/www.guerini.it\/#organization"},"potentialAction":[{"@type":"SearchAction","target":{"@type":"EntryPoint","urlTemplate":"https:\/\/www.guerini.it\/?s={search_term_string}"},"query-input":{"@type":"PropertyValueSpecification","valueRequired":true,"valueName":"search_term_string"}}],"inLanguage":"it-IT"},{"@type":"Organization","@id":"https:\/\/www.guerini.it\/#organization","name":"Guerini e Associati","url":"https:\/\/www.guerini.it\/","logo":{"@type":"ImageObject","inLanguage":"it-IT","@id":"https:\/\/www.guerini.it\/#\/schema\/logo\/image\/","url":"https:\/\/www.guerini.it\/wp-content\/uploads\/2021\/03\/Logo-Guerini-OK_-e1615831292285.png","contentUrl":"https:\/\/www.guerini.it\/wp-content\/uploads\/2021\/03\/Logo-Guerini-OK_-e1615831292285.png","width":2805,"height":1870,"caption":"Guerini e Associati"},"image":{"@id":"https:\/\/www.guerini.it\/#\/schema\/logo\/image\/"}}]}},"_links":{"self":[{"href":"https:\/\/www.guerini.it\/index.php\/wp-json\/wp\/v2\/product\/16279","targetHints":{"allow":["GET"]}}],"collection":[{"href":"https:\/\/www.guerini.it\/index.php\/wp-json\/wp\/v2\/product"}],"about":[{"href":"https:\/\/www.guerini.it\/index.php\/wp-json\/wp\/v2\/types\/product"}],"wp:featuredmedia":[{"embeddable":true,"href":"https:\/\/www.guerini.it\/index.php\/wp-json\/wp\/v2\/media\/16278"}],"wp:attachment":[{"href":"https:\/\/www.guerini.it\/index.php\/wp-json\/wp\/v2\/media?parent=16279"}],"wp:term":[{"taxonomy":"product_brand","embeddable":true,"href":"https:\/\/www.guerini.it\/index.php\/wp-json\/wp\/v2\/product_brand?post=16279"},{"taxonomy":"product_cat","embeddable":true,"href":"https:\/\/www.guerini.it\/index.php\/wp-json\/wp\/v2\/product_cat?post=16279"},{"taxonomy":"product_tag","embeddable":true,"href":"https:\/\/www.guerini.it\/index.php\/wp-json\/wp\/v2\/product_tag?post=16279"}],"curies":[{"name":"wp","href":"https:\/\/api.w.org\/{rel}","templated":true}]}}