{"id":16369,"date":"2019-10-23T10:15:32","date_gmt":"2019-10-23T08:15:32","guid":{"rendered":"https:\/\/test.guerini.it\/?product=corporate-advocacy"},"modified":"2024-06-12T14:38:53","modified_gmt":"2024-06-12T12:38:53","slug":"corporate-advocacy","status":"publish","type":"product","link":"https:\/\/www.guerini.it\/index.php\/prodotto\/corporate-advocacy\/","title":{"rendered":"Corporate advocacy"},"content":{"rendered":"<p style=\"text-align: justify;\">La rivoluzione digitale ha eliminato gerarchie, filtri e ruoli, cos\u00ec che tutti sono potenzialmente emittenti, destinatari e media e tutto \u00e8 potenzialmente \u00abnotizia\u00bb. Con i rischi connessi: gli errori sono subito in piazza, le fake news si diffondono pi\u00f9 in fretta delle smentite, virtuale e reale si confondono e tutti si sentono in diritto di parlare. In questa liquidit\u00e0, la reputazione diviene un valore cruciale per aziende, enti, persone e tuttavia pi\u00f9 fragile. Come tutelarla? La risposta degli autori non \u00e8 una regola, ma un metodo. La Corporate Advocacy \u00e8 un\u2019arte, innervata dalla scienza dei dati, che si fonda sul potere irraggiante di un messaggio forte e insieme sulla parola \u00abliberata\u00bb di tutti gli stakeholder.<\/p>\n<hr \/>\n<p style=\"text-align: justify;\"><strong>\u00c9lisabeth Coutureau<\/strong> e <strong>\u00c9ric Giuily<\/strong> sono vicepresidente e presidente dell\u2019agenzia francese di comunicazione corporate <em>Clai<\/em>, parte di SECNewgate, gruppo internazionale quotato a Londra, prima firma italiana nel ranking mondiale Public Relations (Holmes Report 2018).<\/p>\n","protected":false},"excerpt":{"rendered":"<p style=\"text-align: justify;\">La rivoluzione digitale ha eliminato gerarchie, filtri e ruoli, cos\u00ec che tutti sono potenzialmente emittenti, destinatari e media e tutto \u00e8 potenzialmente \u00abnotizia\u00bb. Con i rischi connessi: gli errori sono subito in piazza, le fake news si diffondono pi\u00f9 in fretta delle smentite, virtuale e reale si confondono e tutti si sentono in diritto di parlare.In questa liquidit\u00e0, la reputazione diviene un valore cruciale per aziende, enti, persone e tuttavia pi\u00f9 fragile. Come tutelarla?La risposta degli autori non \u00e8 una regola, ma un metodo. La Corporate Advocacy \u00e8 un\u2019arte, innervata dalla scienza dei dati, che si fonda sul potere irraggiante di un messaggio forte e insieme sulla parola \u00abliberata\u00bb di tutti gli stakeholder.<\/p>\n","protected":false},"featured_media":16368,"template":"","meta":{"_editorskit_title_hidden":false,"_editorskit_reading_time":0,"_editorskit_is_block_options_detached":false,"_editorskit_block_options_position":"{}","_monsterinsights_skip_tracking":false,"_monsterinsights_sitenote_active":false,"_monsterinsights_sitenote_note":"","_monsterinsights_sitenote_category":0},"product_brand":[],"product_cat":[6805,6529],"product_tag":[],"class_list":{"0":"post-16369","1":"product","2":"type-product","3":"status-publish","4":"has-post-thumbnail","6":"product_cat-guerini-next","7":"product_cat-economia-e-management","8":"pa_fulfillment-default","9":"pa_guerini_amazon_link-https-www-amazon-it-corporate-advocacy-larte-parlare-bene-dp-8868962683","10":"pa_guerini_feltrinelli_link-https-www-lafeltrinelli-it-corporate-advocacy-arte-di-far-libro-elisabeth-coutureau-eric-giuily-e-9788868962685","11":"pa_guerini_ibs_link-https-www-ibs-it-corporate-advocacy-arte-di-far-libro-elisabeth-coutureau-eric-giuily-e-9788868962685","12":"pa_guerini_libruniver_link-https-www-libreriauniversitaria-it-corporate-advocacy-arte-far-parlare-libro-9788868962685","13":"pa_guerini_link_amazon-8a-httpswwwamazonitdpb07zqg36","14":"pa_guerini_link_apple_ibook-3f-httpsbooksapplecomitbookco","15":"pa_guerini_link_bookrepublic-https-www-bookrepublic-it-ebook-9788868962692-corporate-advocacy-larte-di-far-parlare-bene-di-se","16":"pa_guerini_link_giunti_punto-2b-httpswwwgiuntialpuntoitpro","17":"pa_guerini_link_google_play-01-httpsplaygooglecomstoreboo","18":"pa_guerini_link_ibs-https-www-ibs-it-corporate-advocacy-arte-di-far-ebook-elisabeth-coutureau-eric-giuily-e-9788868962692","19":"pa_guerini_link_kobo-94-httpswwwkobocomititebookco","20":"pa_guerini_link_lafeltrinelli-https-www-lafeltrinelli-it-corporate-advocacy-arte-di-far-ebook-elisabeth-coutureau-eric-giuily-e-9788868962692","21":"pa_guerini_link_mondadori-https-www-mondadoristore-it-corporate-advocacy-larte-far-lisabeth-coutureau-ric-giuly-eai978886896269","22":"pa_guerini_mondadori_link-https-www-mondadoristore-it-corporate-advocacy-arte-far-elisabeth-coutureau-eric-giuily-eai978886896268","23":"pa_guerini_strillo-87-lareputazionealtempodellas","25":"first","26":"instock","27":"sale","28":"shipping-taxable","29":"purchasable","30":"product-type-simple"},"yoast_head":"<!-- This site is optimized with the Yoast SEO plugin v25.4 - https:\/\/yoast.com\/wordpress\/plugins\/seo\/ -->\n<title>Corporate advocacy - Guerini e Associati<\/title>\n<meta name=\"robots\" content=\"index, follow, max-snippet:-1, max-image-preview:large, max-video-preview:-1\" \/>\n<link rel=\"canonical\" href=\"https:\/\/www.guerini.it\/index.php\/prodotto\/corporate-advocacy\/\" \/>\n<meta property=\"og:locale\" content=\"it_IT\" \/>\n<meta property=\"og:type\" content=\"article\" \/>\n<meta property=\"og:title\" content=\"Corporate advocacy - Guerini e Associati\" \/>\n<meta property=\"og:description\" content=\"La rivoluzione digitale ha eliminato gerarchie, filtri e ruoli, cos\u00ec che tutti sono potenzialmente emittenti, destinatari e media e tutto \u00e8 potenzialmente \u00abnotizia\u00bb. Con i rischi connessi: gli errori sono subito in piazza, le fake news si diffondono pi\u00f9 in fretta delle smentite, virtuale e reale si confondono e tutti si sentono in diritto di parlare.In questa liquidit\u00e0, la reputazione diviene un valore cruciale per aziende, enti, persone e tuttavia pi\u00f9 fragile. Come tutelarla?La risposta degli autori non \u00e8 una regola, ma un metodo. La Corporate Advocacy \u00e8 un\u2019arte, innervata dalla scienza dei dati, che si fonda sul potere irraggiante di un messaggio forte e insieme sulla parola \u00abliberata\u00bb di tutti gli stakeholder.\" \/>\n<meta property=\"og:url\" content=\"https:\/\/www.guerini.it\/index.php\/prodotto\/corporate-advocacy\/\" \/>\n<meta property=\"og:site_name\" content=\"Guerini e Associati\" \/>\n<meta property=\"article:modified_time\" content=\"2024-06-12T12:38:53+00:00\" \/>\n<meta property=\"og:image\" content=\"https:\/\/www.guerini.it\/wp-content\/uploads\/2019\/10\/corporate_advocacy_sito.jpg\" \/>\n\t<meta property=\"og:image:width\" content=\"235\" \/>\n\t<meta property=\"og:image:height\" content=\"353\" \/>\n\t<meta property=\"og:image:type\" content=\"image\/jpeg\" \/>\n<meta name=\"twitter:card\" content=\"summary_large_image\" \/>\n<meta name=\"twitter:label1\" content=\"Tempo di lettura stimato\" \/>\n\t<meta name=\"twitter:data1\" content=\"1 minuto\" \/>\n<!-- \/ Yoast SEO plugin. -->","yoast_head_json":{"title":"Corporate advocacy - Guerini e Associati","robots":{"index":"index","follow":"follow","max-snippet":"max-snippet:-1","max-image-preview":"max-image-preview:large","max-video-preview":"max-video-preview:-1"},"canonical":"https:\/\/www.guerini.it\/index.php\/prodotto\/corporate-advocacy\/","og_locale":"it_IT","og_type":"article","og_title":"Corporate advocacy - Guerini e Associati","og_description":"La rivoluzione digitale ha eliminato gerarchie, filtri e ruoli, cos\u00ec che tutti sono potenzialmente emittenti, destinatari e media e tutto \u00e8 potenzialmente \u00abnotizia\u00bb. Con i rischi connessi: gli errori sono subito in piazza, le fake news si diffondono pi\u00f9 in fretta delle smentite, virtuale e reale si confondono e tutti si sentono in diritto di parlare.In questa liquidit\u00e0, la reputazione diviene un valore cruciale per aziende, enti, persone e tuttavia pi\u00f9 fragile. Come tutelarla?La risposta degli autori non \u00e8 una regola, ma un metodo. La Corporate Advocacy \u00e8 un\u2019arte, innervata dalla scienza dei dati, che si fonda sul potere irraggiante di un messaggio forte e insieme sulla parola \u00abliberata\u00bb di tutti gli stakeholder.","og_url":"https:\/\/www.guerini.it\/index.php\/prodotto\/corporate-advocacy\/","og_site_name":"Guerini e Associati","article_modified_time":"2024-06-12T12:38:53+00:00","og_image":[{"width":235,"height":353,"url":"https:\/\/www.guerini.it\/wp-content\/uploads\/2019\/10\/corporate_advocacy_sito.jpg","type":"image\/jpeg"}],"twitter_card":"summary_large_image","twitter_misc":{"Tempo di lettura stimato":"1 minuto"},"schema":{"@context":"https:\/\/schema.org","@graph":[{"@type":"WebPage","@id":"https:\/\/www.guerini.it\/index.php\/prodotto\/corporate-advocacy\/","url":"https:\/\/www.guerini.it\/index.php\/prodotto\/corporate-advocacy\/","name":"Corporate advocacy - Guerini e Associati","isPartOf":{"@id":"https:\/\/www.guerini.it\/#website"},"primaryImageOfPage":{"@id":"https:\/\/www.guerini.it\/index.php\/prodotto\/corporate-advocacy\/#primaryimage"},"image":{"@id":"https:\/\/www.guerini.it\/index.php\/prodotto\/corporate-advocacy\/#primaryimage"},"thumbnailUrl":"https:\/\/www.guerini.it\/wp-content\/uploads\/2019\/10\/corporate_advocacy_sito.jpg","datePublished":"2019-10-23T08:15:32+00:00","dateModified":"2024-06-12T12:38:53+00:00","breadcrumb":{"@id":"https:\/\/www.guerini.it\/index.php\/prodotto\/corporate-advocacy\/#breadcrumb"},"inLanguage":"it-IT","potentialAction":[{"@type":"ReadAction","target":["https:\/\/www.guerini.it\/index.php\/prodotto\/corporate-advocacy\/"]}]},{"@type":"ImageObject","inLanguage":"it-IT","@id":"https:\/\/www.guerini.it\/index.php\/prodotto\/corporate-advocacy\/#primaryimage","url":"https:\/\/www.guerini.it\/wp-content\/uploads\/2019\/10\/corporate_advocacy_sito.jpg","contentUrl":"https:\/\/www.guerini.it\/wp-content\/uploads\/2019\/10\/corporate_advocacy_sito.jpg","width":235,"height":353,"caption":"Corporate advocacy"},{"@type":"BreadcrumbList","@id":"https:\/\/www.guerini.it\/index.php\/prodotto\/corporate-advocacy\/#breadcrumb","itemListElement":[{"@type":"ListItem","position":1,"name":"Home","item":"https:\/\/www.guerini.it\/"},{"@type":"ListItem","position":2,"name":"Catalogo","item":"https:\/\/www.guerini.it\/index.php\/negozio\/"},{"@type":"ListItem","position":3,"name":"Corporate advocacy"}]},{"@type":"WebSite","@id":"https:\/\/www.guerini.it\/#website","url":"https:\/\/www.guerini.it\/","name":"Guerini e Associati","description":"30 anni di libri, idee e libert\u00e0","publisher":{"@id":"https:\/\/www.guerini.it\/#organization"},"potentialAction":[{"@type":"SearchAction","target":{"@type":"EntryPoint","urlTemplate":"https:\/\/www.guerini.it\/?s={search_term_string}"},"query-input":{"@type":"PropertyValueSpecification","valueRequired":true,"valueName":"search_term_string"}}],"inLanguage":"it-IT"},{"@type":"Organization","@id":"https:\/\/www.guerini.it\/#organization","name":"Guerini e Associati","url":"https:\/\/www.guerini.it\/","logo":{"@type":"ImageObject","inLanguage":"it-IT","@id":"https:\/\/www.guerini.it\/#\/schema\/logo\/image\/","url":"https:\/\/www.guerini.it\/wp-content\/uploads\/2021\/03\/Logo-Guerini-OK_-e1615831292285.png","contentUrl":"https:\/\/www.guerini.it\/wp-content\/uploads\/2021\/03\/Logo-Guerini-OK_-e1615831292285.png","width":2805,"height":1870,"caption":"Guerini e Associati"},"image":{"@id":"https:\/\/www.guerini.it\/#\/schema\/logo\/image\/"}}]}},"_links":{"self":[{"href":"https:\/\/www.guerini.it\/index.php\/wp-json\/wp\/v2\/product\/16369","targetHints":{"allow":["GET"]}}],"collection":[{"href":"https:\/\/www.guerini.it\/index.php\/wp-json\/wp\/v2\/product"}],"about":[{"href":"https:\/\/www.guerini.it\/index.php\/wp-json\/wp\/v2\/types\/product"}],"wp:featuredmedia":[{"embeddable":true,"href":"https:\/\/www.guerini.it\/index.php\/wp-json\/wp\/v2\/media\/16368"}],"wp:attachment":[{"href":"https:\/\/www.guerini.it\/index.php\/wp-json\/wp\/v2\/media?parent=16369"}],"wp:term":[{"taxonomy":"product_brand","embeddable":true,"href":"https:\/\/www.guerini.it\/index.php\/wp-json\/wp\/v2\/product_brand?post=16369"},{"taxonomy":"product_cat","embeddable":true,"href":"https:\/\/www.guerini.it\/index.php\/wp-json\/wp\/v2\/product_cat?post=16369"},{"taxonomy":"product_tag","embeddable":true,"href":"https:\/\/www.guerini.it\/index.php\/wp-json\/wp\/v2\/product_tag?post=16369"}],"curies":[{"name":"wp","href":"https:\/\/api.w.org\/{rel}","templated":true}]}}