{"id":16430,"date":"2020-03-02T08:56:59","date_gmt":"2020-03-02T07:56:59","guid":{"rendered":"https:\/\/test.guerini.it\/?product=oltre-il-disagio"},"modified":"2024-06-12T14:35:44","modified_gmt":"2024-06-12T12:35:44","slug":"oltre-il-disagio","status":"publish","type":"product","link":"https:\/\/www.guerini.it\/index.php\/prodotto\/oltre-il-disagio\/","title":{"rendered":"Oltre il disagio"},"content":{"rendered":"<p style=\"text-align: justify;\">L\u2019impegno educativo nell\u2019ambito del disagio, della marginalit\u00e0, della devianza, richiede un\u2019identit\u00e0 teorica forte che in qualche modo faccia da bussola per aiutare l\u2019educatore a navigare le \u00abagitate acque\u00bb dell\u2019emergenza sociale. Un\u2019intenzionalit\u00e0 pedagogica che deve esprimersi in un movimento continuo di andata e ritorno tra teoria e prassi, affinch\u00e9 quest\u2019ultima non cada nell\u2019improvvisazione, nell\u2019estemporaneo, nel casuale, o in una forma pi\u00f9 o meno esplicita di buon senso, e la riflessione teorica non divenga fine a se stessa, perdendosi nell\u2019astrazione. Il Metodo Integra nasce da un\u2019attivit\u00e0 di continua autoriflessione e condivisione di pratiche educative, dal dialogo costante tra teoria e prassi, a valle di anni di lavoro in contesti di particolare difficolt\u00e0. Una difficolt\u00e0 legata alla carenza del tessuto sociale che rende una storia difficile enormemente pi\u00f9 difficile, proprio perch\u00e9 il contesto non sostiene la difficolt\u00e0: il bambino con difficolt\u00e0 spesso vive in una famiglia difficile, in un quartiere difficile, in una citt\u00e0 difficile, in una Regione difficile. Educare in queste situazioni significa riuscire ad incarnare le teorie e orientare le pratiche nel confronto con questo quotidiano, con questi bambini e ragazzi, non smettendo mai di immaginare con loro e per loro un altrimenti e un altrove.<\/p>\n<p>Il volume \u00e8 il quarto numero della collana <a href=\"https:\/\/www.guerini.it\/index.php\/categoria-prodotto\/default-category\/psicologia-pedagogia\/processi-formativi-e-scienze-dell-educazione-educare-nel-margine\/\"><em>Processi formativi e scienze dell&#8217;educazione &#8211; Educare nel margine<\/em><\/a><\/p>\n<hr \/>\n<p style=\"text-align: justify;\"><strong>Gennaro Pagano<\/strong>, psicologo e psicoterapeuta, specializzato in Psicologia dello sviluppo e dell\u2019educazione, dottorando di ricerca in Psicologia presso l\u2019Universit\u00e0 Pontificia Salesiana, \u00e8 direttore della Fondazione Centro Educativo Diocesano Regina Pacis e Responsabile del Servizio di Psicologia clinica dell\u2019Ospedale S. Maria del Buon Consiglio \u2013 Fatebenefratelli di Napoli. \u00c8 cappellano dell\u2019Istituto Penale Minorile di Nisida. Per Guerini ha gi\u00e0 pubblicato: <a href=\"https:\/\/www.guerini.it\/index.php\/prodotto\/liberta-marginali\/\"><em>Libert\u00e0 marginali. La sfida educativa tra devianza delinquenza e sistema camorristico<\/em><\/a> (2019), con F. Sabatano.<\/p>\n<p style=\"text-align: justify;\"><strong>Fausta Sabatano<\/strong>, ideatrice del Metodo Integra, \u00e8 coordinatore pedagogico del Centro Educativo Diocesano Regina Pacis, dove \u00e8 responsabile della formazione degli educatori e supervisore pedagogico. Dal 2015, \u00e8 Professore di Scienze Umane e coordinatore scientifico del Centro territoriale di supporto per l\u2019inclusione (CTS) della Provincia di Caserta. I suoi principali interessi professionali e di ricerca si riferiscono ai processi di formazione e di educazione in contesti di devianza, disagio e marginalit\u00e0. Per Guerini ha gi\u00e0 pubblicato: <a href=\"https:\/\/www.guerini.it\/index.php\/prodotto\/la-scelta-dell-inclusione\/\"><em>La scelta dell\u2019inclusione. Progettare l\u2019educazione in contesti di disagio sociale<\/em><\/a> (2015) e <em>Libert\u00e0 marginali. La sfida educativa tra devianza delinquenza e sistema camorristico<\/em> (2019), con G. Pagano.<\/p>\n<p style=\"text-align: justify;\"><strong>Permalink:\u00a0<a href=\"http:\/\/digital.casalini.it\/9788881953813\">http:\/\/digital.casalini.it\/9788881953813<\/a><\/strong><\/p>\n","protected":false},"excerpt":{"rendered":"<p style=\"text-align: justify;\">L\u2019impegno educativo nell\u2019ambito del disagio, della marginalit\u00e0, della devianza, richiede un\u2019identit\u00e0 teorica forte che in qualche modo faccia da bussola per aiutare l\u2019educatore a navigare le \u00abagitate acque\u00bb dell\u2019emergenza sociale. Un\u2019intenzionalit\u00e0 pedagogica che deve esprimersi in un movimento continuo di andata e ritorno tra teoria e prassi, affinch\u00e9 quest\u2019ultima non cada nell\u2019improvvisazione, nell\u2019estemporaneo, nel casuale, o in una forma pi\u00f9 o meno esplicita di buon senso, e la riflessione teorica non divenga fine a se stessa, perdendosi nell\u2019astrazione. Il Metodo Integra nasce da un\u2019attivit\u00e0 di continua autoriflessione e condivisione di pratiche educative, dal dialogo costante tra teoria e prassi, a valle di anni di lavoro in contesti di particolare difficolt\u00e0. Una difficolt\u00e0 legata alla carenza del tessuto sociale che rende una storia difficile enormemente pi\u00f9 difficile, proprio perch\u00e9 il contesto non sostiene la difficolt\u00e0: il bambino con difficolt\u00e0 spesso vive in una famiglia difficile, in un quartiere difficile, in una citt\u00e0 difficile, in una Regione difficile. Educare in queste situazioni significa riuscire ad incarnare le teorie e orientare le pratiche nel confronto con questo quotidiano, con questi bambini e ragazzi, non smettendo mai di immaginare con loro e per loro un altrimenti e un altrove.<\/p>\n","protected":false},"featured_media":23842,"template":"","meta":{"_editorskit_title_hidden":false,"_editorskit_reading_time":0,"_editorskit_is_block_options_detached":false,"_editorskit_block_options_position":"{}","_monsterinsights_skip_tracking":false,"_monsterinsights_sitenote_active":false,"_monsterinsights_sitenote_note":"","_monsterinsights_sitenote_category":0},"product_brand":[],"product_cat":[6536,6688],"product_tag":[6819,6822,7067,7653,7532],"class_list":{"0":"post-16430","1":"product","2":"type-product","3":"status-publish","4":"has-post-thumbnail","6":"product_cat-psicologia-pedagogia","7":"product_cat-processi-formativi-e-scienze-dell-educazione-educare-nel-margine","8":"product_tag-didattica","9":"product_tag-educazione","10":"product_tag-inclusione","11":"product_tag-pedagogia","12":"product_tag-universita","13":"pa_fulfillment-default","14":"pa_guerini_feltrinelli_link-61-httpswwwlafeltrinelliitlib","15":"pa_guerini_link_amazon-f0-httpswwwamazonitdpb086yrz3","16":"pa_guerini_link_apple_ibook-15-httpsbooksapplecomitbookol","17":"pa_guerini_link_bookrepublic-53-httpswwwbookrepubliciteboo","18":"pa_guerini_link_ediermes-2f-httpsstoredigibook24comiti","19":"pa_guerini_link_giunti_punto-c3-httpswwwgiuntialpuntoitpro","20":"pa_guerini_link_ibs-2c-httpswwwawin1comcreadphpaw","21":"pa_guerini_link_kobo-73-httpswwwkobocomititebookol","22":"pa_guerini_link_lafeltrinelli-46-httpswwwawin1comcreadphpaw","23":"pa_guerini_link_mondadori-b8-httpswwwmondadoristoreitol","24":"pa_guerini_mondadori_link-95-httpswwwmondadoristoreitol","26":"first","27":"instock","28":"sale","29":"shipping-taxable","30":"purchasable","31":"product-type-simple"},"yoast_head":"<!-- This site is optimized with the Yoast SEO plugin v25.4 - https:\/\/yoast.com\/wordpress\/plugins\/seo\/ -->\n<title>Oltre il disagio - Guerini e Associati<\/title>\n<meta name=\"robots\" content=\"index, follow, max-snippet:-1, max-image-preview:large, max-video-preview:-1\" \/>\n<link rel=\"canonical\" href=\"https:\/\/www.guerini.it\/index.php\/prodotto\/oltre-il-disagio\/\" \/>\n<meta property=\"og:locale\" content=\"it_IT\" \/>\n<meta property=\"og:type\" content=\"article\" \/>\n<meta property=\"og:title\" content=\"Oltre il disagio - Guerini e Associati\" \/>\n<meta property=\"og:description\" content=\"L\u2019impegno educativo nell\u2019ambito del disagio, della marginalit\u00e0, della devianza, richiede un\u2019identit\u00e0 teorica forte che in qualche modo faccia da bussola per aiutare l\u2019educatore a navigare le \u00abagitate acque\u00bb dell\u2019emergenza sociale. Un\u2019intenzionalit\u00e0 pedagogica che deve esprimersi in un movimento continuo di andata e ritorno tra teoria e prassi, affinch\u00e9 quest\u2019ultima non cada nell\u2019improvvisazione, nell\u2019estemporaneo, nel casuale, o in una forma pi\u00f9 o meno esplicita di buon senso, e la riflessione teorica non divenga fine a se stessa, perdendosi nell\u2019astrazione. Il Metodo Integra nasce da un\u2019attivit\u00e0 di continua autoriflessione e condivisione di pratiche educative, dal dialogo costante tra teoria e prassi, a valle di anni di lavoro in contesti di particolare difficolt\u00e0. Una difficolt\u00e0 legata alla carenza del tessuto sociale che rende una storia difficile enormemente pi\u00f9 difficile, proprio perch\u00e9 il contesto non sostiene la difficolt\u00e0: il bambino con difficolt\u00e0 spesso vive in una famiglia difficile, in un quartiere difficile, in una citt\u00e0 difficile, in una Regione difficile. Educare in queste situazioni significa riuscire ad incarnare le teorie e orientare le pratiche nel confronto con questo quotidiano, con questi bambini e ragazzi, non smettendo mai di immaginare con loro e per loro un altrimenti e un altrove.\" \/>\n<meta property=\"og:url\" content=\"https:\/\/www.guerini.it\/index.php\/prodotto\/oltre-il-disagio\/\" \/>\n<meta property=\"og:site_name\" content=\"Guerini e Associati\" \/>\n<meta property=\"article:modified_time\" content=\"2024-06-12T12:35:44+00:00\" \/>\n<meta property=\"og:image\" content=\"https:\/\/www.guerini.it\/wp-content\/uploads\/2020\/03\/Oltre-il-disagio-scaled.webp\" \/>\n\t<meta property=\"og:image:width\" content=\"1664\" \/>\n\t<meta property=\"og:image:height\" content=\"2560\" \/>\n\t<meta property=\"og:image:type\" content=\"image\/webp\" \/>\n<meta name=\"twitter:card\" content=\"summary_large_image\" \/>\n<meta name=\"twitter:label1\" content=\"Tempo di lettura stimato\" \/>\n\t<meta name=\"twitter:data1\" content=\"3 minuti\" \/>\n<!-- \/ Yoast SEO plugin. -->","yoast_head_json":{"title":"Oltre il disagio - Guerini e Associati","robots":{"index":"index","follow":"follow","max-snippet":"max-snippet:-1","max-image-preview":"max-image-preview:large","max-video-preview":"max-video-preview:-1"},"canonical":"https:\/\/www.guerini.it\/index.php\/prodotto\/oltre-il-disagio\/","og_locale":"it_IT","og_type":"article","og_title":"Oltre il disagio - Guerini e Associati","og_description":"L\u2019impegno educativo nell\u2019ambito del disagio, della marginalit\u00e0, della devianza, richiede un\u2019identit\u00e0 teorica forte che in qualche modo faccia da bussola per aiutare l\u2019educatore a navigare le \u00abagitate acque\u00bb dell\u2019emergenza sociale. Un\u2019intenzionalit\u00e0 pedagogica che deve esprimersi in un movimento continuo di andata e ritorno tra teoria e prassi, affinch\u00e9 quest\u2019ultima non cada nell\u2019improvvisazione, nell\u2019estemporaneo, nel casuale, o in una forma pi\u00f9 o meno esplicita di buon senso, e la riflessione teorica non divenga fine a se stessa, perdendosi nell\u2019astrazione. Il Metodo Integra nasce da un\u2019attivit\u00e0 di continua autoriflessione e condivisione di pratiche educative, dal dialogo costante tra teoria e prassi, a valle di anni di lavoro in contesti di particolare difficolt\u00e0. Una difficolt\u00e0 legata alla carenza del tessuto sociale che rende una storia difficile enormemente pi\u00f9 difficile, proprio perch\u00e9 il contesto non sostiene la difficolt\u00e0: il bambino con difficolt\u00e0 spesso vive in una famiglia difficile, in un quartiere difficile, in una citt\u00e0 difficile, in una Regione difficile. Educare in queste situazioni significa riuscire ad incarnare le teorie e orientare le pratiche nel confronto con questo quotidiano, con questi bambini e ragazzi, non smettendo mai di immaginare con loro e per loro un altrimenti e un altrove.","og_url":"https:\/\/www.guerini.it\/index.php\/prodotto\/oltre-il-disagio\/","og_site_name":"Guerini e Associati","article_modified_time":"2024-06-12T12:35:44+00:00","og_image":[{"width":1664,"height":2560,"url":"https:\/\/www.guerini.it\/wp-content\/uploads\/2020\/03\/Oltre-il-disagio-scaled.webp","type":"image\/webp"}],"twitter_card":"summary_large_image","twitter_misc":{"Tempo di lettura stimato":"3 minuti"},"schema":{"@context":"https:\/\/schema.org","@graph":[{"@type":"WebPage","@id":"https:\/\/www.guerini.it\/index.php\/prodotto\/oltre-il-disagio\/","url":"https:\/\/www.guerini.it\/index.php\/prodotto\/oltre-il-disagio\/","name":"Oltre il disagio - Guerini e Associati","isPartOf":{"@id":"https:\/\/www.guerini.it\/#website"},"primaryImageOfPage":{"@id":"https:\/\/www.guerini.it\/index.php\/prodotto\/oltre-il-disagio\/#primaryimage"},"image":{"@id":"https:\/\/www.guerini.it\/index.php\/prodotto\/oltre-il-disagio\/#primaryimage"},"thumbnailUrl":"https:\/\/www.guerini.it\/wp-content\/uploads\/2020\/03\/Oltre-il-disagio-scaled.webp","datePublished":"2020-03-02T07:56:59+00:00","dateModified":"2024-06-12T12:35:44+00:00","breadcrumb":{"@id":"https:\/\/www.guerini.it\/index.php\/prodotto\/oltre-il-disagio\/#breadcrumb"},"inLanguage":"it-IT","potentialAction":[{"@type":"ReadAction","target":["https:\/\/www.guerini.it\/index.php\/prodotto\/oltre-il-disagio\/"]}]},{"@type":"ImageObject","inLanguage":"it-IT","@id":"https:\/\/www.guerini.it\/index.php\/prodotto\/oltre-il-disagio\/#primaryimage","url":"https:\/\/www.guerini.it\/wp-content\/uploads\/2020\/03\/Oltre-il-disagio-scaled.webp","contentUrl":"https:\/\/www.guerini.it\/wp-content\/uploads\/2020\/03\/Oltre-il-disagio-scaled.webp","width":1664,"height":2560,"caption":"Copertina del volume Oltre il disagio, Guerini Scientifica, 2020"},{"@type":"BreadcrumbList","@id":"https:\/\/www.guerini.it\/index.php\/prodotto\/oltre-il-disagio\/#breadcrumb","itemListElement":[{"@type":"ListItem","position":1,"name":"Home","item":"https:\/\/www.guerini.it\/"},{"@type":"ListItem","position":2,"name":"Catalogo","item":"https:\/\/www.guerini.it\/index.php\/negozio\/"},{"@type":"ListItem","position":3,"name":"Oltre il disagio"}]},{"@type":"WebSite","@id":"https:\/\/www.guerini.it\/#website","url":"https:\/\/www.guerini.it\/","name":"Guerini e Associati","description":"30 anni di libri, idee e libert\u00e0","publisher":{"@id":"https:\/\/www.guerini.it\/#organization"},"potentialAction":[{"@type":"SearchAction","target":{"@type":"EntryPoint","urlTemplate":"https:\/\/www.guerini.it\/?s={search_term_string}"},"query-input":{"@type":"PropertyValueSpecification","valueRequired":true,"valueName":"search_term_string"}}],"inLanguage":"it-IT"},{"@type":"Organization","@id":"https:\/\/www.guerini.it\/#organization","name":"Guerini e Associati","url":"https:\/\/www.guerini.it\/","logo":{"@type":"ImageObject","inLanguage":"it-IT","@id":"https:\/\/www.guerini.it\/#\/schema\/logo\/image\/","url":"https:\/\/www.guerini.it\/wp-content\/uploads\/2021\/03\/Logo-Guerini-OK_-e1615831292285.png","contentUrl":"https:\/\/www.guerini.it\/wp-content\/uploads\/2021\/03\/Logo-Guerini-OK_-e1615831292285.png","width":2805,"height":1870,"caption":"Guerini e Associati"},"image":{"@id":"https:\/\/www.guerini.it\/#\/schema\/logo\/image\/"}}]}},"_links":{"self":[{"href":"https:\/\/www.guerini.it\/index.php\/wp-json\/wp\/v2\/product\/16430","targetHints":{"allow":["GET"]}}],"collection":[{"href":"https:\/\/www.guerini.it\/index.php\/wp-json\/wp\/v2\/product"}],"about":[{"href":"https:\/\/www.guerini.it\/index.php\/wp-json\/wp\/v2\/types\/product"}],"wp:featuredmedia":[{"embeddable":true,"href":"https:\/\/www.guerini.it\/index.php\/wp-json\/wp\/v2\/media\/23842"}],"wp:attachment":[{"href":"https:\/\/www.guerini.it\/index.php\/wp-json\/wp\/v2\/media?parent=16430"}],"wp:term":[{"taxonomy":"product_brand","embeddable":true,"href":"https:\/\/www.guerini.it\/index.php\/wp-json\/wp\/v2\/product_brand?post=16430"},{"taxonomy":"product_cat","embeddable":true,"href":"https:\/\/www.guerini.it\/index.php\/wp-json\/wp\/v2\/product_cat?post=16430"},{"taxonomy":"product_tag","embeddable":true,"href":"https:\/\/www.guerini.it\/index.php\/wp-json\/wp\/v2\/product_tag?post=16430"}],"curies":[{"name":"wp","href":"https:\/\/api.w.org\/{rel}","templated":true}]}}