{"id":16448,"date":"2020-03-18T09:47:30","date_gmt":"2020-03-18T08:47:30","guid":{"rendered":"https:\/\/test.guerini.it\/?product=concorso-a-cattedra-2020-scuola-dell-infanzia-webinar-ed-espansioni-online"},"modified":"2024-06-12T14:40:28","modified_gmt":"2024-06-12T12:40:28","slug":"concorso-a-cattedra-2020-scuola-dell-infanzia-webinar-ed-espansioni-online","status":"publish","type":"product","link":"https:\/\/www.guerini.it\/index.php\/prodotto\/concorso-a-cattedra-2020-scuola-dell-infanzia-webinar-ed-espansioni-online\/","title":{"rendered":"Concorso a cattedra 2020 | Scuola dell&#8217;infanzia | Volume 2"},"content":{"rendered":"<p style=\"text-align: justify;\">Qual \u00e8 la possibile chiave di lettura di questo manuale dedicato alle unit\u00e0 di apprendimento da destinare alla Scuola dell\u2019infanzia? Certamente quella di creare un percorso che vuole interrogarsi sul senso del fare scuola e che intende formulare risposte e proposte valide per chi dovr\u00e0 essere protagonista, insieme alle bambine e ai bambini, del processo di insegnamento\/apprendimento.<br \/>\nPartendo da questa idea di base, professionisti del mondo della scuola riflettono sulle ragioni che motivano e animano la programmazione curricolare e interdisciplinare della sezione e ne delineano un modello che, ancorato a una profonda conoscenza psicopedagogica e normativa, possa rispondere sia all\u2019esigenza di innovare le pratiche didattiche sia a quella di gestire efficacemente gli ambienti di apprendimento.<br \/>\nDalla riflessione si arriva, cos\u00ec, alla progettazione di esperienze di apprendimento significativo che tengono costantemente conto del curriculum per competenze, affinch\u00e9 gli alunni siano coinvolti nella scoperta del s\u00e9 e dell\u2019altro, nel processo di consapevolezza e nello sviluppo graduale della loro persona.<br \/>\nLe Unit\u00e0 di Apprendimento, nate dall\u2019esperienza di chi opera quotidianamente nella scuola, si presentano come l\u2019espressione di una pluralit\u00e0 di percorsi possibili in cui anche le tecnologie, insieme ai processi logici e comunicativi, alle emozioni e ai sensi, possono giocare un ruolo rilevante nell\u2019azione didattica ed educativa.<\/p>\n<p><strong>Sono disponibili WEBINAR gratuiti di approfondimento online. All&#8217;interno del libro sono presenti le istruzioni per accedervi.<\/strong><\/p>\n<p><strong>Scopri gli altri volumi della serie di Manuali cliccando <a href=\"https:\/\/guerini.it\/index.php\/psicologia-pedagogia\/concorso-a-cattedra.html\" target=\"_blank\" rel=\"noopener\">qui<\/a><\/strong><\/p>\n<hr \/>\n<p style=\"text-align: justify;\"><strong style=\"text-align: justify;\">Antonello Giannelli<\/strong><span style=\"text-align: justify;\">, Presidente dell\u2019ANP (Associazione nazionale dirigenti pubblici e alte professionalit\u00e0 della scuola), \u00e8 dirigente tecnico ed \u00e8 stato in precedenza dirigente scolastico e preside incaricato. Esperto di tematiche organizzative, gestionali e giuridiche afferenti al settore scolastico, fautore dell\u2019innovazione didattica, \u00e8 autore di numerose pubblicazioni di diritto scolastico. Per le nostre edizioni ha pubblicato <\/span><a style=\"text-align: justify;\" href=\"https:\/\/guerini.it\/index.php\/guida-teorico-pratica-per-i-dirigenti-delle-scuole.html\" target=\"_blank\" rel=\"noopener\"><em>Guida teorico-pratica per i dirigenti delle scuole<\/em> <\/a><span style=\"text-align: justify;\">(2015), <\/span><em style=\"text-align: justify;\"><a href=\"https:\/\/guerini.it\/index.php\/concorso-dirigenti-scolastici.html\" target=\"_blank\" rel=\"noopener\">Concorso dirigenti scolastici. Manuale per la preparazione<\/a><\/em><span style=\"text-align: justify;\"> (2017),<\/span><em style=\"text-align: justify;\"> <a href=\"https:\/\/guerini.it\/index.php\/concorso-dirigenti-scolastici-prova-orale-prevendita.html\" target=\"_blank\" rel=\"noopener\">Concorso dirigenti scolastici. Prova orale<\/a><\/em><span style=\"text-align: justify;\"> (a cura, 2019), <\/span><em style=\"text-align: justify;\"><a href=\"https:\/\/guerini.it\/index.php\/prevendita-concorso-dirigenti-scolastici-2019.html\" target=\"_blank\" rel=\"noopener\">Concorso dirigenti scolastici. Edizione aggiornata<\/a> <\/em><span style=\"text-align: justify;\">(2019), <\/span><em style=\"text-align: justify;\"><a href=\"https:\/\/guerini.it\/index.php\/rivoluzionare-la-scuola-con-gentilezza.html\" target=\"_blank\" rel=\"noopener\">Rivoluzionare la scuola con gentilezza<\/a><\/em><span style=\"text-align: justify;\">. Idee e proposte didattiche per vincere una delle maggiori sfide del XXI secolo (2019).<\/span><\/p>\n<p style=\"text-align: justify;\"><strong>Raffaella Briani<\/strong>, attualmente distaccata presso l\u2019ANP (Associazione nazionale dirigenti pubblici e alte professionalit\u00e0 della scuola), \u00e8 dirigente scolastico dal 2012. Abilitata all\u2019esercizio della professione forense, \u00e8 autrice di diverse pubblicazioni di diritto amministrativo e di giustizia amministrativa, tra cui la monografia<em> L\u2019istruzione probatoria nel processo amministrativo<\/em> (Milano 2013).<\/p>\n<p style=\"text-align: justify;\"><strong>Sandra Scicolone<\/strong>, attuale componente dello staff Nazionale dell\u2019ANP (Associazione nazionale dirigenti pubblici e alte professionalit\u00e0 della scuola), \u00e8 dirigente scolastico dal 2013. Svolge intensa attivit\u00e0 di formazione e aggiornamento per dirigenti e docenti su tematiche organizzative e didattiche. Come autore ha contribuito, di recente, al manuale <em>Concorso dirigenti scolastici. Prova Orale <\/em>(2019), pubblicato presso le nostre edizioni.<\/p>\n","protected":false},"excerpt":{"rendered":"<p>Secondo volume della serie di manuali curata da Antonello Giannelli per il Concorso a cattedra 2020, Scuola dell&#8217;infanzia. Contiene una raccolta di esempi pratici, che rappresentano il frutto del lavoro decennale di insegnanti e presidi all&#8217;avanguardia nel rinnovamento della scuola italiana. A partire dalle indicazioni per costruire un&#8217;UDA (Unit\u00e0 Didattica di Apprendimento), il volume presenta numerosi esempi pratici di progettazione curricolare e interdisciplinare, con l&#8217;illustrazione puntuale dei casi. Vengono poi trattati gli aspetti specifici delle diverse aree disciplinari, come da Indicazioni Nazionali 2012. Per essere pronti ad affrontare tutti i quesiti relativi agli aspetti pratici dell&#8217;insegnamento.<\/p>\n","protected":false},"featured_media":23387,"template":"","meta":{"_editorskit_title_hidden":false,"_editorskit_reading_time":0,"_editorskit_is_block_options_detached":false,"_editorskit_block_options_position":"{}","_monsterinsights_skip_tracking":false,"_monsterinsights_sitenote_active":false,"_monsterinsights_sitenote_note":"","_monsterinsights_sitenote_category":0},"product_brand":[],"product_cat":[6787,8379,6536,6692],"product_tag":[],"class_list":{"0":"post-16448","1":"product","2":"type-product","3":"status-publish","4":"has-post-thumbnail","6":"product_cat-concorso-pubblico","7":"product_cat-manuali","8":"product_cat-psicologia-pedagogia","9":"product_cat-concorso-a-cattedra","10":"pa_guerini_amazon_link-41-httpswwwamazonitconcorso_c","11":"pa_guerini_feltrinelli_link-00-httpswwwlafeltrinelliitlib","12":"pa_guerini_ibs_link-https-www-ibs-it-concorso-a-cattedra-2020-scuola-libro-vari-e-9788862509985","13":"pa_guerini_libruniver_link-18-httpswwwlibreriauniversita","14":"pa_guerini_link_amazon-https-www-amazon-it-dp-b088nmy4v6-refpd_rhf_dp_p_img_1_encodingutf8psc1refrid6x3rmb9f3k2jq6wkvkp2","15":"pa_guerini_link_apple_ibook-93-httpsbooksapplecomitbookco","16":"pa_guerini_link_giunti_punto-https-www-giuntialpunto-it-product-b088nmy4v6-libri-concorso-cattedra-2020-scuola-dell-infanzia-volume-2-esercizi-pratici-di","17":"pa_guerini_link_google_play-f9-httpsplaygooglecomstoreboo","18":"pa_guerini_link_ibs-https-www-ibs-it-concorso-a-cattedra-2020-scuola-ebook-vari-e-9788881953943","19":"pa_guerini_link_kobo-https-www-kobo-com-it-it-ebook-concorso-a-cattedra-2020-scuola-dell-infanzia-volume-2-esercizi-pratici-di-progettazione-curriculare-e-realizzazione-interdisciplinare-per-uda","20":"pa_guerini_link_lafeltrinelli-https-www-lafeltrinelli-it-concorso-a-cattedra-2020-scuola-ebook-vari-e-9788881953943","21":"pa_guerini_link_mondadori-https-www-mondadoristore-it-concorso-cattedra-2020-scuola-raffaella-briani-sandra-scicolone-a-cura-di-antonello-giannelli-eai978888195394","22":"pa_guerini_mondadori_link-https-www-mondadoristore-it-concorso-cattedra-2020-na-eai978886250998","24":"first","25":"instock","26":"sale","27":"shipping-taxable","28":"purchasable","29":"product-type-simple"},"yoast_head":"<!-- This site is optimized with the Yoast SEO plugin v25.4 - https:\/\/yoast.com\/wordpress\/plugins\/seo\/ -->\n<title>Concorso a cattedra 2020 | Scuola dell&#039;infanzia | Volume 2 - Guerini e Associati<\/title>\n<meta name=\"robots\" content=\"index, follow, max-snippet:-1, max-image-preview:large, max-video-preview:-1\" \/>\n<link rel=\"canonical\" href=\"https:\/\/www.guerini.it\/index.php\/prodotto\/concorso-a-cattedra-2020-scuola-dell-infanzia-webinar-ed-espansioni-online\/\" \/>\n<meta property=\"og:locale\" content=\"it_IT\" \/>\n<meta property=\"og:type\" content=\"article\" \/>\n<meta property=\"og:title\" content=\"Concorso a cattedra 2020 | Scuola dell&#039;infanzia | Volume 2 - Guerini e Associati\" \/>\n<meta property=\"og:description\" content=\"Secondo volume della serie di manuali curata da Antonello Giannelli per il Concorso a cattedra 2020, Scuola dell&#039;infanzia. Contiene una raccolta di esempi pratici, che rappresentano il frutto del lavoro decennale di insegnanti e presidi all&#039;avanguardia nel rinnovamento della scuola italiana. A partire dalle indicazioni per costruire un&#039;UDA (Unit\u00e0 Didattica di Apprendimento), il volume presenta numerosi esempi pratici di progettazione curricolare e interdisciplinare, con l&#039;illustrazione puntuale dei casi. Vengono poi trattati gli aspetti specifici delle diverse aree disciplinari, come da Indicazioni Nazionali 2012. Per essere pronti ad affrontare tutti i quesiti relativi agli aspetti pratici dell&#039;insegnamento.\" \/>\n<meta property=\"og:url\" content=\"https:\/\/www.guerini.it\/index.php\/prodotto\/concorso-a-cattedra-2020-scuola-dell-infanzia-webinar-ed-espansioni-online\/\" \/>\n<meta property=\"og:site_name\" content=\"Guerini e Associati\" \/>\n<meta property=\"article:modified_time\" content=\"2024-06-12T12:40:28+00:00\" \/>\n<meta property=\"og:image\" content=\"https:\/\/www.guerini.it\/wp-content\/uploads\/2020\/03\/Concorso-a-cattedra-2020-scuola-infanzia-2.webp\" \/>\n\t<meta property=\"og:image:width\" content=\"708\" \/>\n\t<meta property=\"og:image:height\" content=\"1000\" \/>\n\t<meta property=\"og:image:type\" content=\"image\/webp\" \/>\n<meta name=\"twitter:card\" content=\"summary_large_image\" \/>\n<meta name=\"twitter:label1\" content=\"Tempo di lettura stimato\" \/>\n\t<meta name=\"twitter:data1\" content=\"3 minuti\" \/>\n<!-- \/ Yoast SEO plugin. -->","yoast_head_json":{"title":"Concorso a cattedra 2020 | Scuola dell'infanzia | Volume 2 - Guerini e Associati","robots":{"index":"index","follow":"follow","max-snippet":"max-snippet:-1","max-image-preview":"max-image-preview:large","max-video-preview":"max-video-preview:-1"},"canonical":"https:\/\/www.guerini.it\/index.php\/prodotto\/concorso-a-cattedra-2020-scuola-dell-infanzia-webinar-ed-espansioni-online\/","og_locale":"it_IT","og_type":"article","og_title":"Concorso a cattedra 2020 | Scuola dell'infanzia | Volume 2 - Guerini e Associati","og_description":"Secondo volume della serie di manuali curata da Antonello Giannelli per il Concorso a cattedra 2020, Scuola dell'infanzia. Contiene una raccolta di esempi pratici, che rappresentano il frutto del lavoro decennale di insegnanti e presidi all'avanguardia nel rinnovamento della scuola italiana. A partire dalle indicazioni per costruire un'UDA (Unit\u00e0 Didattica di Apprendimento), il volume presenta numerosi esempi pratici di progettazione curricolare e interdisciplinare, con l'illustrazione puntuale dei casi. Vengono poi trattati gli aspetti specifici delle diverse aree disciplinari, come da Indicazioni Nazionali 2012. Per essere pronti ad affrontare tutti i quesiti relativi agli aspetti pratici dell'insegnamento.","og_url":"https:\/\/www.guerini.it\/index.php\/prodotto\/concorso-a-cattedra-2020-scuola-dell-infanzia-webinar-ed-espansioni-online\/","og_site_name":"Guerini e Associati","article_modified_time":"2024-06-12T12:40:28+00:00","og_image":[{"width":708,"height":1000,"url":"https:\/\/www.guerini.it\/wp-content\/uploads\/2020\/03\/Concorso-a-cattedra-2020-scuola-infanzia-2.webp","type":"image\/webp"}],"twitter_card":"summary_large_image","twitter_misc":{"Tempo di lettura stimato":"3 minuti"},"schema":{"@context":"https:\/\/schema.org","@graph":[{"@type":"WebPage","@id":"https:\/\/www.guerini.it\/index.php\/prodotto\/concorso-a-cattedra-2020-scuola-dell-infanzia-webinar-ed-espansioni-online\/","url":"https:\/\/www.guerini.it\/index.php\/prodotto\/concorso-a-cattedra-2020-scuola-dell-infanzia-webinar-ed-espansioni-online\/","name":"Concorso a cattedra 2020 | Scuola dell'infanzia | Volume 2 - Guerini e Associati","isPartOf":{"@id":"https:\/\/www.guerini.it\/#website"},"primaryImageOfPage":{"@id":"https:\/\/www.guerini.it\/index.php\/prodotto\/concorso-a-cattedra-2020-scuola-dell-infanzia-webinar-ed-espansioni-online\/#primaryimage"},"image":{"@id":"https:\/\/www.guerini.it\/index.php\/prodotto\/concorso-a-cattedra-2020-scuola-dell-infanzia-webinar-ed-espansioni-online\/#primaryimage"},"thumbnailUrl":"https:\/\/www.guerini.it\/wp-content\/uploads\/2020\/03\/Concorso-a-cattedra-2020-scuola-infanzia-2.webp","datePublished":"2020-03-18T08:47:30+00:00","dateModified":"2024-06-12T12:40:28+00:00","breadcrumb":{"@id":"https:\/\/www.guerini.it\/index.php\/prodotto\/concorso-a-cattedra-2020-scuola-dell-infanzia-webinar-ed-espansioni-online\/#breadcrumb"},"inLanguage":"it-IT","potentialAction":[{"@type":"ReadAction","target":["https:\/\/www.guerini.it\/index.php\/prodotto\/concorso-a-cattedra-2020-scuola-dell-infanzia-webinar-ed-espansioni-online\/"]}]},{"@type":"ImageObject","inLanguage":"it-IT","@id":"https:\/\/www.guerini.it\/index.php\/prodotto\/concorso-a-cattedra-2020-scuola-dell-infanzia-webinar-ed-espansioni-online\/#primaryimage","url":"https:\/\/www.guerini.it\/wp-content\/uploads\/2020\/03\/Concorso-a-cattedra-2020-scuola-infanzia-2.webp","contentUrl":"https:\/\/www.guerini.it\/wp-content\/uploads\/2020\/03\/Concorso-a-cattedra-2020-scuola-infanzia-2.webp","width":708,"height":1000,"caption":"Copertina del volume Concorso a cattedra 2020. Scuola dell\u2019infanzia. Volume 2, Guerini e Associati, 2020"},{"@type":"BreadcrumbList","@id":"https:\/\/www.guerini.it\/index.php\/prodotto\/concorso-a-cattedra-2020-scuola-dell-infanzia-webinar-ed-espansioni-online\/#breadcrumb","itemListElement":[{"@type":"ListItem","position":1,"name":"Home","item":"https:\/\/www.guerini.it\/"},{"@type":"ListItem","position":2,"name":"Catalogo","item":"https:\/\/www.guerini.it\/index.php\/negozio\/"},{"@type":"ListItem","position":3,"name":"Concorso a cattedra 2020 | Scuola dell&#8217;infanzia | Volume 2"}]},{"@type":"WebSite","@id":"https:\/\/www.guerini.it\/#website","url":"https:\/\/www.guerini.it\/","name":"Guerini e Associati","description":"30 anni di libri, idee e libert\u00e0","publisher":{"@id":"https:\/\/www.guerini.it\/#organization"},"potentialAction":[{"@type":"SearchAction","target":{"@type":"EntryPoint","urlTemplate":"https:\/\/www.guerini.it\/?s={search_term_string}"},"query-input":{"@type":"PropertyValueSpecification","valueRequired":true,"valueName":"search_term_string"}}],"inLanguage":"it-IT"},{"@type":"Organization","@id":"https:\/\/www.guerini.it\/#organization","name":"Guerini e Associati","url":"https:\/\/www.guerini.it\/","logo":{"@type":"ImageObject","inLanguage":"it-IT","@id":"https:\/\/www.guerini.it\/#\/schema\/logo\/image\/","url":"https:\/\/www.guerini.it\/wp-content\/uploads\/2021\/03\/Logo-Guerini-OK_-e1615831292285.png","contentUrl":"https:\/\/www.guerini.it\/wp-content\/uploads\/2021\/03\/Logo-Guerini-OK_-e1615831292285.png","width":2805,"height":1870,"caption":"Guerini e Associati"},"image":{"@id":"https:\/\/www.guerini.it\/#\/schema\/logo\/image\/"}}]}},"_links":{"self":[{"href":"https:\/\/www.guerini.it\/index.php\/wp-json\/wp\/v2\/product\/16448","targetHints":{"allow":["GET"]}}],"collection":[{"href":"https:\/\/www.guerini.it\/index.php\/wp-json\/wp\/v2\/product"}],"about":[{"href":"https:\/\/www.guerini.it\/index.php\/wp-json\/wp\/v2\/types\/product"}],"wp:featuredmedia":[{"embeddable":true,"href":"https:\/\/www.guerini.it\/index.php\/wp-json\/wp\/v2\/media\/23387"}],"wp:attachment":[{"href":"https:\/\/www.guerini.it\/index.php\/wp-json\/wp\/v2\/media?parent=16448"}],"wp:term":[{"taxonomy":"product_brand","embeddable":true,"href":"https:\/\/www.guerini.it\/index.php\/wp-json\/wp\/v2\/product_brand?post=16448"},{"taxonomy":"product_cat","embeddable":true,"href":"https:\/\/www.guerini.it\/index.php\/wp-json\/wp\/v2\/product_cat?post=16448"},{"taxonomy":"product_tag","embeddable":true,"href":"https:\/\/www.guerini.it\/index.php\/wp-json\/wp\/v2\/product_tag?post=16448"}],"curies":[{"name":"wp","href":"https:\/\/api.w.org\/{rel}","templated":true}]}}