{"id":16480,"date":"2020-07-06T09:53:10","date_gmt":"2020-07-06T07:53:10","guid":{"rendered":"https:\/\/test.guerini.it\/?product=concorso-a-cattedra-2020-scuola-secondaria-volume-1"},"modified":"2024-06-12T14:40:54","modified_gmt":"2024-06-12T12:40:54","slug":"concorso-a-cattedra-2020-scuola-secondaria-volume-1","status":"publish","type":"product","link":"https:\/\/www.guerini.it\/index.php\/prodotto\/concorso-a-cattedra-2020-scuola-secondaria-volume-1\/","title":{"rendered":"Concorso a cattedra 2020 | Scuola secondaria | Volume 1"},"content":{"rendered":"<p style=\"text-align: justify;\">Un unico manuale per la scuola secondaria di primo e secondo grado, per prepararsi alla prova preselettiva, alla prova scritta e alla prova orale, con contributi di insegnanti e dirigenti di scuole secondarie, impegnati nel rinnovamento della didattica. Il quadro legislativo parte dalla Costituzione per arrivare alle indicazioni nazionali sul curriculum e alla certificazione delle competenze, compresi gli esami finali di ogni ciclo; gli aspetti psicopedagogici sono approfonditi con apposite schede modulate sulle et\u00e0 degli studenti; la progettazione educativo-didattica esplora i diversi ambiti, dall&#8217;ambiente di apprendimento ai bisogni educativi speciali, alla prevenzione del bullismo, al potenziamento delle competenze digitali. La cassetta degli attrezzi indispensabile per la preparazione a tutte le prove del concorso.<\/p>\n<p style=\"text-align: left;\"><strong>Sono disponibili WEBINAR gratuiti di approfondimento online. All&#8217;interno del libro sono presenti le istruzioni per accedervi.<\/strong><\/p>\n<hr \/>\n<p style=\"text-align: justify;\"><strong>Antonello Giannelli<\/strong>, Presidente dell\u2019ANP (Associazione nazionale dirigenti pubblici e alte professionalit\u00e0 della scuola), \u00e8 dirigente tecnico ed \u00e8 stato in precedenza dirigente scolastico e preside incaricato. Esperto di tematiche organizzative, gestionali e giuridiche afferenti al settore scolastico, fautore dell\u2019innovazione didattica, \u00e8 autore di numerose pubblicazioni di diritto scolastico. Per le nostre edizioni ha pubblicato <a href=\"https:\/\/www.guerini.it\/index.php\/prodotto\/guida-teorico-pratica-per-i-dirigenti-delle-scuole\/\"><em>Guida teorico-pratica per i dirigenti delle scuole<\/em><\/a> (2015), <a href=\"https:\/\/www.guerini.it\/index.php\/prodotto\/concorso-dirigenti-scolastici\/\"><em>Concorso dirigenti scolastici. Manuale per la preparazione<\/em><\/a> (2017), <a href=\"https:\/\/www.guerini.it\/index.php\/prodotto\/concorso-dirigenti-scolastici-prova-orale-prevendita\/\"><em>Concorso dirigenti scolastici. Prova Orale<\/em><\/a> (a cura, 2019), <a href=\"https:\/\/www.guerini.it\/index.php\/prodotto\/prevendita-concorso-dirigenti-scolastici-2019\/\"><em>Concorso dirigenti scolastici. Edizione aggiornata<\/em><\/a> (2019), <em><a href=\"https:\/\/www.guerini.it\/index.php\/prodotto\/rivoluzionare-la-scuola-con-gentilezza\/\">Rivoluzionare la scuola con gentilezza<\/a>. Idee e proposte didattiche per vincere una delle maggiori sfide del XXI secolo<\/em> (2019). Ha curato inoltre i manuali<em> Concorso a cattedra 2020. Scuola dell\u2019infanzia<\/em> (voll. <a href=\"https:\/\/www.guerini.it\/index.php\/prodotto\/concorso-a-cattedra-2020-br-scuola-dell-infanzia-br-webinar-ed-espansioni-online\/\">1<\/a> e <a href=\"https:\/\/www.guerini.it\/index.php\/prodotto\/concorso-a-cattedra-2020-scuola-dell-infanzia-webinar-ed-espansioni-online\/\">2<\/a>) e <em>Concorso a cattedra 2020. Scuola primaria<\/em> (voll. <a href=\"https:\/\/www.guerini.it\/index.php\/prodotto\/concorso-a-cattedra-2020-scuola-primaria-webinar-ed-espansioni-online\/\">1<\/a> e <a href=\"https:\/\/www.guerini.it\/index.php\/prodotto\/concorso-a-cattedra-2020-scuola-primaria-webinar-ed-espansioni-online-2\/\">2<\/a>) (2020).<\/p>\n<p style=\"text-align: justify;\"><strong>Raffaella Briani<\/strong>, attualmente distaccata presso l\u2019ANP (Associazione nazionale dirigenti pubblici e alte professionalit\u00e0 della scuola), \u00e8 dirigente scolastico dal 2012. Abilitata all\u2019esercizio della professione forense, \u00e8 autrice di diverse pubblicazioni di diritto amministrativo e di giustizia amministrativa, tra cui la monografia <em>L\u2019istruzione probatoria nel processo amministrativo<\/em> (Milano 2013). Ha collaborato inoltre alla cura dei manuali <em>Concorso a cattedra 2020. Scuola dell\u2019infanzia<\/em> (voll. 1 e 2) e <em>Concorso a cattedra 2020. Scuola primaria<\/em> (voll. 1 e 2) (2020), pubblicati presso le nostre edizioni.<\/p>\n<p style=\"text-align: justify;\"><strong>Sandra Scicolone<\/strong>, attuale componente dello staff Nazionale dell\u2019ANP (Associazione Nazionale dirigenti pubblici e alte professionalit\u00e0 della scuola), \u00e8 dirigente scolastico dal 2013. Svolge intensa attivit\u00e0 di formazione e aggiornamento per dirigenti e docenti su tematiche organizzative e didattiche. Come autore ha contribuito, di recente, ai manuali <em>Concorso dirigenti scolastici. Prova Orale<\/em> (2019); ha collaborato inoltre alla cura dei manuali <em>Concorso a cattedra 2020. Scuola dell\u2019infanzia<\/em> (voll. 1 e 2) e <em>Concorso a cattedra 2020. Scuola primaria<\/em> (voll. 1 e 2) (2020), tutti pubblicati presso le nostre edizioni.<\/p>\n","protected":false},"excerpt":{"rendered":"<p>Un unico manuale per la scuola secondaria di primo e secondo grado, per prepararsi alla prova preselettiva, alla prova scritta e alla prova orale, con contributi di insegnanti e dirigenti di scuole secondarie, impegnati nel rinnovamento della didattica. Il quadro legislativo parte dalla Costituzione per arrivare alle indicazioni nazionali sul curriculum e alla certificazione delle competenze, compresi gli esami finali di ogni ciclo; gli aspetti psicopedagogici sono approfonditi con apposite schede modulate sulle et\u00e0 degli studenti; la progettazione educativo-didattica esplora i diversi ambiti, dall&#8217;ambiente di apprendimento ai bisogni educativi speciali, alla prevenzione del bullismo, al potenziamento delle competenze digitali. La cassetta degli attrezzi indispensabile per la preparazione a tutte le prove del concorso.<\/p>\n","protected":false},"featured_media":23385,"template":"","meta":{"_editorskit_title_hidden":false,"_editorskit_reading_time":0,"_editorskit_is_block_options_detached":false,"_editorskit_block_options_position":"{}","_monsterinsights_skip_tracking":false,"_monsterinsights_sitenote_active":false,"_monsterinsights_sitenote_note":"","_monsterinsights_sitenote_category":0},"product_brand":[],"product_cat":[6787,8379,6692],"product_tag":[],"class_list":{"0":"post-16480","1":"product","2":"type-product","3":"status-publish","4":"has-post-thumbnail","6":"product_cat-concorso-pubblico","7":"product_cat-manuali","8":"product_cat-concorso-a-cattedra","9":"pa_guerini_amazon_link-08-httpswwwamazonitconcorso_c","10":"pa_guerini_feltrinelli_link-42-httpswwwlafeltrinelliitlib","11":"pa_guerini_ibs_link-a5-httpswwwibsitconcorso_a_ca","12":"pa_guerini_libruniver_link-c3-httpswwwlibreriauniversita","13":"pa_guerini_link_amazon-39-httpswwwamazonitdpb08dkrc3","14":"pa_guerini_link_apple_ibook-56-httpsbooksapplecomitbookco","15":"pa_guerini_link_google_play-50-httpsplaygooglecomstoreboo","16":"pa_guerini_link_ibs-0d-httpswwwibsitconcorso_a_ca","17":"pa_guerini_link_kobo-66-httpswwwkobocomititebookco","18":"pa_guerini_link_lafeltrinelli-3d-httpswwwlafeltrinelliitebo","19":"pa_guerini_link_mondadori-31-httpsgueriniitindexphpadmi","20":"pa_guerini_mondadori_link-75-httpswwwmondadoristoreitco","22":"first","23":"instock","24":"sale","25":"shipping-taxable","26":"purchasable","27":"product-type-simple"},"yoast_head":"<!-- This site is optimized with the Yoast SEO plugin v25.4 - https:\/\/yoast.com\/wordpress\/plugins\/seo\/ -->\n<title>Concorso a cattedra 2020 | Scuola secondaria | Volume 1 - Guerini e Associati<\/title>\n<meta name=\"robots\" content=\"index, follow, max-snippet:-1, max-image-preview:large, max-video-preview:-1\" \/>\n<link rel=\"canonical\" href=\"https:\/\/www.guerini.it\/index.php\/prodotto\/concorso-a-cattedra-2020-scuola-secondaria-volume-1\/\" \/>\n<meta property=\"og:locale\" content=\"it_IT\" \/>\n<meta property=\"og:type\" content=\"article\" \/>\n<meta property=\"og:title\" content=\"Concorso a cattedra 2020 | Scuola secondaria | Volume 1 - Guerini e Associati\" \/>\n<meta property=\"og:description\" content=\"Un unico manuale per la scuola secondaria di primo e secondo grado, per prepararsi alla prova preselettiva, alla prova scritta e alla prova orale, con contributi di insegnanti e dirigenti di scuole secondarie, impegnati nel rinnovamento della didattica. Il quadro legislativo parte dalla Costituzione per arrivare alle indicazioni nazionali sul curriculum e alla certificazione delle competenze, compresi gli esami finali di ogni ciclo; gli aspetti psicopedagogici sono approfonditi con apposite schede modulate sulle et\u00e0 degli studenti; la progettazione educativo-didattica esplora i diversi ambiti, dall&#039;ambiente di apprendimento ai bisogni educativi speciali, alla prevenzione del bullismo, al potenziamento delle competenze digitali. La cassetta degli attrezzi indispensabile per la preparazione a tutte le prove del concorso.\" \/>\n<meta property=\"og:url\" content=\"https:\/\/www.guerini.it\/index.php\/prodotto\/concorso-a-cattedra-2020-scuola-secondaria-volume-1\/\" \/>\n<meta property=\"og:site_name\" content=\"Guerini e Associati\" \/>\n<meta property=\"article:modified_time\" content=\"2024-06-12T12:40:54+00:00\" \/>\n<meta property=\"og:image\" content=\"https:\/\/www.guerini.it\/wp-content\/uploads\/2020\/07\/Concorso-a-cattedra-2020-scuola-secondaria-1-1.webp\" \/>\n\t<meta property=\"og:image:width\" content=\"708\" \/>\n\t<meta property=\"og:image:height\" content=\"1000\" \/>\n\t<meta property=\"og:image:type\" content=\"image\/webp\" \/>\n<meta name=\"twitter:card\" content=\"summary_large_image\" \/>\n<meta name=\"twitter:label1\" content=\"Tempo di lettura stimato\" \/>\n\t<meta name=\"twitter:data1\" content=\"3 minuti\" \/>\n<!-- \/ Yoast SEO plugin. -->","yoast_head_json":{"title":"Concorso a cattedra 2020 | Scuola secondaria | Volume 1 - Guerini e Associati","robots":{"index":"index","follow":"follow","max-snippet":"max-snippet:-1","max-image-preview":"max-image-preview:large","max-video-preview":"max-video-preview:-1"},"canonical":"https:\/\/www.guerini.it\/index.php\/prodotto\/concorso-a-cattedra-2020-scuola-secondaria-volume-1\/","og_locale":"it_IT","og_type":"article","og_title":"Concorso a cattedra 2020 | Scuola secondaria | Volume 1 - Guerini e Associati","og_description":"Un unico manuale per la scuola secondaria di primo e secondo grado, per prepararsi alla prova preselettiva, alla prova scritta e alla prova orale, con contributi di insegnanti e dirigenti di scuole secondarie, impegnati nel rinnovamento della didattica. Il quadro legislativo parte dalla Costituzione per arrivare alle indicazioni nazionali sul curriculum e alla certificazione delle competenze, compresi gli esami finali di ogni ciclo; gli aspetti psicopedagogici sono approfonditi con apposite schede modulate sulle et\u00e0 degli studenti; la progettazione educativo-didattica esplora i diversi ambiti, dall'ambiente di apprendimento ai bisogni educativi speciali, alla prevenzione del bullismo, al potenziamento delle competenze digitali. La cassetta degli attrezzi indispensabile per la preparazione a tutte le prove del concorso.","og_url":"https:\/\/www.guerini.it\/index.php\/prodotto\/concorso-a-cattedra-2020-scuola-secondaria-volume-1\/","og_site_name":"Guerini e Associati","article_modified_time":"2024-06-12T12:40:54+00:00","og_image":[{"width":708,"height":1000,"url":"https:\/\/www.guerini.it\/wp-content\/uploads\/2020\/07\/Concorso-a-cattedra-2020-scuola-secondaria-1-1.webp","type":"image\/webp"}],"twitter_card":"summary_large_image","twitter_misc":{"Tempo di lettura stimato":"3 minuti"},"schema":{"@context":"https:\/\/schema.org","@graph":[{"@type":"WebPage","@id":"https:\/\/www.guerini.it\/index.php\/prodotto\/concorso-a-cattedra-2020-scuola-secondaria-volume-1\/","url":"https:\/\/www.guerini.it\/index.php\/prodotto\/concorso-a-cattedra-2020-scuola-secondaria-volume-1\/","name":"Concorso a cattedra 2020 | Scuola secondaria | Volume 1 - Guerini e Associati","isPartOf":{"@id":"https:\/\/www.guerini.it\/#website"},"primaryImageOfPage":{"@id":"https:\/\/www.guerini.it\/index.php\/prodotto\/concorso-a-cattedra-2020-scuola-secondaria-volume-1\/#primaryimage"},"image":{"@id":"https:\/\/www.guerini.it\/index.php\/prodotto\/concorso-a-cattedra-2020-scuola-secondaria-volume-1\/#primaryimage"},"thumbnailUrl":"https:\/\/www.guerini.it\/wp-content\/uploads\/2020\/07\/Concorso-a-cattedra-2020-scuola-secondaria-1-1.webp","datePublished":"2020-07-06T07:53:10+00:00","dateModified":"2024-06-12T12:40:54+00:00","breadcrumb":{"@id":"https:\/\/www.guerini.it\/index.php\/prodotto\/concorso-a-cattedra-2020-scuola-secondaria-volume-1\/#breadcrumb"},"inLanguage":"it-IT","potentialAction":[{"@type":"ReadAction","target":["https:\/\/www.guerini.it\/index.php\/prodotto\/concorso-a-cattedra-2020-scuola-secondaria-volume-1\/"]}]},{"@type":"ImageObject","inLanguage":"it-IT","@id":"https:\/\/www.guerini.it\/index.php\/prodotto\/concorso-a-cattedra-2020-scuola-secondaria-volume-1\/#primaryimage","url":"https:\/\/www.guerini.it\/wp-content\/uploads\/2020\/07\/Concorso-a-cattedra-2020-scuola-secondaria-1-1.webp","contentUrl":"https:\/\/www.guerini.it\/wp-content\/uploads\/2020\/07\/Concorso-a-cattedra-2020-scuola-secondaria-1-1.webp","width":708,"height":1000,"caption":"Copertina del volume Concorso a cattedra. Scuola secondaria. Volume 1, Guerini e Associati, 2020"},{"@type":"BreadcrumbList","@id":"https:\/\/www.guerini.it\/index.php\/prodotto\/concorso-a-cattedra-2020-scuola-secondaria-volume-1\/#breadcrumb","itemListElement":[{"@type":"ListItem","position":1,"name":"Home","item":"https:\/\/www.guerini.it\/"},{"@type":"ListItem","position":2,"name":"Catalogo","item":"https:\/\/www.guerini.it\/index.php\/negozio\/"},{"@type":"ListItem","position":3,"name":"Concorso a cattedra 2020 | Scuola secondaria | Volume 1"}]},{"@type":"WebSite","@id":"https:\/\/www.guerini.it\/#website","url":"https:\/\/www.guerini.it\/","name":"Guerini e Associati","description":"30 anni di libri, idee e libert\u00e0","publisher":{"@id":"https:\/\/www.guerini.it\/#organization"},"potentialAction":[{"@type":"SearchAction","target":{"@type":"EntryPoint","urlTemplate":"https:\/\/www.guerini.it\/?s={search_term_string}"},"query-input":{"@type":"PropertyValueSpecification","valueRequired":true,"valueName":"search_term_string"}}],"inLanguage":"it-IT"},{"@type":"Organization","@id":"https:\/\/www.guerini.it\/#organization","name":"Guerini e Associati","url":"https:\/\/www.guerini.it\/","logo":{"@type":"ImageObject","inLanguage":"it-IT","@id":"https:\/\/www.guerini.it\/#\/schema\/logo\/image\/","url":"https:\/\/www.guerini.it\/wp-content\/uploads\/2021\/03\/Logo-Guerini-OK_-e1615831292285.png","contentUrl":"https:\/\/www.guerini.it\/wp-content\/uploads\/2021\/03\/Logo-Guerini-OK_-e1615831292285.png","width":2805,"height":1870,"caption":"Guerini e Associati"},"image":{"@id":"https:\/\/www.guerini.it\/#\/schema\/logo\/image\/"}}]}},"_links":{"self":[{"href":"https:\/\/www.guerini.it\/index.php\/wp-json\/wp\/v2\/product\/16480","targetHints":{"allow":["GET"]}}],"collection":[{"href":"https:\/\/www.guerini.it\/index.php\/wp-json\/wp\/v2\/product"}],"about":[{"href":"https:\/\/www.guerini.it\/index.php\/wp-json\/wp\/v2\/types\/product"}],"wp:featuredmedia":[{"embeddable":true,"href":"https:\/\/www.guerini.it\/index.php\/wp-json\/wp\/v2\/media\/23385"}],"wp:attachment":[{"href":"https:\/\/www.guerini.it\/index.php\/wp-json\/wp\/v2\/media?parent=16480"}],"wp:term":[{"taxonomy":"product_brand","embeddable":true,"href":"https:\/\/www.guerini.it\/index.php\/wp-json\/wp\/v2\/product_brand?post=16480"},{"taxonomy":"product_cat","embeddable":true,"href":"https:\/\/www.guerini.it\/index.php\/wp-json\/wp\/v2\/product_cat?post=16480"},{"taxonomy":"product_tag","embeddable":true,"href":"https:\/\/www.guerini.it\/index.php\/wp-json\/wp\/v2\/product_tag?post=16480"}],"curies":[{"name":"wp","href":"https:\/\/api.w.org\/{rel}","templated":true}]}}