{"id":16504,"date":"2020-08-05T10:01:54","date_gmt":"2020-08-05T08:01:54","guid":{"rendered":"https:\/\/test.guerini.it\/?product=verso-un-economia-integrale"},"modified":"2024-06-12T14:38:10","modified_gmt":"2024-06-12T12:38:10","slug":"verso-un-economia-integrale","status":"publish","type":"product","link":"https:\/\/www.guerini.it\/index.php\/prodotto\/verso-un-economia-integrale\/","title":{"rendered":"Verso un&#8217;economia integrale"},"content":{"rendered":"<p style=\"text-align: justify;\">Con la Rivoluzione industriale e l\u2019avvento del modello \u00abclassico\u00bb, l\u2019economia ha perso il ruolo che aveva ricoperto fino ad allora nello sviluppo di un valore economico teso anche alla crescita della societ\u00e0 nel suo insieme e ha contribuito a generare squilibri sociali ed ambientali che oggi minano la sostenibilit\u00e0 stessa di quel risultato. L\u2019affermazione incontrastata di questo modello ha allontanato l\u2019economia da un\u2019etica del lavoro i cui valori fondativi prevedevano l\u2019integrazione tra un giusto profitto e la valorizzazione delle persone, delle comunit\u00e0 e dell\u2019ambiente, princ\u00ecpi su cui l\u2019Europa per secoli aveva costruito il suo sviluppo e di cui il Rinascimento italiano rimane l\u2019emblema. L\u2019Economia Integrale recupera questa cultura e avvia riflessioni, prassi e strumenti che \u00abintegrano\u00bb lo sviluppo economico con le esigenze delle imprese, della societ\u00e0 e dell\u2019ambiente, ponendo cos\u00ec i presupposti per una crescita pi\u00f9 equilibrata e sostenibile. Tutto ci\u00f2 \u00abintegrando\u00bb anche il contributo di discipline che possono arricchire l\u2019economia attraverso chiavi di lettura e soluzioni capaci di andare oltre l\u2019economia stessa: dall\u2019antropologia alla sociologia, dalla filosofia all\u2019ecologia, dalle neuroscienze alla teologia. Un modello che punta a creare cultura ma, nel contempo, ad incidere sulla strategia e sulla gestione aziendale attraverso strumenti legislativi e strategici e alcune prassi operative che \u00e8 possibile riscontrare anche nelle 24 storie di imprese che arricchiscono le riflessioni di questo libro.<\/p>\n<hr \/>\n<p style=\"text-align: justify;\"><strong>Massimo Folador\u00a0<\/strong>\u00e8 fondatore e amministratore di Askesis Societ\u00e0 Benefit srl (www.askesis.eu), che si occupa di consulenza e formazione per lo sviluppo delle aziende attente al rapporto tra Etica e Impresa e ai principi dell\u2019Economia Integrale. \u00c8 docente di Business ethics presso LIUC \u2013 Universit\u00e0 Carlo Cattaneo di Castellanza e membro della Business School dello stesso ateneo. Per le nostre edizioni ha pubblicato alcuni volumi divenuti dei bestsellers nell\u2019ambito del management e in particolare <a href=\"https:\/\/www.guerini.it\/index.php\/prodotto\/l-organizzazione-perfetta-2\/\"><em>L\u2019organizzazione perfetta<\/em><\/a> (2006), <a href=\"https:\/\/www.guerini.it\/index.php\/prodotto\/il-lavoro-e-la-regola\/\"><em>Il lavoro e la Regola <\/em><\/a>(2008), <a href=\"https:\/\/www.guerini.it\/index.php\/prodotto\/un-impresa-possibile\/\"><em>Un\u2019impresa possibile<\/em><\/a> (2014) e <a href=\"https:\/\/www.guerini.it\/index.php\/prodotto\/storie-di-ordinaria-economia\/\"><em>Storie di ordinaria economia<\/em><\/a> (2017). Collabora alla pagina economica del quotidiano <em>Avvenire<\/em> ed \u00e8 relatore in numerosi convegni in Italia e all\u2019estero.<\/p>\n<p style=\"text-align: justify;\"><strong>Giuseppe Buffon<\/strong> \u00e8 professore ordinario di Storia della Chiesa alla Pontificia Universit\u00e0 Antonianum di Roma, invitato presso il Centre S\u00e9vres di Parigi e Decano della facolt\u00e0 di Teologia dello stesso ateneo. Esperto al Sinodo dell\u2019Amazzonia per il tema Ecologia integrale ha pubblicato <em>Perch\u00e9 l\u2019Amazzonia ci salver\u00e0<\/em> (2019) e <em>Guida alla lettura di Querida Amazonia<\/em> (2020), ha inoltre curato il volume <em>Ecologia integrale e Ricerca interdisciplinare. V centenario della Laudato s\u00ec <\/em>(2020). Per la stessa Universit\u00e0 \u00e8 direttore scientifico del progetto \u00abVerso una rete internazionale per l\u2019ecologia integrale\u00bb e responsabile del Diploma di alta formazione in Ecologia integrale. Su questi e altri temi collabora stabilmente con numerose riviste nazionali e internazionali.<\/p>\n","protected":false},"excerpt":{"rendered":"<p>Con la Rivoluzione industriale e l\u2019avvento del modello \u00abclassico\u00bb, l\u2019economia ha perso il ruolo che aveva ricoperto fino ad allora nello sviluppo di un valore economico teso anche alla crescita della societ\u00e0 nel suo insieme e ha contribuito a generare squilibri sociali ed ambientali che oggi minano la sostenibilit\u00e0 stessa di quel risultato. L\u2019affermazione incontrastata di questo modello ha allontanato l\u2019economia da un\u2019etica del lavoro i cui valori fondativi prevedevano l\u2019integrazione tra un giusto profitto e la valorizzazione delle persone, delle comunit\u00e0 e dell\u2019ambiente, princ\u00ecpi su cui l\u2019Europa per secoli aveva costruito il suo sviluppo e di cui il Rinascimento italiano rimane l\u2019emblema.<br \/>\nL\u2019Economia Integrale recupera questa cultura e avvia riflessioni, prassi e strumenti che \u00abintegrano\u00bb lo sviluppo economico con le esigenze delle imprese, della societ\u00e0 e dell\u2019ambiente, ponendo cos\u00ec i presupposti per una crescita pi\u00f9 equilibrata e sostenibile. Tutto ci\u00f2 \u00abintegrando\u00bb anche il contributo di discipline che possono arricchire l\u2019economia attraverso chiavi di lettura e soluzioni capaci di andare oltre l\u2019economia stessa: dall\u2019antropologia alla sociologia, dalla filosofia all\u2019ecologia, dalle neuroscienze alla teologia. Un modello che punta a creare cultura ma, nel contempo, ad incidere sulla strategia e sulla gestione aziendale attraverso strumenti legislativi e strategici e alcune prassi operative che \u00e8 possibile riscontrare anche nelle 24 storie di imprese che arricchiscono le riflessioni di questo libro.<\/p>\n","protected":false},"featured_media":16503,"template":"","meta":{"_editorskit_title_hidden":false,"_editorskit_reading_time":0,"_editorskit_is_block_options_detached":false,"_editorskit_block_options_position":"{}","_monsterinsights_skip_tracking":false,"_monsterinsights_sitenote_active":false,"_monsterinsights_sitenote_note":"","_monsterinsights_sitenote_category":0},"product_brand":[],"product_cat":[6805,6529],"product_tag":[7578,6815,8244],"class_list":{"0":"post-16504","1":"product","2":"type-product","3":"status-publish","4":"has-post-thumbnail","6":"product_cat-guerini-next","7":"product_cat-economia-e-management","8":"product_tag-crescita","9":"product_tag-economia","10":"product_tag-strategia","11":"pa_fulfillment-default","12":"pa_guerini_amazon_link-93-httpswwwamazonitverso_unec","13":"pa_guerini_feltrinelli_link-httpstiddly30bxewa","14":"pa_guerini_ibs_link-https-tidd-ly-3fzreli","15":"pa_guerini_libruniver_link-https-www-libreriauniversitaria-it-verso-economia-integrale-via-italiana-libro-9788868963385","16":"pa_guerini_link_amazon-8c-httpswwwamazonitdpb08hrgb5","17":"pa_guerini_link_ibs-db-httpswwwawin1comcreadphpaw","18":"pa_guerini_mondadori_link-https-www-libraccio-it-libro-9788868963385-massimo-folador-giuseppe-buffon-verso-uneconomia-integrale-via-italiana-alla-ripresa-html","20":"first","21":"instock","22":"sale","23":"shipping-taxable","24":"purchasable","25":"product-type-simple"},"yoast_head":"<!-- This site is optimized with the Yoast SEO plugin v25.4 - https:\/\/yoast.com\/wordpress\/plugins\/seo\/ -->\n<title>Verso un&#039;economia integrale - Guerini e Associati<\/title>\n<meta name=\"robots\" content=\"index, follow, max-snippet:-1, max-image-preview:large, max-video-preview:-1\" \/>\n<link rel=\"canonical\" href=\"https:\/\/www.guerini.it\/index.php\/prodotto\/verso-un-economia-integrale\/\" \/>\n<meta property=\"og:locale\" content=\"it_IT\" \/>\n<meta property=\"og:type\" content=\"article\" \/>\n<meta property=\"og:title\" content=\"Verso un&#039;economia integrale - Guerini e Associati\" \/>\n<meta property=\"og:description\" content=\"Con la Rivoluzione industriale e l\u2019avvento del modello \u00abclassico\u00bb, l\u2019economia ha perso il ruolo che aveva ricoperto fino ad allora nello sviluppo di un valore economico teso anche alla crescita della societ\u00e0 nel suo insieme e ha contribuito a generare squilibri sociali ed ambientali che oggi minano la sostenibilit\u00e0 stessa di quel risultato. L\u2019affermazione incontrastata di questo modello ha allontanato l\u2019economia da un\u2019etica del lavoro i cui valori fondativi prevedevano l\u2019integrazione tra un giusto profitto e la valorizzazione delle persone, delle comunit\u00e0 e dell\u2019ambiente, princ\u00ecpi su cui l\u2019Europa per secoli aveva costruito il suo sviluppo e di cui il Rinascimento italiano rimane l\u2019emblema. L\u2019Economia Integrale recupera questa cultura e avvia riflessioni, prassi e strumenti che \u00abintegrano\u00bb lo sviluppo economico con le esigenze delle imprese, della societ\u00e0 e dell\u2019ambiente, ponendo cos\u00ec i presupposti per una crescita pi\u00f9 equilibrata e sostenibile. Tutto ci\u00f2 \u00abintegrando\u00bb anche il contributo di discipline che possono arricchire l\u2019economia attraverso chiavi di lettura e soluzioni capaci di andare oltre l\u2019economia stessa: dall\u2019antropologia alla sociologia, dalla filosofia all\u2019ecologia, dalle neuroscienze alla teologia. Un modello che punta a creare cultura ma, nel contempo, ad incidere sulla strategia e sulla gestione aziendale attraverso strumenti legislativi e strategici e alcune prassi operative che \u00e8 possibile riscontrare anche nelle 24 storie di imprese che arricchiscono le riflessioni di questo libro.\" \/>\n<meta property=\"og:url\" content=\"https:\/\/www.guerini.it\/index.php\/prodotto\/verso-un-economia-integrale\/\" \/>\n<meta property=\"og:site_name\" content=\"Guerini e Associati\" \/>\n<meta property=\"article:modified_time\" content=\"2024-06-12T12:38:10+00:00\" \/>\n<meta property=\"og:image\" content=\"https:\/\/www.guerini.it\/wp-content\/uploads\/2020\/08\/verso_un_economia_integrale_sito.jpg\" \/>\n\t<meta property=\"og:image:width\" content=\"226\" \/>\n\t<meta property=\"og:image:height\" content=\"353\" \/>\n\t<meta property=\"og:image:type\" content=\"image\/jpeg\" \/>\n<meta name=\"twitter:card\" content=\"summary_large_image\" \/>\n<meta name=\"twitter:label1\" content=\"Tempo di lettura stimato\" \/>\n\t<meta name=\"twitter:data1\" content=\"3 minuti\" \/>\n<!-- \/ Yoast SEO plugin. -->","yoast_head_json":{"title":"Verso un'economia integrale - Guerini e Associati","robots":{"index":"index","follow":"follow","max-snippet":"max-snippet:-1","max-image-preview":"max-image-preview:large","max-video-preview":"max-video-preview:-1"},"canonical":"https:\/\/www.guerini.it\/index.php\/prodotto\/verso-un-economia-integrale\/","og_locale":"it_IT","og_type":"article","og_title":"Verso un'economia integrale - Guerini e Associati","og_description":"Con la Rivoluzione industriale e l\u2019avvento del modello \u00abclassico\u00bb, l\u2019economia ha perso il ruolo che aveva ricoperto fino ad allora nello sviluppo di un valore economico teso anche alla crescita della societ\u00e0 nel suo insieme e ha contribuito a generare squilibri sociali ed ambientali che oggi minano la sostenibilit\u00e0 stessa di quel risultato. L\u2019affermazione incontrastata di questo modello ha allontanato l\u2019economia da un\u2019etica del lavoro i cui valori fondativi prevedevano l\u2019integrazione tra un giusto profitto e la valorizzazione delle persone, delle comunit\u00e0 e dell\u2019ambiente, princ\u00ecpi su cui l\u2019Europa per secoli aveva costruito il suo sviluppo e di cui il Rinascimento italiano rimane l\u2019emblema. L\u2019Economia Integrale recupera questa cultura e avvia riflessioni, prassi e strumenti che \u00abintegrano\u00bb lo sviluppo economico con le esigenze delle imprese, della societ\u00e0 e dell\u2019ambiente, ponendo cos\u00ec i presupposti per una crescita pi\u00f9 equilibrata e sostenibile. Tutto ci\u00f2 \u00abintegrando\u00bb anche il contributo di discipline che possono arricchire l\u2019economia attraverso chiavi di lettura e soluzioni capaci di andare oltre l\u2019economia stessa: dall\u2019antropologia alla sociologia, dalla filosofia all\u2019ecologia, dalle neuroscienze alla teologia. Un modello che punta a creare cultura ma, nel contempo, ad incidere sulla strategia e sulla gestione aziendale attraverso strumenti legislativi e strategici e alcune prassi operative che \u00e8 possibile riscontrare anche nelle 24 storie di imprese che arricchiscono le riflessioni di questo libro.","og_url":"https:\/\/www.guerini.it\/index.php\/prodotto\/verso-un-economia-integrale\/","og_site_name":"Guerini e Associati","article_modified_time":"2024-06-12T12:38:10+00:00","og_image":[{"width":226,"height":353,"url":"https:\/\/www.guerini.it\/wp-content\/uploads\/2020\/08\/verso_un_economia_integrale_sito.jpg","type":"image\/jpeg"}],"twitter_card":"summary_large_image","twitter_misc":{"Tempo di lettura stimato":"3 minuti"},"schema":{"@context":"https:\/\/schema.org","@graph":[{"@type":"WebPage","@id":"https:\/\/www.guerini.it\/index.php\/prodotto\/verso-un-economia-integrale\/","url":"https:\/\/www.guerini.it\/index.php\/prodotto\/verso-un-economia-integrale\/","name":"Verso un'economia integrale - Guerini e Associati","isPartOf":{"@id":"https:\/\/www.guerini.it\/#website"},"primaryImageOfPage":{"@id":"https:\/\/www.guerini.it\/index.php\/prodotto\/verso-un-economia-integrale\/#primaryimage"},"image":{"@id":"https:\/\/www.guerini.it\/index.php\/prodotto\/verso-un-economia-integrale\/#primaryimage"},"thumbnailUrl":"https:\/\/www.guerini.it\/wp-content\/uploads\/2020\/08\/verso_un_economia_integrale_sito.jpg","datePublished":"2020-08-05T08:01:54+00:00","dateModified":"2024-06-12T12:38:10+00:00","breadcrumb":{"@id":"https:\/\/www.guerini.it\/index.php\/prodotto\/verso-un-economia-integrale\/#breadcrumb"},"inLanguage":"it-IT","potentialAction":[{"@type":"ReadAction","target":["https:\/\/www.guerini.it\/index.php\/prodotto\/verso-un-economia-integrale\/"]}]},{"@type":"ImageObject","inLanguage":"it-IT","@id":"https:\/\/www.guerini.it\/index.php\/prodotto\/verso-un-economia-integrale\/#primaryimage","url":"https:\/\/www.guerini.it\/wp-content\/uploads\/2020\/08\/verso_un_economia_integrale_sito.jpg","contentUrl":"https:\/\/www.guerini.it\/wp-content\/uploads\/2020\/08\/verso_un_economia_integrale_sito.jpg","width":226,"height":353,"caption":"Verso un'economia integrale"},{"@type":"BreadcrumbList","@id":"https:\/\/www.guerini.it\/index.php\/prodotto\/verso-un-economia-integrale\/#breadcrumb","itemListElement":[{"@type":"ListItem","position":1,"name":"Home","item":"https:\/\/www.guerini.it\/"},{"@type":"ListItem","position":2,"name":"Catalogo","item":"https:\/\/www.guerini.it\/index.php\/negozio\/"},{"@type":"ListItem","position":3,"name":"Verso un&#8217;economia integrale"}]},{"@type":"WebSite","@id":"https:\/\/www.guerini.it\/#website","url":"https:\/\/www.guerini.it\/","name":"Guerini e Associati","description":"30 anni di libri, idee e libert\u00e0","publisher":{"@id":"https:\/\/www.guerini.it\/#organization"},"potentialAction":[{"@type":"SearchAction","target":{"@type":"EntryPoint","urlTemplate":"https:\/\/www.guerini.it\/?s={search_term_string}"},"query-input":{"@type":"PropertyValueSpecification","valueRequired":true,"valueName":"search_term_string"}}],"inLanguage":"it-IT"},{"@type":"Organization","@id":"https:\/\/www.guerini.it\/#organization","name":"Guerini e Associati","url":"https:\/\/www.guerini.it\/","logo":{"@type":"ImageObject","inLanguage":"it-IT","@id":"https:\/\/www.guerini.it\/#\/schema\/logo\/image\/","url":"https:\/\/www.guerini.it\/wp-content\/uploads\/2021\/03\/Logo-Guerini-OK_-e1615831292285.png","contentUrl":"https:\/\/www.guerini.it\/wp-content\/uploads\/2021\/03\/Logo-Guerini-OK_-e1615831292285.png","width":2805,"height":1870,"caption":"Guerini e Associati"},"image":{"@id":"https:\/\/www.guerini.it\/#\/schema\/logo\/image\/"}}]}},"_links":{"self":[{"href":"https:\/\/www.guerini.it\/index.php\/wp-json\/wp\/v2\/product\/16504","targetHints":{"allow":["GET"]}}],"collection":[{"href":"https:\/\/www.guerini.it\/index.php\/wp-json\/wp\/v2\/product"}],"about":[{"href":"https:\/\/www.guerini.it\/index.php\/wp-json\/wp\/v2\/types\/product"}],"wp:featuredmedia":[{"embeddable":true,"href":"https:\/\/www.guerini.it\/index.php\/wp-json\/wp\/v2\/media\/16503"}],"wp:attachment":[{"href":"https:\/\/www.guerini.it\/index.php\/wp-json\/wp\/v2\/media?parent=16504"}],"wp:term":[{"taxonomy":"product_brand","embeddable":true,"href":"https:\/\/www.guerini.it\/index.php\/wp-json\/wp\/v2\/product_brand?post=16504"},{"taxonomy":"product_cat","embeddable":true,"href":"https:\/\/www.guerini.it\/index.php\/wp-json\/wp\/v2\/product_cat?post=16504"},{"taxonomy":"product_tag","embeddable":true,"href":"https:\/\/www.guerini.it\/index.php\/wp-json\/wp\/v2\/product_tag?post=16504"}],"curies":[{"name":"wp","href":"https:\/\/api.w.org\/{rel}","templated":true}]}}