{"id":16571,"date":"2021-01-28T14:52:43","date_gmt":"2021-01-28T13:52:43","guid":{"rendered":"https:\/\/test.guerini.it\/?product=nella-storia-mondiale"},"modified":"2024-06-12T14:40:47","modified_gmt":"2024-06-12T12:40:47","slug":"nella-storia-mondiale","status":"publish","type":"product","link":"https:\/\/www.guerini.it\/index.php\/prodotto\/nella-storia-mondiale\/","title":{"rendered":"Nella Storia mondiale"},"content":{"rendered":"<blockquote>\n<p style=\"text-align: center;\"><em>\u00abIl cuore della crisi mondiale \u00e8 in Europa. Fino a quando regger\u00e0 quel filo che tiene insieme le nazioni europee senza che la sua lacerazione ci riporti indietro nella storia?\u00bb<\/em><\/p>\n<\/blockquote>\n<p style=\"text-align: justify;\">Viviamo un\u2019epoca di cambiamenti straordinari che preannunciano una profonda riconfigurazione del sistema politico mondiale. A soffrire maggiormente questi cambiamenti \u00e8 l\u2019Europa. Il Vecchio continente, infatti, pare aver smarrito la rotta e aver dimenticato quegli insegnamenti legati alla diplomazia, alle regole della ragion di Stato, che gli avevano garantito prosperit\u00e0 e stabilit\u00e0 nella seconda met\u00e0 del Novecento. Una risposta alle forze disgregatrici in atto non pu\u00f2 essere l\u2019attuale Unione europea, minata dai suoi limiti costitutivi e dalle sue croniche debolezze. Solo \u00abuna nuova entente cordiale tra Usa e Russia pu\u00f2 superare l\u2019unipolarismo e la forza spropositata della finanza sregolatrice\u00bb. Ci vuole, insomma, un ritorno alla politica \u00abbuona\u00bb, ma anche a una economia regolata e a una finanza che guardi alle comunit\u00e0 e non al profitto del singolo individuo. Perch\u00e9 questo possa avvenire, i valori dell\u2019Occidente come la democrazia, la libert\u00e0, i diritti della persona devono essere oggi ridiscussi, non dimenticati, n\u00e9 tantomeno abdicati. Queste pagine sono un viaggio nelle origini profonde di quanto accaduto al mondo dagli anni della cosiddetta \u00abglobalizzazione\u00bb fino alla crisi pandemica mondiale del 2020. Un\u2019opera fondamentale per comprendere un tempo, il nostro, che pare volgere verso la sua fine.<\/p>\n<p style=\"text-align: justify;\"><strong>GIULIO SAPELLI <\/strong>\u00e8 nato a Torino nel 1947 e ha insegnato in Europa, in Australia e nelle due Americhe e i suoi libri sono tradotti in tutto il mondo. Ha raccolto in questo volume analisi e riflessioni scaturite dalla preoccupazione per la crescente disuguaglianza e per la crisi dell\u2019economia sociale e, dunque, del lavoro. Nel 2018 gli \u00e8 stato assegnato il Premio \u00abManlio Germozzi\u00bb che va ai pi\u00f9 meritevoli sostenitori delle virt\u00f9 dell\u2019artigianato e delle piccole imprese e nel 2020 il Premio FIERI Fincantieri alla carriera scientifica. Tra gli ultimi libri pubblicati: <em>Oltre il capitalismo<\/em> (2018), <em>Chi comanda in Italia<\/em> (nuova edizione 2018), <em>Nulla \u00e8 come prima <\/em>(2019, con Enrico Quintavalle), <em>Perch\u00e9 esistono le imprese e come sono fatte <\/em>(2019),<em>\u00a02020 Pandemia e Resurrezione<\/em> (2020, in coedizione con goWare).<\/p>\n<p><strong>Permalink: <\/strong><a href=\"http:\/\/digital.casalini.it\/9788862508070\">http:\/\/digital.casalini.it\/9788862508070<\/a><\/p>\n<p>&nbsp;<\/p>\n<p>&nbsp;<\/p>\n<p>&nbsp;<\/p>\n<p>&nbsp;<\/p>\n","protected":false},"excerpt":{"rendered":"<p>Viviamo un\u2019epoca di cambiamenti straordinari che preannunciano una profonda riconfigurazione del sistema politico mondiale. A soffrire maggiormente questi cambiamenti \u00e8 l\u2019Europa. Il Vecchio continente, infatti, pare aver smarrito la rotta e aver dimenticato quegli insegnamenti legati alla diplomazia, alle regole della ragion di Stato, che gli avevano garantito prosperit\u00e0 e stabilit\u00e0 nella seconda met\u00e0 del Novecento.Una risposta alle forze disgregatrici in atto non pu\u00f2 essere l\u2019attuale Unione europea, minata dai suoi limiti costitutivi e dalle sue croniche debolezze. Solo \u00abuna nuova entente cordiale tra Usa e Russia pu\u00f2 superare l\u2019unipolarismo e la forza spropositata della finanza sregolatrice\u00bb.Ci vuole, insomma, un ritorno alla politica \u00abbuona\u00bb, ma anche a una economia regolata e a una finanza che guardi alle comunit\u00e0 e non al profitto del singolo individuo. Perch\u00e9 questo possa avvenire, i valori dell\u2019Occidente come la democrazia, la libert\u00e0, i diritti della persona devono essere oggi ridiscussi, non dimenticati, n\u00e9 tantomeno abdicati.Queste pagine sono un viaggio nelle origini profonde di quanto accaduto al mondo dagli anni della cosiddetta \u00abglobalizzazione\u00bb fino alla crisi pandemica mondiale del 2020. Un\u2019opera fondamentale per comprendere un tempo, il nostro, che pare volgere verso la sua fine.<\/p>\n<p>&nbsp;<\/p>\n<p>&nbsp;<\/p>\n<p>&nbsp;<\/p>\n<p>&nbsp;<\/p>\n","protected":false},"featured_media":21111,"template":"","meta":{"_editorskit_title_hidden":false,"_editorskit_reading_time":0,"_editorskit_is_block_options_detached":false,"_editorskit_block_options_position":"{}","_monsterinsights_skip_tracking":false,"_monsterinsights_sitenote_active":false,"_monsterinsights_sitenote_note":"","_monsterinsights_sitenote_category":0},"product_brand":[],"product_cat":[6585,6527,6631],"product_tag":[],"class_list":{"0":"post-16571","1":"product","2":"type-product","3":"status-publish","4":"has-post-thumbnail","6":"product_cat-sma","7":"product_cat-attualita","8":"product_cat-le-sfide-dell-era-digitale","9":"pa_fulfillment-default","10":"pa_guerini_amazon_link-00-httpswwwamazonitnella_stor","11":"pa_guerini_feltrinelli_link-httpstiddly3qzze2a","12":"pa_guerini_ibs_link-httpstiddly2mdvapf","13":"pa_guerini_libruniver_link-c4-httpswwwlibreriauniversita","14":"pa_guerini_link_amazon-https-amzn-to-3swdpmg","15":"pa_guerini_link_apple_ibook-https-books-apple-com-it-book-nella-storia-mondiale-stati-mercati-guerre-id1552191153","16":"pa_guerini_link_bookrepublic-https-www-bookrepublic-it-ebook-9788881954162-nella-storia-mondiale-stati-mercati-guerre-goware-e-edizioni-angelo-guerini-e-associati","17":"pa_guerini_link_giunti_punto-https-www-giuntialpunto-it-product-b08w1v51zb-libri-nella-storia-mondiale-stati-mercati-guerre-giulio-sapelli","18":"pa_guerini_link_google_play-https-play-google-com-store-books-details-giulio_sapelli_nella_storia_mondiale_stati_mercatiid4jgzeaaaqbaj","19":"pa_guerini_link_ibs-https-tidd-ly-3kalihh","20":"pa_guerini_link_kobo-https-www-kobo-com-it-it-ebook-nella-storia-mondiale-stati-mercati-guerre","21":"pa_guerini_link_lafeltrinelli-https-www-awin1-com-cread-phpawinmid9647awinaffid722809platformdluedhttpswww-lafeltrinelli-itebookgiulio-sapellinella-storia-mondiale-stati-mercati9788881954162","22":"pa_guerini_link_mondadori-https-www-mondadoristore-it-storia-mondiale-stati-giulio-sapelli-eai978888195416","24":"first","25":"instock","26":"sale","27":"shipping-taxable","28":"purchasable","29":"product-type-simple"},"yoast_head":"<!-- This site is optimized with the Yoast SEO plugin v25.4 - https:\/\/yoast.com\/wordpress\/plugins\/seo\/ -->\n<title>Nella Storia mondiale - Guerini e Associati<\/title>\n<meta name=\"robots\" content=\"index, follow, max-snippet:-1, max-image-preview:large, max-video-preview:-1\" \/>\n<link rel=\"canonical\" href=\"https:\/\/www.guerini.it\/index.php\/prodotto\/nella-storia-mondiale\/\" \/>\n<meta property=\"og:locale\" content=\"it_IT\" \/>\n<meta property=\"og:type\" content=\"article\" \/>\n<meta property=\"og:title\" content=\"Nella Storia mondiale - Guerini e Associati\" \/>\n<meta property=\"og:description\" content=\"Viviamo un\u2019epoca di cambiamenti straordinari che preannunciano una profonda riconfigurazione del sistema politico mondiale. A soffrire maggiormente questi cambiamenti \u00e8 l\u2019Europa. Il Vecchio continente, infatti, pare aver smarrito la rotta e aver dimenticato quegli insegnamenti legati alla diplomazia, alle regole della ragion di Stato, che gli avevano garantito prosperit\u00e0 e stabilit\u00e0 nella seconda met\u00e0 del Novecento.Una risposta alle forze disgregatrici in atto non pu\u00f2 essere l\u2019attuale Unione europea, minata dai suoi limiti costitutivi e dalle sue croniche debolezze. Solo \u00abuna nuova entente cordiale tra Usa e Russia pu\u00f2 superare l\u2019unipolarismo e la forza spropositata della finanza sregolatrice\u00bb.Ci vuole, insomma, un ritorno alla politica \u00abbuona\u00bb, ma anche a una economia regolata e a una finanza che guardi alle comunit\u00e0 e non al profitto del singolo individuo. Perch\u00e9 questo possa avvenire, i valori dell\u2019Occidente come la democrazia, la libert\u00e0, i diritti della persona devono essere oggi ridiscussi, non dimenticati, n\u00e9 tantomeno abdicati.Queste pagine sono un viaggio nelle origini profonde di quanto accaduto al mondo dagli anni della cosiddetta \u00abglobalizzazione\u00bb fino alla crisi pandemica mondiale del 2020. Un\u2019opera fondamentale per comprendere un tempo, il nostro, che pare volgere verso la sua fine.  &nbsp;  &nbsp;  &nbsp;  &nbsp;\" \/>\n<meta property=\"og:url\" content=\"https:\/\/www.guerini.it\/index.php\/prodotto\/nella-storia-mondiale\/\" \/>\n<meta property=\"og:site_name\" content=\"Guerini e Associati\" \/>\n<meta property=\"article:modified_time\" content=\"2024-06-12T12:40:47+00:00\" \/>\n<meta property=\"og:image\" content=\"https:\/\/www.guerini.it\/wp-content\/uploads\/2021\/01\/FRONT-Cover-NELLA-STORIA-MONDIALE-1-scaled-e1614847435103.jpg\" \/>\n\t<meta property=\"og:image:width\" content=\"237\" \/>\n\t<meta property=\"og:image:height\" content=\"350\" \/>\n\t<meta property=\"og:image:type\" content=\"image\/jpeg\" \/>\n<meta name=\"twitter:card\" content=\"summary_large_image\" \/>\n<meta name=\"twitter:label1\" content=\"Tempo di lettura stimato\" \/>\n\t<meta name=\"twitter:data1\" content=\"2 minuti\" \/>\n<!-- \/ Yoast SEO plugin. -->","yoast_head_json":{"title":"Nella Storia mondiale - Guerini e Associati","robots":{"index":"index","follow":"follow","max-snippet":"max-snippet:-1","max-image-preview":"max-image-preview:large","max-video-preview":"max-video-preview:-1"},"canonical":"https:\/\/www.guerini.it\/index.php\/prodotto\/nella-storia-mondiale\/","og_locale":"it_IT","og_type":"article","og_title":"Nella Storia mondiale - Guerini e Associati","og_description":"Viviamo un\u2019epoca di cambiamenti straordinari che preannunciano una profonda riconfigurazione del sistema politico mondiale. A soffrire maggiormente questi cambiamenti \u00e8 l\u2019Europa. Il Vecchio continente, infatti, pare aver smarrito la rotta e aver dimenticato quegli insegnamenti legati alla diplomazia, alle regole della ragion di Stato, che gli avevano garantito prosperit\u00e0 e stabilit\u00e0 nella seconda met\u00e0 del Novecento.Una risposta alle forze disgregatrici in atto non pu\u00f2 essere l\u2019attuale Unione europea, minata dai suoi limiti costitutivi e dalle sue croniche debolezze. Solo \u00abuna nuova entente cordiale tra Usa e Russia pu\u00f2 superare l\u2019unipolarismo e la forza spropositata della finanza sregolatrice\u00bb.Ci vuole, insomma, un ritorno alla politica \u00abbuona\u00bb, ma anche a una economia regolata e a una finanza che guardi alle comunit\u00e0 e non al profitto del singolo individuo. Perch\u00e9 questo possa avvenire, i valori dell\u2019Occidente come la democrazia, la libert\u00e0, i diritti della persona devono essere oggi ridiscussi, non dimenticati, n\u00e9 tantomeno abdicati.Queste pagine sono un viaggio nelle origini profonde di quanto accaduto al mondo dagli anni della cosiddetta \u00abglobalizzazione\u00bb fino alla crisi pandemica mondiale del 2020. Un\u2019opera fondamentale per comprendere un tempo, il nostro, che pare volgere verso la sua fine.  &nbsp;  &nbsp;  &nbsp;  &nbsp;","og_url":"https:\/\/www.guerini.it\/index.php\/prodotto\/nella-storia-mondiale\/","og_site_name":"Guerini e Associati","article_modified_time":"2024-06-12T12:40:47+00:00","og_image":[{"width":237,"height":350,"url":"https:\/\/www.guerini.it\/wp-content\/uploads\/2021\/01\/FRONT-Cover-NELLA-STORIA-MONDIALE-1-scaled-e1614847435103.jpg","type":"image\/jpeg"}],"twitter_card":"summary_large_image","twitter_misc":{"Tempo di lettura stimato":"2 minuti"},"schema":{"@context":"https:\/\/schema.org","@graph":[{"@type":"WebPage","@id":"https:\/\/www.guerini.it\/index.php\/prodotto\/nella-storia-mondiale\/","url":"https:\/\/www.guerini.it\/index.php\/prodotto\/nella-storia-mondiale\/","name":"Nella Storia mondiale - Guerini e Associati","isPartOf":{"@id":"https:\/\/www.guerini.it\/#website"},"primaryImageOfPage":{"@id":"https:\/\/www.guerini.it\/index.php\/prodotto\/nella-storia-mondiale\/#primaryimage"},"image":{"@id":"https:\/\/www.guerini.it\/index.php\/prodotto\/nella-storia-mondiale\/#primaryimage"},"thumbnailUrl":"https:\/\/www.guerini.it\/wp-content\/uploads\/2021\/01\/FRONT-Cover-NELLA-STORIA-MONDIALE-1-scaled-e1614847435103.jpg","datePublished":"2021-01-28T13:52:43+00:00","dateModified":"2024-06-12T12:40:47+00:00","breadcrumb":{"@id":"https:\/\/www.guerini.it\/index.php\/prodotto\/nella-storia-mondiale\/#breadcrumb"},"inLanguage":"it-IT","potentialAction":[{"@type":"ReadAction","target":["https:\/\/www.guerini.it\/index.php\/prodotto\/nella-storia-mondiale\/"]}]},{"@type":"ImageObject","inLanguage":"it-IT","@id":"https:\/\/www.guerini.it\/index.php\/prodotto\/nella-storia-mondiale\/#primaryimage","url":"https:\/\/www.guerini.it\/wp-content\/uploads\/2021\/01\/FRONT-Cover-NELLA-STORIA-MONDIALE-1-scaled-e1614847435103.jpg","contentUrl":"https:\/\/www.guerini.it\/wp-content\/uploads\/2021\/01\/FRONT-Cover-NELLA-STORIA-MONDIALE-1-scaled-e1614847435103.jpg","width":237,"height":350,"caption":"FRONT Cover NELLA STORIA MONDIALE"},{"@type":"BreadcrumbList","@id":"https:\/\/www.guerini.it\/index.php\/prodotto\/nella-storia-mondiale\/#breadcrumb","itemListElement":[{"@type":"ListItem","position":1,"name":"Home","item":"https:\/\/www.guerini.it\/"},{"@type":"ListItem","position":2,"name":"Catalogo","item":"https:\/\/www.guerini.it\/index.php\/negozio\/"},{"@type":"ListItem","position":3,"name":"Nella Storia mondiale"}]},{"@type":"WebSite","@id":"https:\/\/www.guerini.it\/#website","url":"https:\/\/www.guerini.it\/","name":"Guerini e Associati","description":"30 anni di libri, idee e libert\u00e0","publisher":{"@id":"https:\/\/www.guerini.it\/#organization"},"potentialAction":[{"@type":"SearchAction","target":{"@type":"EntryPoint","urlTemplate":"https:\/\/www.guerini.it\/?s={search_term_string}"},"query-input":{"@type":"PropertyValueSpecification","valueRequired":true,"valueName":"search_term_string"}}],"inLanguage":"it-IT"},{"@type":"Organization","@id":"https:\/\/www.guerini.it\/#organization","name":"Guerini e Associati","url":"https:\/\/www.guerini.it\/","logo":{"@type":"ImageObject","inLanguage":"it-IT","@id":"https:\/\/www.guerini.it\/#\/schema\/logo\/image\/","url":"https:\/\/www.guerini.it\/wp-content\/uploads\/2021\/03\/Logo-Guerini-OK_-e1615831292285.png","contentUrl":"https:\/\/www.guerini.it\/wp-content\/uploads\/2021\/03\/Logo-Guerini-OK_-e1615831292285.png","width":2805,"height":1870,"caption":"Guerini e Associati"},"image":{"@id":"https:\/\/www.guerini.it\/#\/schema\/logo\/image\/"}}]}},"_links":{"self":[{"href":"https:\/\/www.guerini.it\/index.php\/wp-json\/wp\/v2\/product\/16571","targetHints":{"allow":["GET"]}}],"collection":[{"href":"https:\/\/www.guerini.it\/index.php\/wp-json\/wp\/v2\/product"}],"about":[{"href":"https:\/\/www.guerini.it\/index.php\/wp-json\/wp\/v2\/types\/product"}],"wp:featuredmedia":[{"embeddable":true,"href":"https:\/\/www.guerini.it\/index.php\/wp-json\/wp\/v2\/media\/21111"}],"wp:attachment":[{"href":"https:\/\/www.guerini.it\/index.php\/wp-json\/wp\/v2\/media?parent=16571"}],"wp:term":[{"taxonomy":"product_brand","embeddable":true,"href":"https:\/\/www.guerini.it\/index.php\/wp-json\/wp\/v2\/product_brand?post=16571"},{"taxonomy":"product_cat","embeddable":true,"href":"https:\/\/www.guerini.it\/index.php\/wp-json\/wp\/v2\/product_cat?post=16571"},{"taxonomy":"product_tag","embeddable":true,"href":"https:\/\/www.guerini.it\/index.php\/wp-json\/wp\/v2\/product_tag?post=16571"}],"curies":[{"name":"wp","href":"https:\/\/api.w.org\/{rel}","templated":true}]}}