{"id":21392,"date":"2021-03-11T09:56:36","date_gmt":"2021-03-11T08:56:36","guid":{"rendered":"https:\/\/www.guerini.it\/?post_type=product&#038;p=21392"},"modified":"2025-08-07T17:14:30","modified_gmt":"2025-08-07T15:14:30","slug":"concorso-a-dirigente-tecnico","status":"publish","type":"product","link":"https:\/\/www.guerini.it\/index.php\/prodotto\/concorso-a-dirigente-tecnico\/","title":{"rendered":"Concorso a dirigente tecnico"},"content":{"rendered":"<p style=\"text-align: justify;\">Gli argomenti affrontati in questo manuale, afferenti prevalentemente alle competenze giuridiche ad ampio spettro e alla conoscenza dell\u2019ordinamento scolastico, sono indispensabili per la preparazione al prossimo concorso a dirigente tecnico. Si tratta, al contempo, di temi molto utili anche in vista del concorso a dirigente scolastico che, prima o poi, dovr\u00e0 essere riproposto a seguito del naturale esaurimento della graduatoria del concorso bandito nel 2017.<br \/>\nLo sforzo congiunto di <a href=\"https:\/\/www.anp.it\/\">ANP<\/a> e <a href=\"https:\/\/www.iuline.it\/\">IUL<\/a> per fornire una trattazione aggiornata e soprattutto legata alla concretezza della professione nasce da lontano. L\u2019Universit\u00e0 Telematica IUL \u00e8 nata 10 anni fa come iniziativa dell\u2019<a href=\"https:\/\/www.indire.it\/\">INDIRE<\/a> ed \u00e8 strettamente collegata alle linee di ricerca di innovazione perseguite dall\u2019Istituto. IUL e ANP hanno proposto negli ultimi anni molte iniziative volte a formare i futuri dirigenti della scuola, nella ferma convinzione che essi rappresentino una leva determinante per la crescita di tutto il sistema. Si tratta di una sfida che i prossimi dirigenti, tecnici e scolastici, devono accettare sin da oggi e devono affrontare con energia e determinazione, consapevoli della necessit\u00e0 di una preparazione seria e approfondita.<\/p>\n<p><strong>I codici di aggiornamento sono disponibili a <span style=\"color: #ff0000;\"><a style=\"color: #ff0000;\" href=\"https:\/\/www.guerini.it\/index.php\/prodotto\/concorso-dirigente-tecnico-2025fg\/\">questo link<\/a><\/span><\/strong><\/p>\n<hr \/>\n<p style=\"text-align: justify;\"><strong>Antonello Giannelli<\/strong>, Presidente dell\u2019ANP (Associazione nazionale dirigenti pubblici e alte professionalit\u00e0 della scuola), \u00e8 dirigente tecnico ed \u00e8 stato in precedenza dirigente scolastico e preside incaricato. Esperto di tematiche organizzative, gestionali e giuridiche afferenti al settore scolastico, fautore dell\u2019innovazione didattica, \u00e8 autore di numerose pubblicazioni di diritto scolastico. Per le nostre edizioni ha curato i manuali <em>Concorso a cattedra 2020. Scuola secondaria<\/em> (voll. <a href=\"https:\/\/www.guerini.it\/index.php\/prodotto\/concorso-a-cattedra-2020-scuola-secondaria-volume-1\/\">1<\/a> e <a href=\"https:\/\/www.guerini.it\/index.php\/prodotto\/concorso-a-cattedra-2020-scuola-secondaria-volume-2a\/\">2a<\/a>, <a href=\"https:\/\/www.guerini.it\/index.php\/prodotto\/concorso-a-cattedra-2020-scuola-secondaria-volume-2a-2\/\">2b<\/a>, <a href=\"https:\/\/www.guerini.it\/index.php\/prodotto\/concorso-a-cattedra-2020-scuola-secondaria-volume-2c\/\">2c<\/a>; 2020); <em>Concorso a cattedra 2020. Scuola dell\u2019infanzia<\/em> (voll. <a href=\"https:\/\/www.guerini.it\/index.php\/prodotto\/concorso-a-cattedra-2020-br-scuola-dell-infanzia-br-webinar-ed-espansioni-online\/\">1<\/a> e <a href=\"https:\/\/www.guerini.it\/index.php\/prodotto\/concorso-a-cattedra-2020-scuola-dell-infanzia-webinar-ed-espansioni-online\/\">2<\/a>; 2020), <em>Concorso a cattedra 2020. Scuola primaria<\/em> (voll. <a href=\"https:\/\/www.guerini.it\/index.php\/prodotto\/concorso-a-cattedra-2020-scuola-primaria-webinar-ed-espansioni-online\/\">1<\/a> e <a href=\"https:\/\/www.guerini.it\/index.php\/prodotto\/concorso-a-cattedra-2020-scuola-primaria-webinar-ed-espansioni-online-2\/\">2<\/a>; 2020), e ha pubblicato <a href=\"https:\/\/www.guerini.it\/index.php\/prodotto\/rivoluzionare-la-scuola-con-gentilezza\/\"><em>Rivoluzionare la scuola con gentilezza. Idee e proposte didattiche per vincere una delle maggiori sfide del XXI secolo<\/em><\/a> (2019); <a href=\"https:\/\/www.guerini.it\/index.php\/prodotto\/prevendita-concorso-dirigenti-scolastici-2019\/\"><em>Concorso dirigenti scolastici. Edizione aggiornata<\/em><\/a> (2019); <a href=\"https:\/\/www.guerini.it\/index.php\/prodotto\/concorso-dirigenti-scolastici\/\"><em>Concorso dirigenti scolastici. Prova orale<\/em><\/a> (a cura di; 2019); <a href=\"https:\/\/www.guerini.it\/index.php\/prodotto\/concorso-dirigenti-scolastici\/\"><em>Concorso dirigenti scolastici. Manuale per la preparazione<\/em><\/a> (2017); <a href=\"https:\/\/www.guerini.it\/index.php\/prodotto\/guida-teorico-pratica-per-i-dirigenti-delle-scuole\/\"><em>Guida teorico-pratica per i dirigenti delle scuole<\/em><\/a> (2015).<\/p>\n<p style=\"text-align: justify;\"><strong>Massimo Faggioli<\/strong>, Direttore del Dipartimento di Scienze Umane e docente di Pedagogia speciale presso l\u2019Universit\u00e0 Telematica IUL, \u00e8 stato dirigente di ricerca all\u2019INDIRE, coordinando progetti nazionali e internazionali sulla formazione del personale scolastico, sulle tecnologie didattiche e sui processi di innovazione e valutazione dei sistemi scolastici. Su questi temi ha ricoperto numerosi incarichi a supporto delle azioni promosse dal MIUR e da altri organi dell\u2019amministrazione scolastica. Tra le sue pubblicazioni pi\u00f9 attinenti alle tematiche di questo volume ricordiamo i contributi in <em>Dirigenza scolastica e middle management<\/em> (BUP, Bologna 2020) e la curatela dei volumi <em>Costruire il miglioramento<\/em> (Rubbettino, Soveria Mannelli 2018) e <em>Migliorare la scuola<\/em> (Junior, Reggio Emilia 2014).<\/p>\n<p style=\"text-align: justify;\"><strong>Raffaella Briani<\/strong>, attualmente distaccata presso l\u2019ANP (Associazione nazionale dirigenti pubblici e alte professionalit\u00e0 della scuola), \u00e8 dirigente scolastico dal 2012. Abilitata all\u2019esercizio della professione forense, \u00e8 autrice di diverse pubblicazioni di diritto amministrativo e di giustizia amministrativa, tra cui la monografia <em>L\u2019Istruzione probatoria nel processo amministrativo<\/em> (Giuffr\u00e8, Milano 2013). Ha collaborato inoltre alla cura dei manuali <em>Concorso a cattedra 2020. Scuola secondaria<\/em> (voll. 1 e 2a, 2b, 2c; 2020), <em>Concorso a cattedra 2020. Scuola primaria<\/em> (voll. 1 e 2; 2020), <em>Concorso a cattedra 2020. Scuola dell\u2019infanzia<\/em> (voll. 1 e 2; 2020), pubblicati presso le nostre edizioni.<\/p>\n<p style=\"text-align: justify;\"><strong>Serena Greco<\/strong> lavora in INDIRE e la sua attivit\u00e0 di ricerca \u00e8 rivolta in particolare allo studio dei modelli di governance della scuola, del ruolo della leadership e del middle management e delle modalit\u00e0 con le quali si promuovono e sostengono processi di innovazione efficaci. \u00c8 membro del gruppo di ricerca per il progetto <em>Learning Leadership for Change<\/em> (L2C), coordinato da European Schoolnet. Collabora con la IUL presso cui \u00e8 docente, ed \u00e8 membro della redazione della rivista <em>IUL Research<\/em>. \u00c8 Coordinatrice del Master in Governance della Scuola dell\u2019Autonomia: ruoli organizzativi, strategici, tecnici, ed \u00e8 autrice di contributi in volumi e in riviste scientifiche.<\/p>\n","protected":false},"excerpt":{"rendered":"<p>&nbsp;<\/p>\n<p>&nbsp;<\/p>\n<p>&nbsp;<\/p>\n<p>&nbsp;<\/p>\n<p>&nbsp;<\/p>\n<p>&nbsp;<\/p>\n<p>&nbsp;<\/p>\n<p>&nbsp;<\/p>\n<p>&nbsp;<\/p>\n<p>&nbsp;<\/p>\n<p>&nbsp;<\/p>\n<p>&nbsp;<\/p>\n<p>&nbsp;<\/p>\n<p>&nbsp;<\/p>\n<p>&nbsp;<\/p>\n","protected":false},"featured_media":25629,"template":"","meta":{"_editorskit_title_hidden":false,"_editorskit_reading_time":0,"_editorskit_is_block_options_detached":false,"_editorskit_block_options_position":"{}","_monsterinsights_skip_tracking":false,"_monsterinsights_sitenote_active":false,"_monsterinsights_sitenote_note":"","_monsterinsights_sitenote_category":0},"product_brand":[],"product_cat":[6784,6787,8379,6536],"product_tag":[6789,6788,6790],"class_list":{"0":"post-21392","1":"product","2":"type-product","3":"status-publish","4":"has-post-thumbnail","6":"product_cat-concorso-a-dirigente-tecnico","7":"product_cat-concorso-pubblico","8":"product_cat-manuali","9":"product_cat-psicologia-pedagogia","10":"product_tag-concorso-dirigente-tecnico","11":"product_tag-concorso-pubblico","12":"product_tag-scuola","13":"pa_guerini_amazon_link-https-amzn-to-3tbspf4","14":"pa_guerini_feltrinelli_link-https-www-lafeltrinelli-it-concorso-a-dirigente-tecnico-2021-libro-vari-e-9788862509893","15":"pa_guerini_ibs_link-https-tidd-ly-3vdeoeb","16":"pa_guerini_libruniver_link-https-www-libreriauniversitaria-it-concorso-2021-dirigente-tecnico-manuale-libro-9788862509893","17":"pa_guerini_link_amazon-https-www-amazon-it-dp-b08zrwj7tf-reftmm_kin_swatch_0_encodingutf8qid1616508596sr8-1","18":"pa_guerini_link_apple_ibook-https-books-apple-com-it-book-concorso-dirigente-tecnico-2021-manuale-per-la-preparazione-id1559561487","19":"pa_guerini_link_bookrepublic-https-www-bookrepublic-it-ebook-9788881954148-concorso-a-dirigente-tecnico-2021-manuale-per-la-preparazione-goware-e-edizioni-angelo-guerini-e-associati","20":"pa_guerini_link_giunti_punto-https-www-giuntialpunto-it-product-b08zrwj7tf-libri-concorso-dirigente-tecnico-2021-manuale-la-preparazione-antonello-giannelli","21":"pa_guerini_link_google_play-https-play-google-com-store-books-details-antonello_giannelli_concorso_a_dirigente_tecnico_2id2hcleaaaqbaj","22":"pa_guerini_link_ibs-https-tidd-ly-3rir3xv","23":"pa_guerini_link_kobo-https-www-kobo-com-it-it-ebook-concorso-a-dirigente-tecnico-2021-manuale-per-la-preparazione","24":"pa_guerini_link_lafeltrinelli-https-tidd-ly-3chspq1","25":"pa_guerini_link_mondadori-https-www-mondadoristore-it-concorso-dirigente-tecnico-antonello-giannelli-massimo-faggioli-eai978888195414","26":"pa_guerini_mondadori_link-3d-httpswwwmondadoristoreit20","28":"first","29":"instock","30":"sale","31":"shipping-taxable","32":"purchasable","33":"product-type-simple"},"yoast_head":"<!-- This site is optimized with the Yoast SEO plugin v25.4 - https:\/\/yoast.com\/wordpress\/plugins\/seo\/ -->\n<title>Concorso a dirigente tecnico - Guerini e Associati<\/title>\n<meta name=\"robots\" content=\"index, follow, max-snippet:-1, max-image-preview:large, max-video-preview:-1\" \/>\n<link rel=\"canonical\" href=\"https:\/\/www.guerini.it\/index.php\/prodotto\/concorso-a-dirigente-tecnico\/\" \/>\n<meta property=\"og:locale\" content=\"it_IT\" \/>\n<meta property=\"og:type\" content=\"article\" \/>\n<meta property=\"og:title\" content=\"Concorso a dirigente tecnico - Guerini e Associati\" \/>\n<meta property=\"og:description\" content=\"&nbsp;  &nbsp;  &nbsp;  &nbsp;  &nbsp;  &nbsp;  &nbsp;  &nbsp;  &nbsp;  &nbsp;  &nbsp;  &nbsp;  &nbsp;  &nbsp;  &nbsp;\" \/>\n<meta property=\"og:url\" content=\"https:\/\/www.guerini.it\/index.php\/prodotto\/concorso-a-dirigente-tecnico\/\" \/>\n<meta property=\"og:site_name\" content=\"Guerini e Associati\" \/>\n<meta property=\"article:modified_time\" content=\"2025-08-07T15:14:30+00:00\" \/>\n<meta property=\"og:image\" content=\"https:\/\/www.guerini.it\/wp-content\/uploads\/2021\/03\/9788862509893.jpg\" \/>\n\t<meta property=\"og:image:width\" content=\"708\" \/>\n\t<meta property=\"og:image:height\" content=\"1000\" \/>\n\t<meta property=\"og:image:type\" content=\"image\/jpeg\" \/>\n<meta name=\"twitter:card\" content=\"summary_large_image\" \/>\n<meta name=\"twitter:label1\" content=\"Tempo di lettura stimato\" \/>\n\t<meta name=\"twitter:data1\" content=\"4 minuti\" \/>\n<!-- \/ Yoast SEO plugin. -->","yoast_head_json":{"title":"Concorso a dirigente tecnico - Guerini e Associati","robots":{"index":"index","follow":"follow","max-snippet":"max-snippet:-1","max-image-preview":"max-image-preview:large","max-video-preview":"max-video-preview:-1"},"canonical":"https:\/\/www.guerini.it\/index.php\/prodotto\/concorso-a-dirigente-tecnico\/","og_locale":"it_IT","og_type":"article","og_title":"Concorso a dirigente tecnico - Guerini e Associati","og_description":"&nbsp;  &nbsp;  &nbsp;  &nbsp;  &nbsp;  &nbsp;  &nbsp;  &nbsp;  &nbsp;  &nbsp;  &nbsp;  &nbsp;  &nbsp;  &nbsp;  &nbsp;","og_url":"https:\/\/www.guerini.it\/index.php\/prodotto\/concorso-a-dirigente-tecnico\/","og_site_name":"Guerini e Associati","article_modified_time":"2025-08-07T15:14:30+00:00","og_image":[{"width":708,"height":1000,"url":"https:\/\/www.guerini.it\/wp-content\/uploads\/2021\/03\/9788862509893.jpg","type":"image\/jpeg"}],"twitter_card":"summary_large_image","twitter_misc":{"Tempo di lettura stimato":"4 minuti"},"schema":{"@context":"https:\/\/schema.org","@graph":[{"@type":"WebPage","@id":"https:\/\/www.guerini.it\/index.php\/prodotto\/concorso-a-dirigente-tecnico\/","url":"https:\/\/www.guerini.it\/index.php\/prodotto\/concorso-a-dirigente-tecnico\/","name":"Concorso a dirigente tecnico - Guerini e Associati","isPartOf":{"@id":"https:\/\/www.guerini.it\/#website"},"primaryImageOfPage":{"@id":"https:\/\/www.guerini.it\/index.php\/prodotto\/concorso-a-dirigente-tecnico\/#primaryimage"},"image":{"@id":"https:\/\/www.guerini.it\/index.php\/prodotto\/concorso-a-dirigente-tecnico\/#primaryimage"},"thumbnailUrl":"https:\/\/www.guerini.it\/wp-content\/uploads\/2021\/03\/9788862509893.jpg","datePublished":"2021-03-11T08:56:36+00:00","dateModified":"2025-08-07T15:14:30+00:00","breadcrumb":{"@id":"https:\/\/www.guerini.it\/index.php\/prodotto\/concorso-a-dirigente-tecnico\/#breadcrumb"},"inLanguage":"it-IT","potentialAction":[{"@type":"ReadAction","target":["https:\/\/www.guerini.it\/index.php\/prodotto\/concorso-a-dirigente-tecnico\/"]}]},{"@type":"ImageObject","inLanguage":"it-IT","@id":"https:\/\/www.guerini.it\/index.php\/prodotto\/concorso-a-dirigente-tecnico\/#primaryimage","url":"https:\/\/www.guerini.it\/wp-content\/uploads\/2021\/03\/9788862509893.jpg","contentUrl":"https:\/\/www.guerini.it\/wp-content\/uploads\/2021\/03\/9788862509893.jpg","width":708,"height":1000},{"@type":"BreadcrumbList","@id":"https:\/\/www.guerini.it\/index.php\/prodotto\/concorso-a-dirigente-tecnico\/#breadcrumb","itemListElement":[{"@type":"ListItem","position":1,"name":"Home","item":"https:\/\/www.guerini.it\/"},{"@type":"ListItem","position":2,"name":"Catalogo","item":"https:\/\/www.guerini.it\/index.php\/negozio\/"},{"@type":"ListItem","position":3,"name":"Concorso a dirigente tecnico"}]},{"@type":"WebSite","@id":"https:\/\/www.guerini.it\/#website","url":"https:\/\/www.guerini.it\/","name":"Guerini e Associati","description":"30 anni di libri, idee e libert\u00e0","publisher":{"@id":"https:\/\/www.guerini.it\/#organization"},"potentialAction":[{"@type":"SearchAction","target":{"@type":"EntryPoint","urlTemplate":"https:\/\/www.guerini.it\/?s={search_term_string}"},"query-input":{"@type":"PropertyValueSpecification","valueRequired":true,"valueName":"search_term_string"}}],"inLanguage":"it-IT"},{"@type":"Organization","@id":"https:\/\/www.guerini.it\/#organization","name":"Guerini e Associati","url":"https:\/\/www.guerini.it\/","logo":{"@type":"ImageObject","inLanguage":"it-IT","@id":"https:\/\/www.guerini.it\/#\/schema\/logo\/image\/","url":"https:\/\/www.guerini.it\/wp-content\/uploads\/2021\/03\/Logo-Guerini-OK_-e1615831292285.png","contentUrl":"https:\/\/www.guerini.it\/wp-content\/uploads\/2021\/03\/Logo-Guerini-OK_-e1615831292285.png","width":2805,"height":1870,"caption":"Guerini e Associati"},"image":{"@id":"https:\/\/www.guerini.it\/#\/schema\/logo\/image\/"}}]}},"_links":{"self":[{"href":"https:\/\/www.guerini.it\/index.php\/wp-json\/wp\/v2\/product\/21392","targetHints":{"allow":["GET"]}}],"collection":[{"href":"https:\/\/www.guerini.it\/index.php\/wp-json\/wp\/v2\/product"}],"about":[{"href":"https:\/\/www.guerini.it\/index.php\/wp-json\/wp\/v2\/types\/product"}],"wp:featuredmedia":[{"embeddable":true,"href":"https:\/\/www.guerini.it\/index.php\/wp-json\/wp\/v2\/media\/25629"}],"wp:attachment":[{"href":"https:\/\/www.guerini.it\/index.php\/wp-json\/wp\/v2\/media?parent=21392"}],"wp:term":[{"taxonomy":"product_brand","embeddable":true,"href":"https:\/\/www.guerini.it\/index.php\/wp-json\/wp\/v2\/product_brand?post=21392"},{"taxonomy":"product_cat","embeddable":true,"href":"https:\/\/www.guerini.it\/index.php\/wp-json\/wp\/v2\/product_cat?post=21392"},{"taxonomy":"product_tag","embeddable":true,"href":"https:\/\/www.guerini.it\/index.php\/wp-json\/wp\/v2\/product_tag?post=21392"}],"curies":[{"name":"wp","href":"https:\/\/api.w.org\/{rel}","templated":true}]}}