{"id":22505,"date":"2022-03-01T11:47:20","date_gmt":"2022-03-01T10:47:20","guid":{"rendered":"https:\/\/www.guerini.it\/?post_type=product&#038;p=22505"},"modified":"2024-06-09T20:25:26","modified_gmt":"2024-06-09T18:25:26","slug":"lidia-e-le-altre","status":"publish","type":"product","link":"https:\/\/www.guerini.it\/index.php\/prodotto\/lidia-e-le-altre\/","title":{"rendered":"Lidia e le altre"},"content":{"rendered":"<div>\n<p style=\"text-align: left;\"><strong>\u00abLa storia di Lidia Po\u00ebt ci mette ancora una volta di fronte al tema dell\u2019eguaglianza di genere, cos\u00ec strettamente intrecciato all\u2019evoluzione delle democrazie occidentali e, in particolare, di quella italiana\u00bb \u2014\u00a0<span style=\"text-align: right;\">Marta Cartabia<\/span><\/strong><\/p>\n<p style=\"text-align: justify;\">La giustizia \u00e8 donna, ma non sempre \u00e8 stata giusta con le donne. Lo dimostra in modo esemplare la storia di Lidia Po\u00ebt, la prima avvocata italiana che, in tempi in cui le ragazze \u2013 per citare le sue stesse parole \u2013 si occupavano \u201cesclusivamente di trine all\u2019ago e di budini di riso\u201d, os\u00f2 immaginare di poter esercitare davvero la professione nelle aule di tribunale, tanto da avere l\u2019ardire di richiedere l\u2019iscrizione all\u2019Albo (concessa e poi negata), dopo anni di impegno, ostinazione, scelte anticonvenzionali e passione per lo studio del diritto e dei diritti. Anni di esami, viaggi (dal piccolo paese di nascita in Piemonte, Lidia arriva a Parigi, Londra, perfino in Russia), dibattiti sul suffragio femminile, sull\u2019emancipazione delle donne, sulle condizioni delle carceri.<br \/>\nPer la prima volta proposta al grande pubblico in un libro che ne ripercorre non solo la biografia ma anche l\u2019eredit\u00e0 intellettuale, la figura di Lidia giganteggia in tutta la sua pacata e caparbia concretezza che la porta a sfiorare traguardi mai toccati prima e soprattutto ad aprire la strada a tutte coloro che sono venute dopo di lei. La strada da fare \u00e8 ancora molta, ma \u00e8 indubbio che se oggi possiamo parlare di parit\u00e0 lo dobbiamo a donne come Lidia Po\u00ebt.<br \/>\n<strong>Con un\u2019intervista a Elena Bonetti<\/strong><\/p>\n<hr \/>\n<p style=\"text-align: justify;\"><strong><img loading=\"lazy\" decoding=\"async\" class=\" wp-image-22506 alignleft\" src=\"https:\/\/www.guerini.it\/wp-content\/uploads\/2022\/03\/IMG_0695-285x300.jpg\" alt=\"\" width=\"149\" height=\"157\" srcset=\"https:\/\/www.guerini.it\/wp-content\/uploads\/2022\/03\/IMG_0695-285x300.jpg 285w, https:\/\/www.guerini.it\/wp-content\/uploads\/2022\/03\/IMG_0695-300x316.jpg 300w, https:\/\/www.guerini.it\/wp-content\/uploads\/2022\/03\/IMG_0695-64x67.jpg 64w, https:\/\/www.guerini.it\/wp-content\/uploads\/2022\/03\/IMG_0695.jpg 592w\" sizes=\"auto, (max-width: 149px) 100vw, 149px\" \/>Chiara Viale<\/strong>, biellese di nascita e milanese di adozione, \u00e8 avvocato specializzato in diritto societario e della propriet\u00e0 intellettuale. Appassionata di letteratura da sempre, si occupa da anni di promozione delle pari opportunit\u00e0 e valorizzazione delle differenze, sia come responsabile pari opportunit\u00e0 dello studio di cui \u00e8 partner sia come membro di Aslawomen, sezione di ASLA \u2013 Associazione Studi Legali Associati. Gi\u00e0 autrice di pubblicazioni giuridiche, questo \u00e8 il suo primo libro.<\/p>\n<\/div>\n","protected":false},"excerpt":{"rendered":"<p>\u00abLa storia di Lidia Po\u00ebt ci mette ancora una volta di fronte al tema dell\u2019eguaglianza di genere, cos\u00ec strettamente intrecciato all\u2019evoluzione delle democrazie occidentali e, in particolare, di quella italiana\u00bb [&hellip;]<\/p>\n","protected":false},"featured_media":22507,"template":"","meta":{"_editorskit_title_hidden":false,"_editorskit_reading_time":0,"_editorskit_is_block_options_detached":false,"_editorskit_block_options_position":"{}","_monsterinsights_skip_tracking":false,"_monsterinsights_sitenote_active":false,"_monsterinsights_sitenote_note":"","_monsterinsights_sitenote_category":0},"product_brand":[],"product_cat":[6805,6529],"product_tag":[10695,10693,10696,7009,7824,10694,10697],"class_list":{"0":"post-22505","1":"product","2":"type-product","3":"status-publish","4":"has-post-thumbnail","6":"product_cat-guerini-next","7":"product_cat-economia-e-management","8":"product_tag-avvocati","9":"product_tag-diritti","10":"product_tag-diversity","11":"product_tag-donne","12":"product_tag-giustizia","13":"product_tag-pari-opportunita","14":"product_tag-professioni-legali","15":"pa_guerini_amazon_link-https-www-amazon-it-lidia-altre-pari-opportunit-ieri-dp-8868964244","16":"pa_guerini_feltrinelli_link-https-tidd-ly-3hxdg7z","17":"pa_guerini_ibs_link-https-tidd-ly-3hssoer","18":"pa_guerini_libruniver_link-https-www-libreriauniversitaria-it-lidia-altre-pari-opportunita-ieri-libro-9788868964245","19":"pa_guerini_link_amazon-https-www-amazon-it-dp-b09wgyzh38-reftmm_kin_swatch_0_encodingutf8qid1648205244sr8-1","20":"pa_guerini_link_apple_ibook-https-books-apple-com-it-book-lidia-e-le-altre-pari-opportunit-ieri-e-oggi-leredit-id1616175063","21":"pa_guerini_link_bookrepublic-https-www-bookrepublic-it-ebook-9788868964283-lidia-e-le-altre-pari-opportunita-ieri-e-oggi-leredita-di-lidia-poet-goware-guerini-next","22":"pa_guerini_link_giunti_punto-https-www-giuntialpunto-it-product-b09wgyzh38-libri-lidia-e-le-altre-pari-opportunit-ieri-e-oggi-l-eredit-di-lidia-po-t-chiara","23":"pa_guerini_link_google_play-https-play-google-com-store-books-details-chiara_viale_lidia_e_le_altre_pari_opportunit_ieridlj1leaaaqbaj","24":"pa_guerini_link_ibs-https-www-ibs-it-lidia-altre-pari-opportunita-ieri-ebook-chiara-viale-e-9788868964283","25":"pa_guerini_link_kobo-https-www-kobo-com-it-it-ebook-lidia-e-le-altre-pari-opportunita-ieri-e-oggi-l-eredita-di-lidia-poet-1","26":"pa_guerini_link_lafeltrinelli-https-www-lafeltrinelli-it-lidia-altre-pari-opportunita-ieri-ebook-chiara-viale-e-9788868964283","27":"pa_guerini_link_mondadori-https-www-mondadoristore-it-lidia-altre-pari-opportunita-chiara-viale-eai978886896428","28":"pa_guerini_mondadori_link-https-www-mondadoristore-it-lidia-altre-pari-opportunita-chiara-viale-eai978886896424","30":"first","31":"instock","32":"sale","33":"shipping-taxable","34":"purchasable","35":"product-type-simple"},"yoast_head":"<!-- This site is optimized with the Yoast SEO plugin v25.4 - https:\/\/yoast.com\/wordpress\/plugins\/seo\/ -->\n<title>C. Viale, Lidia e le altre | Guerini Editore<\/title>\n<meta name=\"description\" content=\"Lidia e le altre, il volume di Chiara Viale che per primo racconta la straordinaria storia di Lidia Po\u00ebt, prima avvocata d\u2019Italia.\" \/>\n<meta name=\"robots\" content=\"index, follow, max-snippet:-1, max-image-preview:large, max-video-preview:-1\" \/>\n<link rel=\"canonical\" href=\"https:\/\/www.guerini.it\/index.php\/prodotto\/lidia-e-le-altre\/\" \/>\n<meta property=\"og:locale\" content=\"it_IT\" \/>\n<meta property=\"og:type\" content=\"article\" \/>\n<meta property=\"og:title\" content=\"C. Viale, Lidia e le altre | Guerini Editore\" \/>\n<meta property=\"og:description\" content=\"Lidia e le altre, il volume di Chiara Viale che per primo racconta la straordinaria storia di Lidia Po\u00ebt, prima avvocata d\u2019Italia.\" \/>\n<meta property=\"og:url\" content=\"https:\/\/www.guerini.it\/index.php\/prodotto\/lidia-e-le-altre\/\" \/>\n<meta property=\"og:site_name\" content=\"Guerini e Associati\" \/>\n<meta property=\"article:modified_time\" content=\"2024-06-09T18:25:26+00:00\" \/>\n<meta property=\"og:image\" content=\"https:\/\/www.guerini.it\/wp-content\/uploads\/2022\/03\/Front-Cover-LIDIA-E-LE-ALTRE-e1646131626532.jpg\" \/>\n\t<meta property=\"og:image:width\" content=\"233\" \/>\n\t<meta property=\"og:image:height\" content=\"350\" \/>\n\t<meta property=\"og:image:type\" content=\"image\/jpeg\" \/>\n<meta name=\"twitter:card\" content=\"summary_large_image\" \/>\n<meta name=\"twitter:label1\" content=\"Tempo di lettura stimato\" \/>\n\t<meta name=\"twitter:data1\" content=\"3 minuti\" \/>\n<!-- \/ Yoast SEO plugin. -->","yoast_head_json":{"title":"C. Viale, Lidia e le altre | Guerini Editore","description":"Lidia e le altre, il volume di Chiara Viale che per primo racconta la straordinaria storia di Lidia Po\u00ebt, prima avvocata d\u2019Italia.","robots":{"index":"index","follow":"follow","max-snippet":"max-snippet:-1","max-image-preview":"max-image-preview:large","max-video-preview":"max-video-preview:-1"},"canonical":"https:\/\/www.guerini.it\/index.php\/prodotto\/lidia-e-le-altre\/","og_locale":"it_IT","og_type":"article","og_title":"C. Viale, Lidia e le altre | Guerini Editore","og_description":"Lidia e le altre, il volume di Chiara Viale che per primo racconta la straordinaria storia di Lidia Po\u00ebt, prima avvocata d\u2019Italia.","og_url":"https:\/\/www.guerini.it\/index.php\/prodotto\/lidia-e-le-altre\/","og_site_name":"Guerini e Associati","article_modified_time":"2024-06-09T18:25:26+00:00","og_image":[{"width":233,"height":350,"url":"https:\/\/www.guerini.it\/wp-content\/uploads\/2022\/03\/Front-Cover-LIDIA-E-LE-ALTRE-e1646131626532.jpg","type":"image\/jpeg"}],"twitter_card":"summary_large_image","twitter_misc":{"Tempo di lettura stimato":"3 minuti"},"schema":{"@context":"https:\/\/schema.org","@graph":[{"@type":"WebPage","@id":"https:\/\/www.guerini.it\/index.php\/prodotto\/lidia-e-le-altre\/","url":"https:\/\/www.guerini.it\/index.php\/prodotto\/lidia-e-le-altre\/","name":"C. Viale, Lidia e le altre | Guerini Editore","isPartOf":{"@id":"https:\/\/www.guerini.it\/#website"},"primaryImageOfPage":{"@id":"https:\/\/www.guerini.it\/index.php\/prodotto\/lidia-e-le-altre\/#primaryimage"},"image":{"@id":"https:\/\/www.guerini.it\/index.php\/prodotto\/lidia-e-le-altre\/#primaryimage"},"thumbnailUrl":"https:\/\/www.guerini.it\/wp-content\/uploads\/2022\/03\/Front-Cover-LIDIA-E-LE-ALTRE-e1646131626532.jpg","datePublished":"2022-03-01T10:47:20+00:00","dateModified":"2024-06-09T18:25:26+00:00","description":"Lidia e le altre, il volume di Chiara Viale che per primo racconta la straordinaria storia di Lidia Po\u00ebt, prima avvocata d\u2019Italia.","breadcrumb":{"@id":"https:\/\/www.guerini.it\/index.php\/prodotto\/lidia-e-le-altre\/#breadcrumb"},"inLanguage":"it-IT","potentialAction":[{"@type":"ReadAction","target":["https:\/\/www.guerini.it\/index.php\/prodotto\/lidia-e-le-altre\/"]}]},{"@type":"ImageObject","inLanguage":"it-IT","@id":"https:\/\/www.guerini.it\/index.php\/prodotto\/lidia-e-le-altre\/#primaryimage","url":"https:\/\/www.guerini.it\/wp-content\/uploads\/2022\/03\/Front-Cover-LIDIA-E-LE-ALTRE-e1646131626532.jpg","contentUrl":"https:\/\/www.guerini.it\/wp-content\/uploads\/2022\/03\/Front-Cover-LIDIA-E-LE-ALTRE-e1646131626532.jpg","width":233,"height":350,"caption":"Front Cover LIDIA E LE ALTRE"},{"@type":"BreadcrumbList","@id":"https:\/\/www.guerini.it\/index.php\/prodotto\/lidia-e-le-altre\/#breadcrumb","itemListElement":[{"@type":"ListItem","position":1,"name":"Home","item":"https:\/\/www.guerini.it\/"},{"@type":"ListItem","position":2,"name":"Catalogo","item":"https:\/\/www.guerini.it\/index.php\/negozio\/"},{"@type":"ListItem","position":3,"name":"Lidia e le altre"}]},{"@type":"WebSite","@id":"https:\/\/www.guerini.it\/#website","url":"https:\/\/www.guerini.it\/","name":"Guerini e Associati","description":"30 anni di libri, idee e libert\u00e0","publisher":{"@id":"https:\/\/www.guerini.it\/#organization"},"potentialAction":[{"@type":"SearchAction","target":{"@type":"EntryPoint","urlTemplate":"https:\/\/www.guerini.it\/?s={search_term_string}"},"query-input":{"@type":"PropertyValueSpecification","valueRequired":true,"valueName":"search_term_string"}}],"inLanguage":"it-IT"},{"@type":"Organization","@id":"https:\/\/www.guerini.it\/#organization","name":"Guerini e Associati","url":"https:\/\/www.guerini.it\/","logo":{"@type":"ImageObject","inLanguage":"it-IT","@id":"https:\/\/www.guerini.it\/#\/schema\/logo\/image\/","url":"https:\/\/www.guerini.it\/wp-content\/uploads\/2021\/03\/Logo-Guerini-OK_-e1615831292285.png","contentUrl":"https:\/\/www.guerini.it\/wp-content\/uploads\/2021\/03\/Logo-Guerini-OK_-e1615831292285.png","width":2805,"height":1870,"caption":"Guerini e Associati"},"image":{"@id":"https:\/\/www.guerini.it\/#\/schema\/logo\/image\/"}}]}},"_links":{"self":[{"href":"https:\/\/www.guerini.it\/index.php\/wp-json\/wp\/v2\/product\/22505","targetHints":{"allow":["GET"]}}],"collection":[{"href":"https:\/\/www.guerini.it\/index.php\/wp-json\/wp\/v2\/product"}],"about":[{"href":"https:\/\/www.guerini.it\/index.php\/wp-json\/wp\/v2\/types\/product"}],"wp:featuredmedia":[{"embeddable":true,"href":"https:\/\/www.guerini.it\/index.php\/wp-json\/wp\/v2\/media\/22507"}],"wp:attachment":[{"href":"https:\/\/www.guerini.it\/index.php\/wp-json\/wp\/v2\/media?parent=22505"}],"wp:term":[{"taxonomy":"product_brand","embeddable":true,"href":"https:\/\/www.guerini.it\/index.php\/wp-json\/wp\/v2\/product_brand?post=22505"},{"taxonomy":"product_cat","embeddable":true,"href":"https:\/\/www.guerini.it\/index.php\/wp-json\/wp\/v2\/product_cat?post=22505"},{"taxonomy":"product_tag","embeddable":true,"href":"https:\/\/www.guerini.it\/index.php\/wp-json\/wp\/v2\/product_tag?post=22505"}],"curies":[{"name":"wp","href":"https:\/\/api.w.org\/{rel}","templated":true}]}}