{"id":22904,"date":"2022-09-09T16:27:51","date_gmt":"2022-09-09T14:27:51","guid":{"rendered":"https:\/\/www.guerini.it\/?post_type=product&#038;p=22904"},"modified":"2024-06-09T20:25:40","modified_gmt":"2024-06-09T18:25:40","slug":"il-mondo-postglobale","status":"publish","type":"product","link":"https:\/\/www.guerini.it\/index.php\/prodotto\/il-mondo-postglobale\/","title":{"rendered":"Il mondo postglobale"},"content":{"rendered":"<p style=\"text-align: center;\"><strong><em>2022, l\u2019anno che ha cambiato il mondo.<\/em><\/strong><br \/>\n<strong><em>Abbiamo bisogno di pensieri nuovi,<\/em><\/strong><br \/>\n<strong><em>di nuove analisi, di uno sguardo lungo.<\/em><\/strong><br \/>\n<strong><em>Ed \u00e8 quello che proviamo a fare<\/em><\/strong><br \/>\n<strong><em>in questo lavoro.<\/em><\/strong><\/p>\n<p style=\"text-align: justify;\">Negli anni Venti del XXI secolo \u2013 oggi \u2013 il mondo \u00e8 all\u2019incrocio di quattro crisi: la crisi pandemica, non ancora conclusa e che ha accelerato e fatto emergere evoluzioni gi\u00e0 in corso; la crisi climatico-ambientale, che nell\u2019estate ha cominciato a <em>mordere<\/em> in molte aree del pianeta; la crisi geopolitica, con una guerra che si prolunga nel cuore del \u00abvecchio continente\u00bb; infine, la crisi economico-sociale, in parte innescata dall\u2019innovazione tecnologica, complicata dalla crisi ambientale, dalla pandemia e dalla guerra. Queste quattro \u00abcrisi\u00bb \u2013 nel senso greco del termine, che si pu\u00f2 rendere, nell\u2019italiano di oggi, con \u00abmomento decisivo\u00bb, quindi non necessariamente negativo \u2013 influenzano un\u2019economia mondiale che sta perdendo i suoi caratteri di globalit\u00e0 e riducendo le proprie capacit\u00e0 di crescita.<br \/>\nL\u2019unica certezza \u00e8 che il mondo non torner\u00e0 <em>come prima<\/em>: per affrontare le crisi, per coglierne le opportunit\u00e0 e non solo subirne i danni, abbiamo bisogno di pensieri nuovi, di nuove analisi, di uno sguardo lungo. Ed \u00e8 quello che proviamo a fare in questo lavoro.<\/p>\n<hr \/>\n<p style=\"text-align: justify;\"><strong>MARIO DEAGLIO<\/strong>, professore emerito di Economia internazionale presso l\u2019Universit\u00e0 di Torino, \u00e8 opinionista de <em>La Stampa<\/em>.<br \/>\n<strong>GIOVANNI B. ANDORNINO<\/strong>, ricercatore presso l\u2019Universit\u00e0 di Torino, insegna Relazioni internazionali dell\u2019Asia orientale; \u00e8 vicepresidente del Torino World Affairs Institute.<br \/>\n<strong>GIORGIO ARFARAS<\/strong>, direttore della <em>Lettera Economica<\/em> del Centro Einaudi dal 2009 al 2020, collabora a numerose testate di economia e finanza.<br \/>\n<strong>ANGELA DE MARTIIS<\/strong>, ricercatrice post-dottorato presso l\u2019Institute for Financial Management dell\u2019Universit\u00e0 di Berna, collabora come ricercatrice con il Centro Einaudi dal 2012.<br \/>\n<strong>GIUSEPPINA DE SANTIS<\/strong>, gi\u00e0 assessore alla Ricerca e alle Attivit\u00e0 produttive della Regione Piemonte, \u00e8 stata direttore del Centro Einaudi dal 2001 al 2014.<br \/>\n<strong>GABRIELE GUGGIOLA<\/strong> \u00e8 partner in PricewaterhouseCoopers nell\u2019ambito <em>financial services<\/em> e operazioni straordinarie. Ha lavorato per Banca d\u2019Italia.<br \/>\n<strong>PAOLO MIGLIAVACCA<\/strong>, giornalista, ha collaborato a varie testate, tra cui <em>Il Sole 24 Ore<\/em>, di cui \u00e8 stato caposervizio e curatore della pagina Esteri, edizione del luned\u00ec.<br \/>\n<strong>GIUSEPPE RUSSO<\/strong>, economista professionista, \u00e8 direttore del Centro Einaudi dal 2014.<br \/>\n<strong>GIORGIO VERNONI<\/strong> \u00e8 ricercatore in Economia del lavoro all\u2019Istituto di Ricerche Economico-Sociali del Piemonte. Ha collaborato con il Centro Einaudi.<\/p>\n","protected":false},"excerpt":{"rendered":"<p>2022, l\u2019anno che ha cambiato il mondo. Abbiamo bisogno di pensieri nuovi, di nuove analisi, di uno sguardo lungo. Ed \u00e8 quello che proviamo a fare in questo lavoro. Negli [&hellip;]<\/p>\n","protected":false},"featured_media":22905,"template":"","meta":{"_editorskit_title_hidden":false,"_editorskit_reading_time":0,"_editorskit_is_block_options_detached":false,"_editorskit_block_options_position":"{}","_monsterinsights_skip_tracking":false,"_monsterinsights_sitenote_active":false,"_monsterinsights_sitenote_note":"","_monsterinsights_sitenote_category":0},"product_brand":[],"product_cat":[6680],"product_tag":[8475,6815,7396],"class_list":{"0":"post-22904","1":"product","2":"type-product","3":"status-publish","4":"has-post-thumbnail","6":"product_cat-ce","7":"product_tag-attualita","8":"product_tag-economia","9":"product_tag-globalizzazione","10":"pa_guerini_amazon_link-https-www-amazon-it-mondo-postglobale-mario-deaglio-dp-886250859x","11":"pa_guerini_feltrinelli_link-https-www-lafeltrinelli-it-mondo-post-globale-libro-vari-e-9788862508599","12":"pa_guerini_ibs_link-https-www-ibs-it-mondo-post-globale-libro-vari-e-9788862508599","13":"pa_guerini_libruniver_link-https-www-libreriauniversitaria-it-mondo-postglobale-guerini-associati-libro-9788862508599","14":"pa_guerini_link_amazon-https-www-amazon-it-mondo-post-globale-mario-deaglio-ebook-dp-b0bgxc2818","15":"pa_guerini_link_bookrepublic-https-www-bookrepublic-it-ebook-9788881954735-il-mondo-post-globale-goware-e-edizioni-angelo-guerini-e-associati","16":"pa_guerini_link_giunti_punto-https-www-giuntialpunto-it-product-b0bgxc2818-libri-il-mondo-post-globale-cura-di-mario-deaglio","17":"pa_guerini_link_google_play-https-play-google-com-store-books-details-mario_deaglio_il_mondo_post_globaleid1cqpeaaaqbaj","18":"pa_guerini_link_ibs-https-www-ibs-it-mondo-post-globale-ebook-a-cura-di-mario-deaglio-e-9788881954735","19":"pa_guerini_link_kobo-https-www-kobo-com-it-it-ebook-il-mondo-post-globale","20":"pa_guerini_link_lafeltrinelli-https-www-lafeltrinelli-it-mondo-post-globale-ebook-a-cura-di-mario-deaglio-e-9788881954735","21":"pa_guerini_link_mondadori-https-www-mondadoristore-it-il-mondo-post-globale-a-cura-di-mario-deaglio-eai978888195473","22":"pa_guerini_mondadori_link-https-www-mondadoristore-it-il-mondo-postglobale-na-eai978886250859","24":"first","25":"instock","26":"sale","27":"shipping-taxable","28":"purchasable","29":"product-type-simple"},"yoast_head":"<!-- This site is optimized with the Yoast SEO plugin v25.4 - https:\/\/yoast.com\/wordpress\/plugins\/seo\/ -->\n<title>Il mondo postglobale - Guerini e Associati<\/title>\n<meta name=\"robots\" content=\"index, follow, max-snippet:-1, max-image-preview:large, max-video-preview:-1\" \/>\n<link rel=\"canonical\" href=\"https:\/\/www.guerini.it\/index.php\/prodotto\/il-mondo-postglobale\/\" \/>\n<meta property=\"og:locale\" content=\"it_IT\" \/>\n<meta property=\"og:type\" content=\"article\" \/>\n<meta property=\"og:title\" content=\"Il mondo postglobale - Guerini e Associati\" \/>\n<meta property=\"og:description\" content=\"2022, l\u2019anno che ha cambiato il mondo. Abbiamo bisogno di pensieri nuovi, di nuove analisi, di uno sguardo lungo. Ed \u00e8 quello che proviamo a fare in questo lavoro. Negli [&hellip;]\" \/>\n<meta property=\"og:url\" content=\"https:\/\/www.guerini.it\/index.php\/prodotto\/il-mondo-postglobale\/\" \/>\n<meta property=\"og:site_name\" content=\"Guerini e Associati\" \/>\n<meta property=\"article:modified_time\" content=\"2024-06-09T18:25:40+00:00\" \/>\n<meta property=\"og:image\" content=\"https:\/\/www.guerini.it\/wp-content\/uploads\/2022\/09\/9788862508599-e1662733658145.jpg\" \/>\n\t<meta property=\"og:image:width\" content=\"225\" \/>\n\t<meta property=\"og:image:height\" content=\"350\" \/>\n\t<meta property=\"og:image:type\" content=\"image\/jpeg\" \/>\n<meta name=\"twitter:card\" content=\"summary_large_image\" \/>\n<meta name=\"twitter:label1\" content=\"Tempo di lettura stimato\" \/>\n\t<meta name=\"twitter:data1\" content=\"3 minuti\" \/>\n<!-- \/ Yoast SEO plugin. -->","yoast_head_json":{"title":"Il mondo postglobale - Guerini e Associati","robots":{"index":"index","follow":"follow","max-snippet":"max-snippet:-1","max-image-preview":"max-image-preview:large","max-video-preview":"max-video-preview:-1"},"canonical":"https:\/\/www.guerini.it\/index.php\/prodotto\/il-mondo-postglobale\/","og_locale":"it_IT","og_type":"article","og_title":"Il mondo postglobale - Guerini e Associati","og_description":"2022, l\u2019anno che ha cambiato il mondo. Abbiamo bisogno di pensieri nuovi, di nuove analisi, di uno sguardo lungo. Ed \u00e8 quello che proviamo a fare in questo lavoro. Negli [&hellip;]","og_url":"https:\/\/www.guerini.it\/index.php\/prodotto\/il-mondo-postglobale\/","og_site_name":"Guerini e Associati","article_modified_time":"2024-06-09T18:25:40+00:00","og_image":[{"width":225,"height":350,"url":"https:\/\/www.guerini.it\/wp-content\/uploads\/2022\/09\/9788862508599-e1662733658145.jpg","type":"image\/jpeg"}],"twitter_card":"summary_large_image","twitter_misc":{"Tempo di lettura stimato":"3 minuti"},"schema":{"@context":"https:\/\/schema.org","@graph":[{"@type":"WebPage","@id":"https:\/\/www.guerini.it\/index.php\/prodotto\/il-mondo-postglobale\/","url":"https:\/\/www.guerini.it\/index.php\/prodotto\/il-mondo-postglobale\/","name":"Il mondo postglobale - Guerini e Associati","isPartOf":{"@id":"https:\/\/www.guerini.it\/#website"},"primaryImageOfPage":{"@id":"https:\/\/www.guerini.it\/index.php\/prodotto\/il-mondo-postglobale\/#primaryimage"},"image":{"@id":"https:\/\/www.guerini.it\/index.php\/prodotto\/il-mondo-postglobale\/#primaryimage"},"thumbnailUrl":"https:\/\/www.guerini.it\/wp-content\/uploads\/2022\/09\/9788862508599-e1662733658145.jpg","datePublished":"2022-09-09T14:27:51+00:00","dateModified":"2024-06-09T18:25:40+00:00","breadcrumb":{"@id":"https:\/\/www.guerini.it\/index.php\/prodotto\/il-mondo-postglobale\/#breadcrumb"},"inLanguage":"it-IT","potentialAction":[{"@type":"ReadAction","target":["https:\/\/www.guerini.it\/index.php\/prodotto\/il-mondo-postglobale\/"]}]},{"@type":"ImageObject","inLanguage":"it-IT","@id":"https:\/\/www.guerini.it\/index.php\/prodotto\/il-mondo-postglobale\/#primaryimage","url":"https:\/\/www.guerini.it\/wp-content\/uploads\/2022\/09\/9788862508599-e1662733658145.jpg","contentUrl":"https:\/\/www.guerini.it\/wp-content\/uploads\/2022\/09\/9788862508599-e1662733658145.jpg","width":225,"height":350,"caption":"Copertina del volume Il mondo postglobale"},{"@type":"BreadcrumbList","@id":"https:\/\/www.guerini.it\/index.php\/prodotto\/il-mondo-postglobale\/#breadcrumb","itemListElement":[{"@type":"ListItem","position":1,"name":"Home","item":"https:\/\/www.guerini.it\/"},{"@type":"ListItem","position":2,"name":"Catalogo","item":"https:\/\/www.guerini.it\/index.php\/negozio\/"},{"@type":"ListItem","position":3,"name":"Il mondo postglobale"}]},{"@type":"WebSite","@id":"https:\/\/www.guerini.it\/#website","url":"https:\/\/www.guerini.it\/","name":"Guerini e Associati","description":"30 anni di libri, idee e libert\u00e0","publisher":{"@id":"https:\/\/www.guerini.it\/#organization"},"potentialAction":[{"@type":"SearchAction","target":{"@type":"EntryPoint","urlTemplate":"https:\/\/www.guerini.it\/?s={search_term_string}"},"query-input":{"@type":"PropertyValueSpecification","valueRequired":true,"valueName":"search_term_string"}}],"inLanguage":"it-IT"},{"@type":"Organization","@id":"https:\/\/www.guerini.it\/#organization","name":"Guerini e Associati","url":"https:\/\/www.guerini.it\/","logo":{"@type":"ImageObject","inLanguage":"it-IT","@id":"https:\/\/www.guerini.it\/#\/schema\/logo\/image\/","url":"https:\/\/www.guerini.it\/wp-content\/uploads\/2021\/03\/Logo-Guerini-OK_-e1615831292285.png","contentUrl":"https:\/\/www.guerini.it\/wp-content\/uploads\/2021\/03\/Logo-Guerini-OK_-e1615831292285.png","width":2805,"height":1870,"caption":"Guerini e Associati"},"image":{"@id":"https:\/\/www.guerini.it\/#\/schema\/logo\/image\/"}}]}},"_links":{"self":[{"href":"https:\/\/www.guerini.it\/index.php\/wp-json\/wp\/v2\/product\/22904","targetHints":{"allow":["GET"]}}],"collection":[{"href":"https:\/\/www.guerini.it\/index.php\/wp-json\/wp\/v2\/product"}],"about":[{"href":"https:\/\/www.guerini.it\/index.php\/wp-json\/wp\/v2\/types\/product"}],"wp:featuredmedia":[{"embeddable":true,"href":"https:\/\/www.guerini.it\/index.php\/wp-json\/wp\/v2\/media\/22905"}],"wp:attachment":[{"href":"https:\/\/www.guerini.it\/index.php\/wp-json\/wp\/v2\/media?parent=22904"}],"wp:term":[{"taxonomy":"product_brand","embeddable":true,"href":"https:\/\/www.guerini.it\/index.php\/wp-json\/wp\/v2\/product_brand?post=22904"},{"taxonomy":"product_cat","embeddable":true,"href":"https:\/\/www.guerini.it\/index.php\/wp-json\/wp\/v2\/product_cat?post=22904"},{"taxonomy":"product_tag","embeddable":true,"href":"https:\/\/www.guerini.it\/index.php\/wp-json\/wp\/v2\/product_tag?post=22904"}],"curies":[{"name":"wp","href":"https:\/\/api.w.org\/{rel}","templated":true}]}}