{"id":23906,"date":"2023-05-23T12:35:41","date_gmt":"2023-05-23T10:35:41","guid":{"rendered":"https:\/\/www.guerini.it\/?post_type=product&#038;p=23906"},"modified":"2024-06-09T20:25:57","modified_gmt":"2024-06-09T18:25:57","slug":"dallillusione-dellabbondanza-alleconomia-dellabbastanza","status":"publish","type":"product","link":"https:\/\/www.guerini.it\/index.php\/prodotto\/dallillusione-dellabbondanza-alleconomia-dellabbastanza\/","title":{"rendered":"Dall\u2019illusione dell\u2019abbondanza all\u2019economia dell\u2019abbastanza"},"content":{"rendered":"<p style=\"text-align: justify;\">Il sistema degli scambi e degli equilibri internazionali che si era esteso a tutto il mondo prima della crisi finanziaria del 2008-2009 \u00e8 ormai affidato alla storia. La successiva tempesta economico-sociale, geopolitica, climatica che stiamo ancora attraversando ci ha proiettati in un mondo che possiamo chiamare \u00abpostglobale\u00bb, caratterizzato dal parziale abbandono delle regole del libero mercato, dall\u2019incentivazione al ritorno in patria delle industrie nazionali e dalla necessit\u00e0 \u2013 e contemporanea difficolt\u00e0 \u2013 a tradurre in piani concreti i progetti \u00abverdi\u00bb.<\/p>\n<p style=\"text-align: justify;\">Il conflitto ucraino e le tensioni sino-americane stanno ulteriormente mettendo sotto stress l\u2019ordine internazionale del passato, anche per il rinchiudersi dell\u2019America su se stessa. La frattura globale che si sta aprendo porter\u00e0 a un\u2019atmosfera mondiale di grande ostilit\u00e0? Provocher\u00e0 un rallentamento strutturale della crescita o sar\u00e0 solo un sussulto temporaneo.<\/p>\n<p style=\"text-align: justify;\">Al momento attuale non ci sono risposte, ma solo scenari. Eppure il problema va posto. Dobbiamo tuttavia dimenticarci i tempi spensierati \u2013 e in parte irresponsabili \u2013 in cui eravamo convinti di vivere una condizione di facile abbondanza, cercando invece di costruire \u2013 dall\u2019ambiente in su \u2013 una \u00abet\u00e0 dell\u2019abbastanza\u00bb, nella quale si possa vivere ragionevolmente bene. Noi, i nostri figli e i nostri nipoti. Il secondo Rapporto sul mondo postglobale cerca di mettere un po\u2019 d\u2019ordine in questa matassa complicata, indicando le vie d\u2019uscita che si devono cercare. E probabilmente si possono trovare.<\/p>\n<hr \/>\n<p style=\"text-align: justify;\"><strong>MARIO DEAGLIO<\/strong>, professore emerito di Economia internazionale presso l\u2019Universit\u00e0 di Torino, \u00e8 opinionista de La Stampa.<br \/>\n<strong>GIORGIO ARFARAS<\/strong>, direttore della Lettera Economica del Centro Einaudi dal 2009 al 2020, collabora a numerose testate di economia e finanza.<br \/>\n<strong>GIUSEPPINA DE SANTIS<\/strong>, gi\u00e0 assessore alla Ricerca e alle Attivit\u00e0 produttive della Regione Piemonte, \u00e8 stata direttore del Centro Einaudi dal 2001 al 2014.<br \/>\n<strong>PAOLO MIGLIAVACCA<\/strong>, giornalista, ha collaborato a varie testate, tra cui Il Sole 24 Ore, di cui \u00e8 stato caposervizio e curatore della pagina Esteri, edizione del luned\u00ec.<br \/>\n<strong>GIUSEPPE RUSSO<\/strong>, economista professionista, \u00e8 direttore del Centro Einaudi dal 2014.<\/p>\n","protected":false},"excerpt":{"rendered":"<p>Il sistema degli scambi e degli equilibri internazionali che si era esteso a tutto il mondo prima della crisi finanziaria del 2008-2009 \u00e8 ormai affidato alla storia. La successiva tempesta [&hellip;]<\/p>\n","protected":false},"featured_media":23907,"template":"","meta":{"_editorskit_title_hidden":false,"_editorskit_reading_time":0,"_editorskit_is_block_options_detached":false,"_editorskit_block_options_position":"{}","_monsterinsights_skip_tracking":false,"_monsterinsights_sitenote_active":false,"_monsterinsights_sitenote_note":"","_monsterinsights_sitenote_category":0},"product_brand":[],"product_cat":[6680],"product_tag":[10743,6815,7325],"class_list":{"0":"post-23906","1":"product","2":"type-product","3":"status-publish","4":"has-post-thumbnail","6":"product_cat-ce","7":"product_tag-disuguaglianze","8":"product_tag-economia","9":"product_tag-geopolitica","10":"pa_guerini_amazon_link-https-www-amazon-it-dallillusione-dellabbondanza-alleconomia-dellabbastanza-deaglio-dp-8862508883","11":"pa_guerini_feltrinelli_link-https-www-lafeltrinelli-it-dall-illusione-dell-abbondanza-all-libro-vari-e-9788862508889","12":"pa_guerini_ibs_link-https-www-ibs-it-dall-illusione-dell-abbondanza-all-libro-vari-e-9788862508889","13":"pa_guerini_libruniver_link-https-www-libreriauniversitaria-it-illusione-abbondanza-economia-abbastanza-guerini-libro-9788862508889","14":"pa_guerini_mondadori_link-https-www-mondadoristore-it-dall-illusione-na-eai978886250888","16":"first","17":"instock","18":"sale","19":"shipping-taxable","20":"purchasable","21":"product-type-simple"},"yoast_head":"<!-- This site is optimized with the Yoast SEO plugin v25.4 - https:\/\/yoast.com\/wordpress\/plugins\/seo\/ -->\n<title>M. Deaglio, Dall&#039;illusione dell&#039;abbondanza all&#039;economia dell&#039;abbastanza<\/title>\n<meta name=\"robots\" content=\"index, follow, max-snippet:-1, max-image-preview:large, max-video-preview:-1\" \/>\n<link rel=\"canonical\" href=\"https:\/\/www.guerini.it\/index.php\/prodotto\/dallillusione-dellabbondanza-alleconomia-dellabbastanza\/\" \/>\n<meta property=\"og:locale\" content=\"it_IT\" \/>\n<meta property=\"og:type\" content=\"article\" \/>\n<meta property=\"og:title\" content=\"M. Deaglio, Dall&#039;illusione dell&#039;abbondanza all&#039;economia dell&#039;abbastanza\" \/>\n<meta property=\"og:description\" content=\"Il sistema degli scambi e degli equilibri internazionali che si era esteso a tutto il mondo prima della crisi finanziaria del 2008-2009 \u00e8 ormai affidato alla storia. La successiva tempesta [&hellip;]\" \/>\n<meta property=\"og:url\" content=\"https:\/\/www.guerini.it\/index.php\/prodotto\/dallillusione-dellabbondanza-alleconomia-dellabbastanza\/\" \/>\n<meta property=\"og:site_name\" content=\"Guerini e Associati\" \/>\n<meta property=\"article:modified_time\" content=\"2024-06-09T18:25:57+00:00\" \/>\n<meta property=\"og:image\" content=\"https:\/\/www.guerini.it\/wp-content\/uploads\/2023\/05\/9788862508889.webp\" \/>\n\t<meta property=\"og:image:width\" content=\"643\" \/>\n\t<meta property=\"og:image:height\" content=\"1000\" \/>\n\t<meta property=\"og:image:type\" content=\"image\/webp\" \/>\n<meta name=\"twitter:card\" content=\"summary_large_image\" \/>\n<meta name=\"twitter:label1\" content=\"Tempo di lettura stimato\" \/>\n\t<meta name=\"twitter:data1\" content=\"2 minuti\" \/>\n<!-- \/ Yoast SEO plugin. -->","yoast_head_json":{"title":"M. Deaglio, Dall'illusione dell'abbondanza all'economia dell'abbastanza","robots":{"index":"index","follow":"follow","max-snippet":"max-snippet:-1","max-image-preview":"max-image-preview:large","max-video-preview":"max-video-preview:-1"},"canonical":"https:\/\/www.guerini.it\/index.php\/prodotto\/dallillusione-dellabbondanza-alleconomia-dellabbastanza\/","og_locale":"it_IT","og_type":"article","og_title":"M. Deaglio, Dall'illusione dell'abbondanza all'economia dell'abbastanza","og_description":"Il sistema degli scambi e degli equilibri internazionali che si era esteso a tutto il mondo prima della crisi finanziaria del 2008-2009 \u00e8 ormai affidato alla storia. La successiva tempesta [&hellip;]","og_url":"https:\/\/www.guerini.it\/index.php\/prodotto\/dallillusione-dellabbondanza-alleconomia-dellabbastanza\/","og_site_name":"Guerini e Associati","article_modified_time":"2024-06-09T18:25:57+00:00","og_image":[{"width":643,"height":1000,"url":"https:\/\/www.guerini.it\/wp-content\/uploads\/2023\/05\/9788862508889.webp","type":"image\/webp"}],"twitter_card":"summary_large_image","twitter_misc":{"Tempo di lettura stimato":"2 minuti"},"schema":{"@context":"https:\/\/schema.org","@graph":[{"@type":"WebPage","@id":"https:\/\/www.guerini.it\/index.php\/prodotto\/dallillusione-dellabbondanza-alleconomia-dellabbastanza\/","url":"https:\/\/www.guerini.it\/index.php\/prodotto\/dallillusione-dellabbondanza-alleconomia-dellabbastanza\/","name":"M. Deaglio, Dall'illusione dell'abbondanza all'economia dell'abbastanza","isPartOf":{"@id":"https:\/\/www.guerini.it\/#website"},"primaryImageOfPage":{"@id":"https:\/\/www.guerini.it\/index.php\/prodotto\/dallillusione-dellabbondanza-alleconomia-dellabbastanza\/#primaryimage"},"image":{"@id":"https:\/\/www.guerini.it\/index.php\/prodotto\/dallillusione-dellabbondanza-alleconomia-dellabbastanza\/#primaryimage"},"thumbnailUrl":"https:\/\/www.guerini.it\/wp-content\/uploads\/2023\/05\/9788862508889.webp","datePublished":"2023-05-23T10:35:41+00:00","dateModified":"2024-06-09T18:25:57+00:00","breadcrumb":{"@id":"https:\/\/www.guerini.it\/index.php\/prodotto\/dallillusione-dellabbondanza-alleconomia-dellabbastanza\/#breadcrumb"},"inLanguage":"it-IT","potentialAction":[{"@type":"ReadAction","target":["https:\/\/www.guerini.it\/index.php\/prodotto\/dallillusione-dellabbondanza-alleconomia-dellabbastanza\/"]}]},{"@type":"ImageObject","inLanguage":"it-IT","@id":"https:\/\/www.guerini.it\/index.php\/prodotto\/dallillusione-dellabbondanza-alleconomia-dellabbastanza\/#primaryimage","url":"https:\/\/www.guerini.it\/wp-content\/uploads\/2023\/05\/9788862508889.webp","contentUrl":"https:\/\/www.guerini.it\/wp-content\/uploads\/2023\/05\/9788862508889.webp","width":643,"height":1000,"caption":"Copertina del libro M. Deaglio, Dall'illusione dell'abbondanza all'economia dell'abbastanza"},{"@type":"BreadcrumbList","@id":"https:\/\/www.guerini.it\/index.php\/prodotto\/dallillusione-dellabbondanza-alleconomia-dellabbastanza\/#breadcrumb","itemListElement":[{"@type":"ListItem","position":1,"name":"Home","item":"https:\/\/www.guerini.it\/"},{"@type":"ListItem","position":2,"name":"Catalogo","item":"https:\/\/www.guerini.it\/index.php\/negozio\/"},{"@type":"ListItem","position":3,"name":"Dall\u2019illusione dell\u2019abbondanza all\u2019economia dell\u2019abbastanza"}]},{"@type":"WebSite","@id":"https:\/\/www.guerini.it\/#website","url":"https:\/\/www.guerini.it\/","name":"Guerini e Associati","description":"30 anni di libri, idee e libert\u00e0","publisher":{"@id":"https:\/\/www.guerini.it\/#organization"},"potentialAction":[{"@type":"SearchAction","target":{"@type":"EntryPoint","urlTemplate":"https:\/\/www.guerini.it\/?s={search_term_string}"},"query-input":{"@type":"PropertyValueSpecification","valueRequired":true,"valueName":"search_term_string"}}],"inLanguage":"it-IT"},{"@type":"Organization","@id":"https:\/\/www.guerini.it\/#organization","name":"Guerini e Associati","url":"https:\/\/www.guerini.it\/","logo":{"@type":"ImageObject","inLanguage":"it-IT","@id":"https:\/\/www.guerini.it\/#\/schema\/logo\/image\/","url":"https:\/\/www.guerini.it\/wp-content\/uploads\/2021\/03\/Logo-Guerini-OK_-e1615831292285.png","contentUrl":"https:\/\/www.guerini.it\/wp-content\/uploads\/2021\/03\/Logo-Guerini-OK_-e1615831292285.png","width":2805,"height":1870,"caption":"Guerini e Associati"},"image":{"@id":"https:\/\/www.guerini.it\/#\/schema\/logo\/image\/"}}]}},"_links":{"self":[{"href":"https:\/\/www.guerini.it\/index.php\/wp-json\/wp\/v2\/product\/23906","targetHints":{"allow":["GET"]}}],"collection":[{"href":"https:\/\/www.guerini.it\/index.php\/wp-json\/wp\/v2\/product"}],"about":[{"href":"https:\/\/www.guerini.it\/index.php\/wp-json\/wp\/v2\/types\/product"}],"wp:featuredmedia":[{"embeddable":true,"href":"https:\/\/www.guerini.it\/index.php\/wp-json\/wp\/v2\/media\/23907"}],"wp:attachment":[{"href":"https:\/\/www.guerini.it\/index.php\/wp-json\/wp\/v2\/media?parent=23906"}],"wp:term":[{"taxonomy":"product_brand","embeddable":true,"href":"https:\/\/www.guerini.it\/index.php\/wp-json\/wp\/v2\/product_brand?post=23906"},{"taxonomy":"product_cat","embeddable":true,"href":"https:\/\/www.guerini.it\/index.php\/wp-json\/wp\/v2\/product_cat?post=23906"},{"taxonomy":"product_tag","embeddable":true,"href":"https:\/\/www.guerini.it\/index.php\/wp-json\/wp\/v2\/product_tag?post=23906"}],"curies":[{"name":"wp","href":"https:\/\/api.w.org\/{rel}","templated":true}]}}