{"id":23952,"date":"2023-07-18T10:45:26","date_gmt":"2023-07-18T08:45:26","guid":{"rendered":"https:\/\/www.guerini.it\/?post_type=product&#038;p=23952"},"modified":"2024-06-09T20:26:00","modified_gmt":"2024-06-09T18:26:00","slug":"giustificare-il-genocidio","status":"publish","type":"product","link":"https:\/\/www.guerini.it\/index.php\/prodotto\/giustificare-il-genocidio\/","title":{"rendered":"Giustificare il Genocidio"},"content":{"rendered":"<p style=\"text-align: justify;\">Il <a href=\"https:\/\/www.guerini.it\/index.php\/prodotto\/metz-yeghern\/\">Metz Yegh\u00e9rn<\/a> (il Genocidio Armeno) e la Shoah hanno legami molto profondi. Purtroppo, per\u00f2, queste connessioni sono spesso ignorate, trascurate o silenziate.<br \/>\nLa politica estera di Bismarck e Guglielmo II, volta ad assicurare la grandezza tedesca, scelse di stringere relazioni d\u2019acciaio con l\u2019Impero ottomano, ormai in declino. Gli armeni, alla ricerca dell\u2019indipendenza dal dominio turco, divennero un problema anche per la Germania. Dal 1890 in poi, la Germania si abitu\u00f2 cos\u00ec a giustificare violenze efferate contro gli armeni, accettandole come una necessit\u00e0 politica. Dopo la Prima guerra mondiale, dopo lo sterminio degli armeni, nazionalisti tedeschi e nazisti prima negarono e poi \u00abgiustificarono\u00bb il Genocidio.<br \/>\nNessuna storia del Ventesimo secolo dovrebbe ignorare le connessioni profonde, dirette e inquietanti tra Shoah e Metz Yegh\u00e9rn, con le loro ripercussioni tutt\u2019altro che marginali sull\u2019attualit\u00e0, spesso insidiosa o tragica.<\/p>\n<hr \/>\n<p style=\"text-align: center;\"><em>Le somiglianze ideologiche tra la Germania alla fine degli anni Venti e la Turchia kemalista o l\u2019Italia mussoliniana sono sorprendenti. Scritto in uno stile vivace, equilibrato e ben documentato, questo libro alimenter\u00e0 il dibattito sulla relazione tra le violenze di massa che hanno segnato il Ventesimo secolo.<\/em><br \/>\n<strong>\u2014 Raymond K\u00e9vorkian, Universit\u00e0 di Parigi VIII<\/strong><\/p>\n<p style=\"text-align: center;\"><em>Un altro eccellente libro di Stefan Ihrig sulla connessione tedesco-turca. La storia del genocidio armeno e la sua ricezione nella Germania del dopoguerra diventano quindi una storia non turca o armena, ma tedesca, sul razzismo e sul percorso intrapreso dalla Germania nei confronti dell\u2019Olocausto.<\/em><br \/>\n<strong>\u2014 Moshe Zimmermann, Universit\u00e0 Ebraica di Gerusalemme<\/strong><\/p>\n<p style=\"text-align: center;\"><em>Stefan Ihrig ci dona un libro intelligente e di straordinaria originalit\u00e0, esponendo come il \u00abgiustificazionismo\u00bb abbia condotto a un pensiero privo di etica nei concetti di \u00absoluzioni finali\u00bb.<\/em><br \/>\n\u2014 Rolf Hosfeld, Lepsiushaus Potsdam<\/p>\n<p style=\"text-align: center;\"><em>Un importante contributo allo studio delle disposizioni tedesche verso il genocidio armeno.<\/em><br \/>\n<strong>\u2014 Yehuda Bauer, Yad Vashem<\/strong><\/p>\n<hr \/>\n<p style=\"text-align: justify;\"><strong>STEFAN IHRIG<\/strong> \u00e8 uno storico tedesco. Dirige il <a href=\"https:\/\/www.studigermanici.it\/\">Centro di studi germanici ed europei<\/a> dell\u2019Universit\u00e0 di Haifa in Israele. \u00c8 Co-editor del <em>Journal of Holocaust Research<\/em>. La sua ricerca si focalizza sulla storia europea e mediorientale. \u00c8 autore dell\u2019innovativo e importante studio <a href=\"https:\/\/www.amazon.com\/Atat%C3%BCrk-Nazi-Imagination-Stefan-Ihrig\/dp\/0674368371\"><em>Atat\u00fcrk in the Nazi Imagination<\/em><\/a> (2014).<\/p>\n<hr \/>\n<p><strong>RASSEGNA STAMPA<\/strong><\/p>\n<ul>\n<li style=\"list-style-type: none;\">\n<ul>\n<li><em><a href=\"https:\/\/guerini.mailrouter.it\/nl\/pm6aro\/hdlb73\/zbjr5b\/uf\/3\/aHR0cHM6Ly93d3cubGFzdGFtcGEuaXQvY3VsdHVyYS8yMDIzLzA3LzI4L25ld3MvYXJtZW5pX2VfZWJyZWlfZHVlX2dlbm9jaWRpX3BhcmFsbGVsaS0xMjk2ODE4Ni8?_d=86R&amp;_c=72e84749\">Armeni e ebrei, due genocidi paralleli<\/a><\/em> di Luigi Grassia,<strong> La Stampa<\/strong><\/li>\n<li><em>Gli ideatori della Shoah si ispirarono allo sterminio del popolo d&#8217;Armenia<\/em>, <strong>La Verit\u00e0<\/strong><\/li>\n<li><a href=\"https:\/\/www.mosaico-cem.it\/cultura-e-societa\/libri\/la-linea-invisibile-che-lega-la-shoah-al-genocidio-armeno\/\"><em>La linea invisibile che lega la Shoah al Genocidio armeno<\/em><\/a>, <strong>Bet Magazine Mosaico<\/strong><\/li>\n<li><em><a href=\"https:\/\/www.informazionecorretta.com\/m\/?module=site&amp;method=detail&amp;id=91067\">Dall&#8217;odio di Bismarck ai lager del Karabakh, la Shoah armena che dura da 108 anni di Antonia Arslan<\/a><\/em>, <strong>La Stampa<\/strong><\/li>\n<li><em><a href=\"https:\/\/www.lastampa.it\/editoriali\/lettere-e-idee\/2023\/08\/10\/news\/genocidio_russo_bambini_ucraini-12989742\/\">Il genocidio russo dei bambini ucraini<\/a><\/em> di Lucetta Scaraffia, <strong>La Stampa<\/strong><\/li>\n<li><a href=\"https:\/\/www.terrasanta.net\/2023\/08\/lombra-del-genocidio-armeno-sulla-storia-tedesca\/\"><em>L&#8217;ombra del Genocidio armeno sulla storia tedesca<\/em><\/a>, <strong>Terrasanta.net<\/strong><\/li>\n<li>Divi che leggono su Diva e Donna, pag. 95 n.32<\/li>\n<li><em><a href=\"https:\/\/www.ilfoglio.it\/esteri\/2023\/09\/21\/news\/cosi-lo-sterminio-turco-degli-armeni-rese-pensabile-e-realizzabile-la-shoah-un-saggio-5694103\/\">Cos\u00ec lo sterminio turco degli armeni rese pensabile e realizzabile la Shoah. Un saggio<\/a><\/em> di Alessandro Litta Modignani, <strong>Il Foglio<\/strong><\/li>\n<li><a href=\"https:\/\/www.avvenire.it\/agora\/pagine\/genocidio-armeno-turchia-le-sue-radici-sono-in-germania-stefan-ihrig\"><em>E in Germania soffi\u00f2 il vento anti-armeno<\/em><\/a> di Gianni Santamaria, <strong>Avvenire<\/strong><\/li>\n<li><a href=\"https:\/\/www.ilfoglio.it\/esteri\/2023\/10\/07\/news\/povera-armenia-sorella-orfana-dell-europa-e-sentinella-di-civilta--5752182\/\">Povera Armenia, sorella orfana dell&#8217;Europa e sentinella di civilt\u00e0<\/a>, di Giulio Meotti, <strong>Il Foglio<\/strong><\/li>\n<li><a href=\"https:\/\/www.ilsussidiario.net\/news\/nagorno-karabakh-il-piano-di-turchia-e-azerbaijan-e-impadronirsi-anche-dellarmenia\/2596240\/\">NAGORNO KARABAKH\/ \u201cIl piano di Turchia e Azerbaijan \u00e8 impadronirsi anche dell\u2019Armenia\u201d\u00a0<\/a>di Federico Ferra\u00f9, <strong>IlSussidiario.it<\/strong><\/li>\n<li><a href=\"https:\/\/www.ecodipavia.it\/2024\/02\/14\/wolfgang-h-ullrich-scrittore-psicanalista\/\">Wolfgang H. Ullrich, Scrittore, Psicoterapeuta<\/a>, di Manuela Montemezzani, <strong>L&#8217;Eco di Pavia\u00a0<\/strong><\/li>\n<\/ul>\n<\/li>\n<\/ul>\n","protected":false},"excerpt":{"rendered":"<p>Il Metz Yegh\u00e9rn (il Genocidio Armeno) e la Shoah hanno legami molto profondi. Purtroppo, per\u00f2, queste connessioni sono spesso ignorate, trascurate o silenziate. La politica estera di Bismarck e Guglielmo [&hellip;]<\/p>\n","protected":false},"featured_media":23953,"template":"","meta":{"_editorskit_title_hidden":false,"_editorskit_reading_time":0,"_editorskit_is_block_options_detached":false,"_editorskit_block_options_position":"{}","_monsterinsights_skip_tracking":false,"_monsterinsights_sitenote_active":false,"_monsterinsights_sitenote_note":"","_monsterinsights_sitenote_category":0},"product_brand":[],"product_cat":[6728,6606],"product_tag":[9703,10851,10853,10854,7487,10852],"class_list":{"0":"post-23952","1":"product","2":"type-product","3":"status-publish","4":"has-post-thumbnail","6":"product_cat-ultime_novita","7":"product_cat-fdm","8":"product_tag-genocidio","9":"product_tag-germania","10":"product_tag-giustificazionismo","11":"product_tag-negazionismo","12":"product_tag-novecento","13":"product_tag-storia-europea","14":"pa_guerini_amazon_link-https-www-amazon-it-giustificare-genocidio-stefan-ihrig-dp-8862508654","15":"pa_guerini_feltrinelli_link-https-www-lafeltrinelli-it-giustificare-genocidio-germania-armeni-ebrei-libro-stefan-ihrig-e-9788862508650","16":"pa_guerini_ibs_link-https-www-ibs-it-giustificare-genocidio-germania-armeni-ebrei-libro-stefan-ihrig-e-9788862508650","17":"pa_guerini_libruniver_link-https-www-libreriauniversitaria-it-giustificare-genocidio-germania-armeni-ebrei-libro-9788862508650","18":"pa_guerini_link_amazon-https-www-amazon-it-giustificare-genocidio-germania-armeni-bismarck-ebook-dp-b0cjdpz3z3","19":"pa_guerini_link_apple_ibook-https-books-apple-com-it-book-giustificare-il-genocidio-id6467064965","20":"pa_guerini_link_google_play-https-play-google-com-store-books-details-stefan_ihrig_giustificare_il_genocidio_la_germaniaid047xeaaaqbaj","21":"pa_guerini_link_ibs-https-www-ibs-it-giustificare-genocidio-germania-armeni-ebrei-ebook-stefan-ihrig-e-9788881954841","22":"pa_guerini_link_kobo-https-www-kobo-com-it-it-ebook-giustificare-il-genocidio","23":"pa_guerini_link_lafeltrinelli-https-www-lafeltrinelli-it-giustificare-genocidio-germania-armeni-ebrei-ebook-stefan-ihrig-e-9788881954841","24":"pa_guerini_link_mondadori-https-www-mondadoristore-it-giustificare-il-genocidio-stefan-ihrig-eai978888195484","25":"pa_guerini_mondadori_link-https-www-mondadoristore-it-giustificare-genocidio-stefan-ihrig-eai978886250865","27":"first","28":"instock","29":"sale","30":"shipping-taxable","31":"purchasable","32":"product-type-simple"},"yoast_head":"<!-- This site is optimized with the Yoast SEO plugin v25.4 - https:\/\/yoast.com\/wordpress\/plugins\/seo\/ -->\n<title>S. Ihrig, Giustificare il Genocidio | Guerini Editore<\/title>\n<meta name=\"description\" content=\"Il saggio di Stefan Ihrig, studioso tedesco esperto di storia europea e mediorientale, svela i legami profondi (e inquietanti) tra Genocidio Armeno e Shoah.\" \/>\n<meta name=\"robots\" content=\"index, follow, max-snippet:-1, max-image-preview:large, max-video-preview:-1\" \/>\n<link rel=\"canonical\" href=\"https:\/\/www.guerini.it\/index.php\/prodotto\/giustificare-il-genocidio\/\" \/>\n<meta property=\"og:locale\" content=\"it_IT\" \/>\n<meta property=\"og:type\" content=\"article\" \/>\n<meta property=\"og:title\" content=\"S. Ihrig, Giustificare il Genocidio | Guerini Editore\" \/>\n<meta property=\"og:description\" content=\"Il saggio di Stefan Ihrig, studioso tedesco esperto di storia europea e mediorientale, svela i legami profondi (e inquietanti) tra Genocidio Armeno e Shoah.\" \/>\n<meta property=\"og:url\" content=\"https:\/\/www.guerini.it\/index.php\/prodotto\/giustificare-il-genocidio\/\" \/>\n<meta property=\"og:site_name\" content=\"Guerini e Associati\" \/>\n<meta property=\"article:modified_time\" content=\"2024-06-09T18:26:00+00:00\" \/>\n<meta property=\"og:image\" content=\"https:\/\/www.guerini.it\/wp-content\/uploads\/2023\/07\/Front-Cover-GIUSTIFICARE-IL-GENOCIDIO-Ihrig-scaled.webp\" \/>\n\t<meta property=\"og:image:width\" content=\"1647\" \/>\n\t<meta property=\"og:image:height\" content=\"2560\" \/>\n\t<meta property=\"og:image:type\" content=\"image\/webp\" \/>\n<meta name=\"twitter:card\" content=\"summary_large_image\" \/>\n<meta name=\"twitter:label1\" content=\"Tempo di lettura stimato\" \/>\n\t<meta name=\"twitter:data1\" content=\"3 minuti\" \/>\n<!-- \/ Yoast SEO plugin. -->","yoast_head_json":{"title":"S. Ihrig, Giustificare il Genocidio | Guerini Editore","description":"Il saggio di Stefan Ihrig, studioso tedesco esperto di storia europea e mediorientale, svela i legami profondi (e inquietanti) tra Genocidio Armeno e Shoah.","robots":{"index":"index","follow":"follow","max-snippet":"max-snippet:-1","max-image-preview":"max-image-preview:large","max-video-preview":"max-video-preview:-1"},"canonical":"https:\/\/www.guerini.it\/index.php\/prodotto\/giustificare-il-genocidio\/","og_locale":"it_IT","og_type":"article","og_title":"S. Ihrig, Giustificare il Genocidio | Guerini Editore","og_description":"Il saggio di Stefan Ihrig, studioso tedesco esperto di storia europea e mediorientale, svela i legami profondi (e inquietanti) tra Genocidio Armeno e Shoah.","og_url":"https:\/\/www.guerini.it\/index.php\/prodotto\/giustificare-il-genocidio\/","og_site_name":"Guerini e Associati","article_modified_time":"2024-06-09T18:26:00+00:00","og_image":[{"width":1647,"height":2560,"url":"https:\/\/www.guerini.it\/wp-content\/uploads\/2023\/07\/Front-Cover-GIUSTIFICARE-IL-GENOCIDIO-Ihrig-scaled.webp","type":"image\/webp"}],"twitter_card":"summary_large_image","twitter_misc":{"Tempo di lettura stimato":"3 minuti"},"schema":{"@context":"https:\/\/schema.org","@graph":[{"@type":"WebPage","@id":"https:\/\/www.guerini.it\/index.php\/prodotto\/giustificare-il-genocidio\/","url":"https:\/\/www.guerini.it\/index.php\/prodotto\/giustificare-il-genocidio\/","name":"S. Ihrig, Giustificare il Genocidio | Guerini Editore","isPartOf":{"@id":"https:\/\/www.guerini.it\/#website"},"primaryImageOfPage":{"@id":"https:\/\/www.guerini.it\/index.php\/prodotto\/giustificare-il-genocidio\/#primaryimage"},"image":{"@id":"https:\/\/www.guerini.it\/index.php\/prodotto\/giustificare-il-genocidio\/#primaryimage"},"thumbnailUrl":"https:\/\/www.guerini.it\/wp-content\/uploads\/2023\/07\/Front-Cover-GIUSTIFICARE-IL-GENOCIDIO-Ihrig-scaled.webp","datePublished":"2023-07-18T08:45:26+00:00","dateModified":"2024-06-09T18:26:00+00:00","description":"Il saggio di Stefan Ihrig, studioso tedesco esperto di storia europea e mediorientale, svela i legami profondi (e inquietanti) tra Genocidio Armeno e Shoah.","breadcrumb":{"@id":"https:\/\/www.guerini.it\/index.php\/prodotto\/giustificare-il-genocidio\/#breadcrumb"},"inLanguage":"it-IT","potentialAction":[{"@type":"ReadAction","target":["https:\/\/www.guerini.it\/index.php\/prodotto\/giustificare-il-genocidio\/"]}]},{"@type":"ImageObject","inLanguage":"it-IT","@id":"https:\/\/www.guerini.it\/index.php\/prodotto\/giustificare-il-genocidio\/#primaryimage","url":"https:\/\/www.guerini.it\/wp-content\/uploads\/2023\/07\/Front-Cover-GIUSTIFICARE-IL-GENOCIDIO-Ihrig-scaled.webp","contentUrl":"https:\/\/www.guerini.it\/wp-content\/uploads\/2023\/07\/Front-Cover-GIUSTIFICARE-IL-GENOCIDIO-Ihrig-scaled.webp","width":1647,"height":2560,"caption":"Copertina del libro S. Ihrig, Giustificare il Genocidio, a cura di Antonio Arslan, Guerini e Associati, 2023"},{"@type":"BreadcrumbList","@id":"https:\/\/www.guerini.it\/index.php\/prodotto\/giustificare-il-genocidio\/#breadcrumb","itemListElement":[{"@type":"ListItem","position":1,"name":"Home","item":"https:\/\/www.guerini.it\/"},{"@type":"ListItem","position":2,"name":"Catalogo","item":"https:\/\/www.guerini.it\/index.php\/negozio\/"},{"@type":"ListItem","position":3,"name":"Giustificare il Genocidio"}]},{"@type":"WebSite","@id":"https:\/\/www.guerini.it\/#website","url":"https:\/\/www.guerini.it\/","name":"Guerini e Associati","description":"30 anni di libri, idee e libert\u00e0","publisher":{"@id":"https:\/\/www.guerini.it\/#organization"},"potentialAction":[{"@type":"SearchAction","target":{"@type":"EntryPoint","urlTemplate":"https:\/\/www.guerini.it\/?s={search_term_string}"},"query-input":{"@type":"PropertyValueSpecification","valueRequired":true,"valueName":"search_term_string"}}],"inLanguage":"it-IT"},{"@type":"Organization","@id":"https:\/\/www.guerini.it\/#organization","name":"Guerini e Associati","url":"https:\/\/www.guerini.it\/","logo":{"@type":"ImageObject","inLanguage":"it-IT","@id":"https:\/\/www.guerini.it\/#\/schema\/logo\/image\/","url":"https:\/\/www.guerini.it\/wp-content\/uploads\/2021\/03\/Logo-Guerini-OK_-e1615831292285.png","contentUrl":"https:\/\/www.guerini.it\/wp-content\/uploads\/2021\/03\/Logo-Guerini-OK_-e1615831292285.png","width":2805,"height":1870,"caption":"Guerini e Associati"},"image":{"@id":"https:\/\/www.guerini.it\/#\/schema\/logo\/image\/"}}]}},"_links":{"self":[{"href":"https:\/\/www.guerini.it\/index.php\/wp-json\/wp\/v2\/product\/23952","targetHints":{"allow":["GET"]}}],"collection":[{"href":"https:\/\/www.guerini.it\/index.php\/wp-json\/wp\/v2\/product"}],"about":[{"href":"https:\/\/www.guerini.it\/index.php\/wp-json\/wp\/v2\/types\/product"}],"wp:featuredmedia":[{"embeddable":true,"href":"https:\/\/www.guerini.it\/index.php\/wp-json\/wp\/v2\/media\/23953"}],"wp:attachment":[{"href":"https:\/\/www.guerini.it\/index.php\/wp-json\/wp\/v2\/media?parent=23952"}],"wp:term":[{"taxonomy":"product_brand","embeddable":true,"href":"https:\/\/www.guerini.it\/index.php\/wp-json\/wp\/v2\/product_brand?post=23952"},{"taxonomy":"product_cat","embeddable":true,"href":"https:\/\/www.guerini.it\/index.php\/wp-json\/wp\/v2\/product_cat?post=23952"},{"taxonomy":"product_tag","embeddable":true,"href":"https:\/\/www.guerini.it\/index.php\/wp-json\/wp\/v2\/product_tag?post=23952"}],"curies":[{"name":"wp","href":"https:\/\/api.w.org\/{rel}","templated":true}]}}