{"id":23984,"date":"2023-08-04T14:26:20","date_gmt":"2023-08-04T12:26:20","guid":{"rendered":"https:\/\/www.guerini.it\/?post_type=product&#038;p=23984"},"modified":"2024-06-09T20:26:01","modified_gmt":"2024-06-09T18:26:01","slug":"italia-2045","status":"publish","type":"product","link":"https:\/\/www.guerini.it\/index.php\/prodotto\/italia-2045\/","title":{"rendered":"Italia 2045"},"content":{"rendered":"<blockquote>\n<p style=\"text-align: center;\"><em>Nel 2045 saremo in meno ma pi\u00f9 felici e meno stressati.<\/em><br \/>\n<em>Culle vuote, immigrati, chi lavorer\u00e0 nel 2045? Chi pagher\u00e0 le pensioni e la sanit\u00e0? Sono i falsi allarmi di chi non vuole \u00abla transizione razionale\u00bb: 78 anni di storia con la grande accelerazione, l\u2019Antropocene e perch\u00e9 rallentare \u00e8 un bene per tutti.<\/em><\/p>\n<\/blockquote>\n<p style=\"text-align: justify;\">Siamo una societ\u00e0 a misura d\u2019uomo o una macchina al servizio dei consumi e del profitto? Stiamo superando i limiti che il pianeta ci concede? Il mito della perenne crescita \u00e8 compatibile con la preservazione della nostra casa comune, la Terra? Queste sono le domande fondamentali che tutti ci dobbiamo porre: siamo di fronte alla pi\u00f9 grande transizione demografica che l\u2019umanit\u00e0 abbia mai sperimentato, nascono meno bambini, si muore di meno e si vive pi\u00f9 a lungo. Contemporaneamente, siamo chiamati alla maggiore transizione ecologica che l\u2019uomo conosca: lo sfruttamento intensivo delle risorse naturali e animali, uno stile di vita frenetico e il surriscaldamento globale sono il prezzo da pagare (ma che stiamo ignorando) per una crescita dai ritmi insostenibili. Alberto Brambilla ripercorre la storia dei Sapiens per ripensare il futuro che ci aspetta e saldare il nostro debito verso la Terra. La risposta di una voce autorevole e fuori dal coro a interrogativi epocali su demografia, consumi e sostenibilit\u00e0.<\/p>\n<hr \/>\n<p style=\"text-align: justify;\"><strong>ALBERTO BRAMBILLA<\/strong> presiede il Centro Studi e Ricerche <a href=\"https:\/\/www.itinerariprevidenziali.it\/site\/home\/centro-studi.html\">Itinerari Previdenziali<\/a>. Gi\u00e0 presidente del Nucleo di Valutazione della Spesa Previdenziale presso il <a href=\"https:\/\/www.lavoro.gov.it\/\">Ministero del Lavoro e della Previdenza Sociale<\/a>, \u00e8 stato dal 2001 al 2006 sottosegretario di Stato al Ministero del Welfare con delega alla Previdenza Sociale, partecipando al coordinamento della riforma delle pensioni. Ha inoltre ricoperto l\u2019incarico di consigliere economico alla Presidenza del Consiglio dei ministri dal 2018 al 2020. Autore di <em>Le scomode verit\u00e0<\/em> (2020), per le nostre edizioni ha pubblicato <a href=\"https:\/\/www.guerini.it\/index.php\/prodotto\/capire-i-fondi-pensione-alberto-brambilla-guerini\/\"><em>Capire i fondi pensione<\/em><\/a> (2021) e <a href=\"https:\/\/www.guerini.it\/index.php\/prodotto\/il-consenso-a-tutti-i-costi-alberto-brambilla-guerini\/\"><em>Il consenso a tutti i costi<\/em><\/a> (2022).<\/p>\n","protected":false},"excerpt":{"rendered":"<p>Nel 2045 saremo in meno ma pi\u00f9 felici e meno stressati. Culle vuote, immigrati, chi lavorer\u00e0 nel 2045? Chi pagher\u00e0 le pensioni e la sanit\u00e0? Sono i falsi allarmi di [&hellip;]<\/p>\n","protected":false},"featured_media":23985,"template":"","meta":{"_editorskit_title_hidden":false,"_editorskit_reading_time":0,"_editorskit_is_block_options_detached":false,"_editorskit_block_options_position":"{}","_monsterinsights_skip_tracking":false,"_monsterinsights_sitenote_active":false,"_monsterinsights_sitenote_note":"","_monsterinsights_sitenote_category":0},"product_brand":[],"product_cat":[6585],"product_tag":[10915,10913,6746,10912,10914],"class_list":{"0":"post-23984","1":"product","2":"type-product","3":"status-publish","4":"has-post-thumbnail","6":"product_cat-sma","7":"product_tag-antropocene","8":"product_tag-crisi-demografica","9":"product_tag-futuro","10":"product_tag-previdenza","11":"product_tag-risorse","12":"pa_guerini_amazon_link-https-www-amazon-it-italia-2045-transizione-demografica-razionale-dp-8862508921","13":"pa_guerini_feltrinelli_link-https-www-lafeltrinelli-it-italia-2045-transizione-demografica-razionale-libro-alberto-brambilla-e-9788862508926","14":"pa_guerini_ibs_link-https-www-ibs-it-italia-2045-transizione-demografica-razionale-libro-alberto-brambilla-e-9788862508926","15":"pa_guerini_libruniver_link-https-www-libreriauniversitaria-it-italia-2045-transizione-demografica-razionale-libro-9788862508926","16":"pa_guerini_link_amazon-https-www-amazon-it-dp-b0cjhyhfft","17":"pa_guerini_link_google_play-https-play-google-com-store-books-details-alberto_brambilla_italia_2045_una_transizione_demoidqjxyeaaaqbaj","18":"pa_guerini_link_ibs-https-www-ibs-it-italia-2045-transizione-demografica-razionale-ebook-alberto-brambilla-e-9788881954834","19":"pa_guerini_link_kobo-https-www-kobo-com-it-it-ebook-italia-2045","20":"pa_guerini_link_lafeltrinelli-https-www-lafeltrinelli-it-italia-2045-transizione-demografica-razionale-ebook-alberto-brambilla-e-9788881954834","21":"pa_guerini_mondadori_link-https-www-mondadoristore-it-italia-2045-transizione-alberto-brambilla-eai978886250892","23":"first","24":"instock","25":"sale","26":"shipping-taxable","27":"purchasable","28":"product-type-simple"},"yoast_head":"<!-- This site is optimized with the Yoast SEO plugin v25.4 - https:\/\/yoast.com\/wordpress\/plugins\/seo\/ -->\n<title>A. Brambilla, Italia 2045 | Guerini Editore<\/title>\n<meta name=\"description\" content=\"In Italia 2045 Alberto Brambilla ripercorre la storia dei Sapiens per ripensare il futuro che ci aspetta e saldare il nostro debito verso la Terra.\" \/>\n<meta name=\"robots\" content=\"index, follow, max-snippet:-1, max-image-preview:large, max-video-preview:-1\" \/>\n<link rel=\"canonical\" href=\"https:\/\/www.guerini.it\/index.php\/prodotto\/italia-2045\/\" \/>\n<meta property=\"og:locale\" content=\"it_IT\" \/>\n<meta property=\"og:type\" content=\"article\" \/>\n<meta property=\"og:title\" content=\"A. Brambilla, Italia 2045 | Guerini Editore\" \/>\n<meta property=\"og:description\" content=\"In Italia 2045 Alberto Brambilla ripercorre la storia dei Sapiens per ripensare il futuro che ci aspetta e saldare il nostro debito verso la Terra.\" \/>\n<meta property=\"og:url\" content=\"https:\/\/www.guerini.it\/index.php\/prodotto\/italia-2045\/\" \/>\n<meta property=\"og:site_name\" content=\"Guerini e Associati\" \/>\n<meta property=\"article:modified_time\" content=\"2024-06-09T18:26:01+00:00\" \/>\n<meta property=\"og:image\" content=\"https:\/\/www.guerini.it\/wp-content\/uploads\/2023\/08\/Front-Cover-ITALIA-2045-Brambilla-scaled.webp\" \/>\n\t<meta property=\"og:image:width\" content=\"1647\" \/>\n\t<meta property=\"og:image:height\" content=\"2560\" \/>\n\t<meta property=\"og:image:type\" content=\"image\/webp\" \/>\n<meta name=\"twitter:card\" content=\"summary_large_image\" \/>\n<meta name=\"twitter:label1\" content=\"Tempo di lettura stimato\" \/>\n\t<meta name=\"twitter:data1\" content=\"2 minuti\" \/>\n<!-- \/ Yoast SEO plugin. -->","yoast_head_json":{"title":"A. Brambilla, Italia 2045 | Guerini Editore","description":"In Italia 2045 Alberto Brambilla ripercorre la storia dei Sapiens per ripensare il futuro che ci aspetta e saldare il nostro debito verso la Terra.","robots":{"index":"index","follow":"follow","max-snippet":"max-snippet:-1","max-image-preview":"max-image-preview:large","max-video-preview":"max-video-preview:-1"},"canonical":"https:\/\/www.guerini.it\/index.php\/prodotto\/italia-2045\/","og_locale":"it_IT","og_type":"article","og_title":"A. Brambilla, Italia 2045 | Guerini Editore","og_description":"In Italia 2045 Alberto Brambilla ripercorre la storia dei Sapiens per ripensare il futuro che ci aspetta e saldare il nostro debito verso la Terra.","og_url":"https:\/\/www.guerini.it\/index.php\/prodotto\/italia-2045\/","og_site_name":"Guerini e Associati","article_modified_time":"2024-06-09T18:26:01+00:00","og_image":[{"width":1647,"height":2560,"url":"https:\/\/www.guerini.it\/wp-content\/uploads\/2023\/08\/Front-Cover-ITALIA-2045-Brambilla-scaled.webp","type":"image\/webp"}],"twitter_card":"summary_large_image","twitter_misc":{"Tempo di lettura stimato":"2 minuti"},"schema":{"@context":"https:\/\/schema.org","@graph":[{"@type":"WebPage","@id":"https:\/\/www.guerini.it\/index.php\/prodotto\/italia-2045\/","url":"https:\/\/www.guerini.it\/index.php\/prodotto\/italia-2045\/","name":"A. Brambilla, Italia 2045 | Guerini Editore","isPartOf":{"@id":"https:\/\/www.guerini.it\/#website"},"primaryImageOfPage":{"@id":"https:\/\/www.guerini.it\/index.php\/prodotto\/italia-2045\/#primaryimage"},"image":{"@id":"https:\/\/www.guerini.it\/index.php\/prodotto\/italia-2045\/#primaryimage"},"thumbnailUrl":"https:\/\/www.guerini.it\/wp-content\/uploads\/2023\/08\/Front-Cover-ITALIA-2045-Brambilla-scaled.webp","datePublished":"2023-08-04T12:26:20+00:00","dateModified":"2024-06-09T18:26:01+00:00","description":"In Italia 2045 Alberto Brambilla ripercorre la storia dei Sapiens per ripensare il futuro che ci aspetta e saldare il nostro debito verso la Terra.","breadcrumb":{"@id":"https:\/\/www.guerini.it\/index.php\/prodotto\/italia-2045\/#breadcrumb"},"inLanguage":"it-IT","potentialAction":[{"@type":"ReadAction","target":["https:\/\/www.guerini.it\/index.php\/prodotto\/italia-2045\/"]}]},{"@type":"ImageObject","inLanguage":"it-IT","@id":"https:\/\/www.guerini.it\/index.php\/prodotto\/italia-2045\/#primaryimage","url":"https:\/\/www.guerini.it\/wp-content\/uploads\/2023\/08\/Front-Cover-ITALIA-2045-Brambilla-scaled.webp","contentUrl":"https:\/\/www.guerini.it\/wp-content\/uploads\/2023\/08\/Front-Cover-ITALIA-2045-Brambilla-scaled.webp","width":1647,"height":2560,"caption":"Copertina del libro di A. Brambilla. Italia 2045. Una transizione demografica e razionale, Guerini e Associati, 2023"},{"@type":"BreadcrumbList","@id":"https:\/\/www.guerini.it\/index.php\/prodotto\/italia-2045\/#breadcrumb","itemListElement":[{"@type":"ListItem","position":1,"name":"Home","item":"https:\/\/www.guerini.it\/"},{"@type":"ListItem","position":2,"name":"Catalogo","item":"https:\/\/www.guerini.it\/index.php\/negozio\/"},{"@type":"ListItem","position":3,"name":"Italia 2045"}]},{"@type":"WebSite","@id":"https:\/\/www.guerini.it\/#website","url":"https:\/\/www.guerini.it\/","name":"Guerini e Associati","description":"30 anni di libri, idee e libert\u00e0","publisher":{"@id":"https:\/\/www.guerini.it\/#organization"},"potentialAction":[{"@type":"SearchAction","target":{"@type":"EntryPoint","urlTemplate":"https:\/\/www.guerini.it\/?s={search_term_string}"},"query-input":{"@type":"PropertyValueSpecification","valueRequired":true,"valueName":"search_term_string"}}],"inLanguage":"it-IT"},{"@type":"Organization","@id":"https:\/\/www.guerini.it\/#organization","name":"Guerini e Associati","url":"https:\/\/www.guerini.it\/","logo":{"@type":"ImageObject","inLanguage":"it-IT","@id":"https:\/\/www.guerini.it\/#\/schema\/logo\/image\/","url":"https:\/\/www.guerini.it\/wp-content\/uploads\/2021\/03\/Logo-Guerini-OK_-e1615831292285.png","contentUrl":"https:\/\/www.guerini.it\/wp-content\/uploads\/2021\/03\/Logo-Guerini-OK_-e1615831292285.png","width":2805,"height":1870,"caption":"Guerini e Associati"},"image":{"@id":"https:\/\/www.guerini.it\/#\/schema\/logo\/image\/"}}]}},"_links":{"self":[{"href":"https:\/\/www.guerini.it\/index.php\/wp-json\/wp\/v2\/product\/23984","targetHints":{"allow":["GET"]}}],"collection":[{"href":"https:\/\/www.guerini.it\/index.php\/wp-json\/wp\/v2\/product"}],"about":[{"href":"https:\/\/www.guerini.it\/index.php\/wp-json\/wp\/v2\/types\/product"}],"wp:featuredmedia":[{"embeddable":true,"href":"https:\/\/www.guerini.it\/index.php\/wp-json\/wp\/v2\/media\/23985"}],"wp:attachment":[{"href":"https:\/\/www.guerini.it\/index.php\/wp-json\/wp\/v2\/media?parent=23984"}],"wp:term":[{"taxonomy":"product_brand","embeddable":true,"href":"https:\/\/www.guerini.it\/index.php\/wp-json\/wp\/v2\/product_brand?post=23984"},{"taxonomy":"product_cat","embeddable":true,"href":"https:\/\/www.guerini.it\/index.php\/wp-json\/wp\/v2\/product_cat?post=23984"},{"taxonomy":"product_tag","embeddable":true,"href":"https:\/\/www.guerini.it\/index.php\/wp-json\/wp\/v2\/product_tag?post=23984"}],"curies":[{"name":"wp","href":"https:\/\/api.w.org\/{rel}","templated":true}]}}