{"id":26002,"date":"2025-12-09T13:13:05","date_gmt":"2025-12-09T12:13:05","guid":{"rendered":"https:\/\/www.guerini.it\/?post_type=product&#038;p=26002"},"modified":"2026-01-19T15:30:05","modified_gmt":"2026-01-19T14:30:05","slug":"complessita-e-liberta-nei-sistemi-sanitari","status":"publish","type":"product","link":"https:\/\/www.guerini.it\/index.php\/prodotto\/complessita-e-liberta-nei-sistemi-sanitari\/","title":{"rendered":"Complessit\u00e0 e libert\u00e0 nei sistemi sanitari"},"content":{"rendered":"<p style=\"text-align: justify;\">I sistemi sanitari vivono grandi difficolt\u00e0 a livello globale e non solo in Italia. La loro complessit\u00e0 li accomuna indipendentemente dai modelli organizzativi e tuttavia non \u00e8 quasi mai messa a tema tra gli attori della sanit\u00e0, professionisti o manager, curanti o pazienti. Scrive Zamagni nella prefazione: \u00abIl tema affrontato \u00e8 duplice. Per un verso, la presa d\u2019atto che quello sanitario \u00e8 un sistema complesso e non gi\u00e0 complicato. Per l\u2019altro verso, la esplicitazione delle conseguenze di ordine pratico, soprattutto di tipo organizzativo, che discendono da una tale presa d\u2019atto\u00bb. Attraverso contributi di professionisti e studiosi \u2013 non necessariamente sanitari \u2013 il testo cerca di delineare le caratteristiche della complessit\u00e0, affrontandone le implicazioni nei sistemi di tutela della salute, con particolare sottolineatura degli atteggiamenti culturali riduzionisti e delle ricadute organizzative che ne ostacolano un affronto adeguato. L\u2019inefficienza e il malumore diffuso sono esito e testimonianza di questa riduzione. Questo libro \u00e8 rivolto a chiunque lavori in ambito sanitario perch\u00e9 la complessit\u00e0, come una matrioska o come un frattale, si ripete in modo autosimilare in ogni dimensione: tocca la relazione di cura, l\u2019atteggiamento epistemologico nelle conoscenze biologiche, l\u2019affronto organizzativo delle problematiche e il management, a ogni livello.<\/p>\n<hr \/>\n<p style=\"text-align: justify;\"><strong>Giorgio Bordin<\/strong>, presidente dell\u2019associazione Medicina e Persona, \u00e8 medico internista e reumatologo, attivo sia nella clinica sia nella direzione ospedaliera. Ha affiancato alla professione medica un\u2019intensa riflessione sul rapporto tra medicina e arte, con progetti espositivi e pubblicazioni.<\/p>\n","protected":false},"excerpt":{"rendered":"<p>I sistemi sanitari vivono grandi difficolt\u00e0 a livello globale e non solo in Italia. La loro complessit\u00e0 li accomuna indipendentemente dai modelli organizzativi e tuttavia non \u00e8 quasi mai messa [&hellip;]<\/p>\n","protected":false},"featured_media":26003,"template":"","meta":{"_editorskit_title_hidden":false,"_editorskit_reading_time":0,"_editorskit_is_block_options_detached":false,"_editorskit_block_options_position":"{}","_monsterinsights_skip_tracking":false,"_monsterinsights_sitenote_active":false,"_monsterinsights_sitenote_note":"","_monsterinsights_sitenote_category":0},"product_brand":[],"product_cat":[6728,6617],"product_tag":[10560,13258,6940,13257,13256],"class_list":{"0":"post-26002","1":"product","2":"type-product","3":"status-publish","4":"has-post-thumbnail","6":"product_cat-ultime_novita","7":"product_cat-bc","8":"product_tag-complessita","9":"product_tag-management-sanitario","10":"product_tag-organizzazione-sanitaria","11":"product_tag-relazioni-di-cura","12":"product_tag-sistemi-sanitari","13":"pa_guerini_amazon_link-https-www-amazon-it-complessit-libert-sanitari-crepuscolo-post-moderno-dp-8862509774","14":"pa_guerini_feltrinelli_link-https-www-lafeltrinelli-it-complessita-liberta-nei-sistemi-sanitari-libro-vari-e-9788862509770","15":"pa_guerini_ibs_link-https-www-ibs-it-complessita-liberta-nei-sistemi-sanitari-libro-vari-e-9788862509770","16":"pa_guerini_libruniver_link-https-www-libreriauniversitaria-it-complessita-liberta-sistemi-sanitari-crepuscolo-libro-9788862509770","17":"pa_guerini_mondadori_link-https-www-mondadoristore-it-complessita-e-liberta-nei-sistemi-sanitari-al-crepuscolo-del-mondo-postmoderno-libro-p-9788862509770","19":"first","20":"instock","21":"sale","22":"shipping-taxable","23":"purchasable","24":"product-type-simple"},"yoast_head":"<!-- This site is optimized with the Yoast SEO plugin v25.4 - https:\/\/yoast.com\/wordpress\/plugins\/seo\/ -->\n<title>Complessit\u00e0 e libert\u00e0 nei sistemi sanitari, a cura di G. Bordin - Guerini e Associati<\/title>\n<meta name=\"description\" content=\"Attraverso contributi di professionisti e studiosi, il testo cerca di delineare le caratteristiche della complessit\u00e0, affrontandone le implicazioni nei sistemi di tutela della salute.\" \/>\n<meta name=\"robots\" content=\"index, follow, max-snippet:-1, max-image-preview:large, max-video-preview:-1\" \/>\n<link rel=\"canonical\" href=\"https:\/\/www.guerini.it\/index.php\/prodotto\/complessita-e-liberta-nei-sistemi-sanitari\/\" \/>\n<meta property=\"og:locale\" content=\"it_IT\" \/>\n<meta property=\"og:type\" content=\"article\" \/>\n<meta property=\"og:title\" content=\"Complessit\u00e0 e libert\u00e0 nei sistemi sanitari, a cura di G. Bordin - Guerini e Associati\" \/>\n<meta property=\"og:description\" content=\"Attraverso contributi di professionisti e studiosi, il testo cerca di delineare le caratteristiche della complessit\u00e0, affrontandone le implicazioni nei sistemi di tutela della salute.\" \/>\n<meta property=\"og:url\" content=\"https:\/\/www.guerini.it\/index.php\/prodotto\/complessita-e-liberta-nei-sistemi-sanitari\/\" \/>\n<meta property=\"og:site_name\" content=\"Guerini e Associati\" \/>\n<meta property=\"article:modified_time\" content=\"2026-01-19T14:30:05+00:00\" \/>\n<meta property=\"og:image\" content=\"https:\/\/www.guerini.it\/wp-content\/uploads\/2025\/12\/COMPLESSITa-E-LIBERTa-NEI-SISTEMI-SANITARI_9788862509770.webp\" \/>\n\t<meta property=\"og:image:width\" content=\"643\" \/>\n\t<meta property=\"og:image:height\" content=\"1000\" \/>\n\t<meta property=\"og:image:type\" content=\"image\/webp\" \/>\n<meta name=\"twitter:card\" content=\"summary_large_image\" \/>\n<meta name=\"twitter:label1\" content=\"Tempo di lettura stimato\" \/>\n\t<meta name=\"twitter:data1\" content=\"2 minuti\" \/>\n<!-- \/ Yoast SEO plugin. -->","yoast_head_json":{"title":"Complessit\u00e0 e libert\u00e0 nei sistemi sanitari, a cura di G. Bordin - Guerini e Associati","description":"Attraverso contributi di professionisti e studiosi, il testo cerca di delineare le caratteristiche della complessit\u00e0, affrontandone le implicazioni nei sistemi di tutela della salute.","robots":{"index":"index","follow":"follow","max-snippet":"max-snippet:-1","max-image-preview":"max-image-preview:large","max-video-preview":"max-video-preview:-1"},"canonical":"https:\/\/www.guerini.it\/index.php\/prodotto\/complessita-e-liberta-nei-sistemi-sanitari\/","og_locale":"it_IT","og_type":"article","og_title":"Complessit\u00e0 e libert\u00e0 nei sistemi sanitari, a cura di G. Bordin - Guerini e Associati","og_description":"Attraverso contributi di professionisti e studiosi, il testo cerca di delineare le caratteristiche della complessit\u00e0, affrontandone le implicazioni nei sistemi di tutela della salute.","og_url":"https:\/\/www.guerini.it\/index.php\/prodotto\/complessita-e-liberta-nei-sistemi-sanitari\/","og_site_name":"Guerini e Associati","article_modified_time":"2026-01-19T14:30:05+00:00","og_image":[{"width":643,"height":1000,"url":"https:\/\/www.guerini.it\/wp-content\/uploads\/2025\/12\/COMPLESSITa-E-LIBERTa-NEI-SISTEMI-SANITARI_9788862509770.webp","type":"image\/webp"}],"twitter_card":"summary_large_image","twitter_misc":{"Tempo di lettura stimato":"2 minuti"},"schema":{"@context":"https:\/\/schema.org","@graph":[{"@type":"WebPage","@id":"https:\/\/www.guerini.it\/index.php\/prodotto\/complessita-e-liberta-nei-sistemi-sanitari\/","url":"https:\/\/www.guerini.it\/index.php\/prodotto\/complessita-e-liberta-nei-sistemi-sanitari\/","name":"Complessit\u00e0 e libert\u00e0 nei sistemi sanitari, a cura di G. Bordin - Guerini e Associati","isPartOf":{"@id":"https:\/\/www.guerini.it\/#website"},"primaryImageOfPage":{"@id":"https:\/\/www.guerini.it\/index.php\/prodotto\/complessita-e-liberta-nei-sistemi-sanitari\/#primaryimage"},"image":{"@id":"https:\/\/www.guerini.it\/index.php\/prodotto\/complessita-e-liberta-nei-sistemi-sanitari\/#primaryimage"},"thumbnailUrl":"https:\/\/www.guerini.it\/wp-content\/uploads\/2025\/12\/COMPLESSITa-E-LIBERTa-NEI-SISTEMI-SANITARI_9788862509770.webp","datePublished":"2025-12-09T12:13:05+00:00","dateModified":"2026-01-19T14:30:05+00:00","description":"Attraverso contributi di professionisti e studiosi, il testo cerca di delineare le caratteristiche della complessit\u00e0, affrontandone le implicazioni nei sistemi di tutela della salute.","breadcrumb":{"@id":"https:\/\/www.guerini.it\/index.php\/prodotto\/complessita-e-liberta-nei-sistemi-sanitari\/#breadcrumb"},"inLanguage":"it-IT","potentialAction":[{"@type":"ReadAction","target":["https:\/\/www.guerini.it\/index.php\/prodotto\/complessita-e-liberta-nei-sistemi-sanitari\/"]}]},{"@type":"ImageObject","inLanguage":"it-IT","@id":"https:\/\/www.guerini.it\/index.php\/prodotto\/complessita-e-liberta-nei-sistemi-sanitari\/#primaryimage","url":"https:\/\/www.guerini.it\/wp-content\/uploads\/2025\/12\/COMPLESSITa-E-LIBERTa-NEI-SISTEMI-SANITARI_9788862509770.webp","contentUrl":"https:\/\/www.guerini.it\/wp-content\/uploads\/2025\/12\/COMPLESSITa-E-LIBERTa-NEI-SISTEMI-SANITARI_9788862509770.webp","width":643,"height":1000,"caption":"Front Cover di Complessit\u00e0 e libert\u00e0 nei sistemi sanitari, a cura di G. Bordin, Guerini e Associati, 2026"},{"@type":"BreadcrumbList","@id":"https:\/\/www.guerini.it\/index.php\/prodotto\/complessita-e-liberta-nei-sistemi-sanitari\/#breadcrumb","itemListElement":[{"@type":"ListItem","position":1,"name":"Home","item":"https:\/\/www.guerini.it\/"},{"@type":"ListItem","position":2,"name":"Catalogo","item":"https:\/\/www.guerini.it\/index.php\/negozio\/"},{"@type":"ListItem","position":3,"name":"Complessit\u00e0 e libert\u00e0 nei sistemi sanitari"}]},{"@type":"WebSite","@id":"https:\/\/www.guerini.it\/#website","url":"https:\/\/www.guerini.it\/","name":"Guerini e Associati","description":"30 anni di libri, idee e libert\u00e0","publisher":{"@id":"https:\/\/www.guerini.it\/#organization"},"potentialAction":[{"@type":"SearchAction","target":{"@type":"EntryPoint","urlTemplate":"https:\/\/www.guerini.it\/?s={search_term_string}"},"query-input":{"@type":"PropertyValueSpecification","valueRequired":true,"valueName":"search_term_string"}}],"inLanguage":"it-IT"},{"@type":"Organization","@id":"https:\/\/www.guerini.it\/#organization","name":"Guerini e Associati","url":"https:\/\/www.guerini.it\/","logo":{"@type":"ImageObject","inLanguage":"it-IT","@id":"https:\/\/www.guerini.it\/#\/schema\/logo\/image\/","url":"https:\/\/www.guerini.it\/wp-content\/uploads\/2021\/03\/Logo-Guerini-OK_-e1615831292285.png","contentUrl":"https:\/\/www.guerini.it\/wp-content\/uploads\/2021\/03\/Logo-Guerini-OK_-e1615831292285.png","width":2805,"height":1870,"caption":"Guerini e Associati"},"image":{"@id":"https:\/\/www.guerini.it\/#\/schema\/logo\/image\/"}}]}},"_links":{"self":[{"href":"https:\/\/www.guerini.it\/index.php\/wp-json\/wp\/v2\/product\/26002","targetHints":{"allow":["GET"]}}],"collection":[{"href":"https:\/\/www.guerini.it\/index.php\/wp-json\/wp\/v2\/product"}],"about":[{"href":"https:\/\/www.guerini.it\/index.php\/wp-json\/wp\/v2\/types\/product"}],"wp:featuredmedia":[{"embeddable":true,"href":"https:\/\/www.guerini.it\/index.php\/wp-json\/wp\/v2\/media\/26003"}],"wp:attachment":[{"href":"https:\/\/www.guerini.it\/index.php\/wp-json\/wp\/v2\/media?parent=26002"}],"wp:term":[{"taxonomy":"product_brand","embeddable":true,"href":"https:\/\/www.guerini.it\/index.php\/wp-json\/wp\/v2\/product_brand?post=26002"},{"taxonomy":"product_cat","embeddable":true,"href":"https:\/\/www.guerini.it\/index.php\/wp-json\/wp\/v2\/product_cat?post=26002"},{"taxonomy":"product_tag","embeddable":true,"href":"https:\/\/www.guerini.it\/index.php\/wp-json\/wp\/v2\/product_tag?post=26002"}],"curies":[{"name":"wp","href":"https:\/\/api.w.org\/{rel}","templated":true}]}}